{"id":2600,"date":"2018-06-21T12:10:29","date_gmt":"2018-06-21T12:10:29","guid":{"rendered":"https:\/\/www.businessandarts.org\/learn-what-audiences-need\/learn-what-audiences-need-impact\/"},"modified":"2018-08-29T18:46:45","modified_gmt":"2018-08-29T18:46:45","slug":"impact","status":"publish","type":"page","link":"https:\/\/www.businessandarts.org\/fr\/culture-track-canada\/impact\/","title":{"rendered":"Impact"},"content":{"rendered":"<link rel=\"stylesheet\" href=\"https:\/\/www.businessandarts.org\/wp-content\/themes\/businessforthearts\/css\/magnific-popup.css\">\n<div class=\"news-archive\">\n<div class=\"member-outer outer-main-div\">\n\t<div class=\"container\">\n\t            <div class=\"news-arcieve-row\">\n            \t\t\t\t<article id=\"post-13118\" class=\"post-13118 news type-news status-publish has-post-thumbnail hentry news_category-blog-fr news_category-impact-fr news_category-news-fr\">\n\t\t\t\t\t<div class=\"text-outer-sec clearfix\">\n\t\t\t\t\t\t<div class=\"left-side-area\">\n\t\t\t\t\t\t\t<div class=\"image-section\">\n\t\t\t\t\t\t\t\t<img loading=\"lazy\" decoding=\"async\" class=\"img-responsive\" src=\"https:\/\/www.businessandarts.org\/wp-content\/uploads\/bfi_thumb\/artsvest-FR-3cisbjjltao9b492pj60p6.png\" alt=\"\" width=\"375\" height=\"260\" \/>\t\t\t\t\t\t\t<\/div>\n\t\t\t\t\t\t<\/div>\n\t\t\t\t\t\t<div class=\"right-side-area\">\n\t\t\t\t\t\t\t<div class=\"inner-text-area\">\n\t\t\t\t\t\t\t\t<h2 class=\"the_titlee-sec\"><a href=\"https:\/\/www.businessandarts.org\/fr\/blog\/lannonce-des-organisations-participantes-au-programme-artsvest-2021\/\" title=\"L&#8217;annonce des organisations participantes au programme artsvest 2021 !\">L&#8217;annonce des organisati...<\/a><\/h2>\n\t\t\t\t\t\t\t\t<div class=\"desc\"><b>Affaires \/ Arts est ravi de pr\u00e9senter les organisations participantes au programme artsvest 2021.\u00a0\u00a0<\/b>\r\n\r\n<span style=\"font-weight: 400;\">artsvest est le programme principal de mentorat et de formation des Affaires \/ Arts et permet de d\u00e9velopper la capacit\u00e9 du secteur culturel canadien. artsvest offre aux organisations artistiques, culturelles et <span>patrimoniales<\/span> de petite et moyenne...<\/div>\n\t\t\t\t\t\t\t\t<h3 class=\"section-title\">avril 15, 2021<\/h3>\n                                                                <h3 class=\"section-title cat-name\"> Cat\u00e9gorie : \n\t\t\t\t\t\t\t\t                               \t<a href=\"https:\/\/www.businessandarts.org\/fr\/news-category\/blog-fr\/\">Blog, <\/a>\n                                                               \t<a href=\"https:\/\/www.businessandarts.org\/fr\/news-category\/impact-fr\/\">impact, <\/a>\n                                                               \t<a href=\"https:\/\/www.businessandarts.org\/fr\/news-category\/news-fr\/\">Nouvelles, <\/a>\n                                 \n\t\t\t\t\t\t\t\t<\/h3>\n\t\t\t\t\t\t\t\t\t\t\t\t\t\t\t\t<div class=\"read-more\"><a href=\"https:\/\/www.businessandarts.org\/fr\/blog\/lannonce-des-organisations-participantes-au-programme-artsvest-2021\/\" title=\"Lire la suite\" class=\"btn-typ1\">Lire la suite<\/a><\/div>\n\t\t\t\t\t\t\t<\/div>\n\t\t\t\t\t\t<\/div>\n\t\t\t\t\t<\/div>\n\t\t\t\t\t<!-- .post-entry -->\n\t\t\t\t\t\n<div class=\"post-data\">\n\t\n\t<div class=\"entry-meta\">\n\t\t\t<\/div><!-- .entry-meta -->\n<\/div><!-- .post-data -->\t\t\t\t\t\t\t\t\t<\/article>\n\t\t\t\t\t\t\t\t<article id=\"post-12502\" class=\"post-12502 news type-news status-publish has-post-thumbnail hentry news_category-blog-fr news_category-impact-fr news_category-news-fr\">\n\t\t\t\t\t<div class=\"text-outer-sec clearfix\">\n\t\t\t\t\t\t<div class=\"left-side-area\">\n\t\t\t\t\t\t\t<div class=\"image-section\">\n\t\t\t\t\t\t\t\t<img loading=\"lazy\" decoding=\"async\" class=\"img-responsive\" src=\"https:\/\/www.businessandarts.org\/wp-content\/uploads\/bfi_thumb\/artsvest-FR-3cisbjjltao9b492pj60p6.png\" alt=\"\" width=\"375\" height=\"260\" \/>\t\t\t\t\t\t\t<\/div>\n\t\t\t\t\t\t<\/div>\n\t\t\t\t\t\t<div class=\"right-side-area\">\n\t\t\t\t\t\t\t<div class=\"inner-text-area\">\n\t\t\t\t\t\t\t\t<h2 class=\"the_titlee-sec\"><a href=\"https:\/\/www.businessandarts.org\/fr\/blog\/artsvest-lancement-national-2021\/\" title=\"artsvest : lancement national 2021\">artsvest : lancement national ...<\/a><\/h2>\n\t\t\t\t\t\t\t\t<div class=\"desc\"><p class=\"variable-font\">Affaires \/ Arts est ravi d\u2019annoncer le lancement du programme artsvest 2021. Avec le soutien continu du Patrimoine canadien et de nos bailleurs de fonds r\u00e9gionaux, des s\u00e9ances d\u2019information virtuelles pour le second volet du programme artsvest se tiendront en f\u00e9vrier 2021.<\/p>\r\n<p class=\"variable-font\">Le programme artsvest est compos\u00e9 de fonds de contrepartie et de for...<\/div>\n\t\t\t\t\t\t\t\t<h3 class=\"section-title\">janvier 22, 2021<\/h3>\n                                                                <h3 class=\"section-title cat-name\"> Cat\u00e9gorie : \n\t\t\t\t\t\t\t\t                               \t<a href=\"https:\/\/www.businessandarts.org\/fr\/news-category\/blog-fr\/\">Blog, <\/a>\n                                                               \t<a href=\"https:\/\/www.businessandarts.org\/fr\/news-category\/impact-fr\/\">impact, <\/a>\n                                                               \t<a href=\"https:\/\/www.businessandarts.org\/fr\/news-category\/news-fr\/\">Nouvelles, <\/a>\n                                 \n\t\t\t\t\t\t\t\t<\/h3>\n\t\t\t\t\t\t\t\t\t\t\t\t\t\t\t\t<div class=\"read-more\"><a href=\"https:\/\/www.businessandarts.org\/fr\/blog\/artsvest-lancement-national-2021\/\" title=\"Lire la suite\" class=\"btn-typ1\">Lire la suite<\/a><\/div>\n\t\t\t\t\t\t\t<\/div>\n\t\t\t\t\t\t<\/div>\n\t\t\t\t\t<\/div>\n\t\t\t\t\t<!-- .post-entry -->\n\t\t\t\t\t\n<div class=\"post-data\">\n\t\n\t<div class=\"entry-meta\">\n\t\t\t<\/div><!-- .entry-meta -->\n<\/div><!-- .post-data -->\t\t\t\t\t\t\t\t\t<\/article>\n\t\t\t\t\t\t\t\t<article id=\"post-12364\" class=\"post-12364 news type-news status-publish has-post-thumbnail hentry news_category-blog-fr news_category-impact-fr news_category-news-fr\">\n\t\t\t\t\t<div class=\"text-outer-sec clearfix\">\n\t\t\t\t\t\t<div class=\"left-side-area\">\n\t\t\t\t\t\t\t<div class=\"image-section\">\n\t\t\t\t\t\t\t\t<img loading=\"lazy\" decoding=\"async\" class=\"img-responsive\" src=\"https:\/\/www.businessandarts.org\/wp-content\/uploads\/bfi_thumb\/artsvest-splash-e1618454975484-3d2nsujplci0o36vgi0v7u.png\" alt=\"\" width=\"375\" height=\"260\" \/>\t\t\t\t\t\t\t<\/div>\n\t\t\t\t\t\t<\/div>\n\t\t\t\t\t\t<div class=\"right-side-area\">\n\t\t\t\t\t\t\t<div class=\"inner-text-area\">\n\t\t\t\t\t\t\t\t<h2 class=\"the_titlee-sec\"><a href=\"https:\/\/www.businessandarts.org\/fr\/blog\/artsvest-termine-son-programme-2019-2020\/\" title=\"artsvest termine son programme 2019\/2020\">artsvest termine son programme...<\/a><\/h2>\n\t\t\t\t\t\t\t\t<div class=\"desc\">Comme nous le savons, la pand\u00e9mie de COVID-19 a eu un impact profond sur le secteur des arts du Canada dont les cons\u00e9quences se feront sentir encore longtemps. Au cours de cette p\u00e9riode difficile, la capacit\u00e9 des arts \u00e0 rassembler les individus et les communaut\u00e9s n\u2019a jamais \u00e9t\u00e9 aussi importante et n\u00e9cessaire.\r\n\r\nC\u2019est pourquoi Affaires \/ Arts est ravi de c\u00e9l\u00e9brer les r\u00e9sultats extraordi...<\/div>\n\t\t\t\t\t\t\t\t<h3 class=\"section-title\">d\u00e9cembre 14, 2020<\/h3>\n                                                                <h3 class=\"section-title cat-name\"> Cat\u00e9gorie : \n\t\t\t\t\t\t\t\t                               \t<a href=\"https:\/\/www.businessandarts.org\/fr\/news-category\/blog-fr\/\">Blog, <\/a>\n                                                               \t<a href=\"https:\/\/www.businessandarts.org\/fr\/news-category\/impact-fr\/\">impact, <\/a>\n                                                               \t<a href=\"https:\/\/www.businessandarts.org\/fr\/news-category\/news-fr\/\">Nouvelles, <\/a>\n                                 \n\t\t\t\t\t\t\t\t<\/h3>\n\t\t\t\t\t\t\t\t\t\t\t\t\t\t\t\t<div class=\"read-more\"><a href=\"https:\/\/www.businessandarts.org\/fr\/blog\/artsvest-termine-son-programme-2019-2020\/\" title=\"Lire la suite\" class=\"btn-typ1\">Lire la suite<\/a><\/div>\n\t\t\t\t\t\t\t<\/div>\n\t\t\t\t\t\t<\/div>\n\t\t\t\t\t<\/div>\n\t\t\t\t\t<!-- .post-entry -->\n\t\t\t\t\t\n<div class=\"post-data\">\n\t\n\t<div class=\"entry-meta\">\n\t\t\t<\/div><!-- .entry-meta -->\n<\/div><!-- .post-data -->\t\t\t\t\t\t\t\t\t<\/article>\n\t\t\t\t\t\t\t\t<article id=\"post-12214\" class=\"post-12214 news type-news status-publish has-post-thumbnail hentry news_category-blog-fr news_category-impact-fr news_category-news-fr news_category-culture-track-fr\">\n\t\t\t\t\t<div class=\"text-outer-sec clearfix\">\n\t\t\t\t\t\t<div class=\"left-side-area\">\n\t\t\t\t\t\t\t<div class=\"image-section\">\n\t\t\t\t\t\t\t\t<img loading=\"lazy\" decoding=\"async\" class=\"img-responsive\" src=\"https:\/\/www.businessandarts.org\/wp-content\/uploads\/bfi_thumb\/ART-Blog-3brc89ea4wndqkpfcu18ne.png\" alt=\"\" width=\"375\" height=\"260\" \/>\t\t\t\t\t\t\t<\/div>\n\t\t\t\t\t\t<\/div>\n\t\t\t\t\t\t<div class=\"right-side-area\">\n\t\t\t\t\t\t\t<div class=\"inner-text-area\">\n\t\t\t\t\t\t\t\t<h2 class=\"the_titlee-sec\"><a href=\"https:\/\/www.businessandarts.org\/fr\/blog\/quand-les-canadiens-seront-ils-prets-a-revenir-vers-les-arts\/\" title=\"Quand les Canadiens seront-ils pr\u00eats \u00e0 revenir vers les arts?\">Quand les Canadiens seront-ils...<\/a><\/h2>\n\t\t\t\t\t\t\t\t<div class=\"desc\"><span style=\"font-weight: 400;\">Rejoignez-nous et<\/span> <span style=\"font-weight: 400;\">participez \u00e0 une conversation avec Nik Nanos, chef des donn\u00e9es scientifiques et fondateur de Nanos Research. <\/span><span style=\"font-weight: 400;\">Nik partagera les r\u00e9sultats du r\u00e9cent Arts Response Tracking Survey (ARTS), une enqu\u00eate de suivi sur la r\u00e9ponse des arts, en partenariat avec Affaires \/ Arts, le ...<\/div>\n\t\t\t\t\t\t\t\t<h3 class=\"section-title\">septembre 23, 2020<\/h3>\n                                                                <h3 class=\"section-title cat-name\"> Cat\u00e9gorie : \n\t\t\t\t\t\t\t\t                               \t<a href=\"https:\/\/www.businessandarts.org\/fr\/news-category\/blog-fr\/\">Blog, <\/a>\n                                                               \t<a href=\"https:\/\/www.businessandarts.org\/fr\/news-category\/impact-fr\/\">impact, <\/a>\n                                                               \t<a href=\"https:\/\/www.businessandarts.org\/fr\/news-category\/news-fr\/\">Nouvelles, <\/a>\n                                                               \t<a href=\"https:\/\/www.businessandarts.org\/fr\/news-category\/culture-track-fr\/\">piste de culture, <\/a>\n                                 \n\t\t\t\t\t\t\t\t<\/h3>\n\t\t\t\t\t\t\t\t\t\t\t\t\t\t\t\t<div class=\"read-more\"><a href=\"https:\/\/www.businessandarts.org\/fr\/blog\/quand-les-canadiens-seront-ils-prets-a-revenir-vers-les-arts\/\" title=\"Lire la suite\" class=\"btn-typ1\">Lire la suite<\/a><\/div>\n\t\t\t\t\t\t\t<\/div>\n\t\t\t\t\t\t<\/div>\n\t\t\t\t\t<\/div>\n\t\t\t\t\t<!-- .post-entry -->\n\t\t\t\t\t\n<div class=\"post-data\">\n\t\n\t<div class=\"entry-meta\">\n\t\t\t<\/div><!-- .entry-meta -->\n<\/div><!-- .post-data -->\t\t\t\t\t\t\t\t\t<\/article>\n\t\t\t\t\t\t\t\t<article id=\"post-12072\" class=\"post-12072 news type-news status-publish has-post-thumbnail hentry news_category-blog-fr news_category-impact-fr\">\n\t\t\t\t\t<div class=\"text-outer-sec clearfix\">\n\t\t\t\t\t\t<div class=\"left-side-area\">\n\t\t\t\t\t\t\t<div class=\"image-section\">\n\t\t\t\t\t\t\t\t<img loading=\"lazy\" decoding=\"async\" class=\"img-responsive\" src=\"https:\/\/www.businessandarts.org\/wp-content\/uploads\/bfi_thumb\/Board-Governance-in-the-Time-of-COVID.00_00_02_02.Still001-3b7aq0aaug2pi6lmzpdudm.jpg\" alt=\"\" width=\"375\" height=\"260\" \/>\t\t\t\t\t\t\t<\/div>\n\t\t\t\t\t\t<\/div>\n\t\t\t\t\t\t<div class=\"right-side-area\">\n\t\t\t\t\t\t\t<div class=\"inner-text-area\">\n\t\t\t\t\t\t\t\t<h2 class=\"the_titlee-sec\"><a href=\"https:\/\/www.businessandarts.org\/fr\/blog\/board-governance-during-covid-19\/\" title=\"l&#8217;art de la gouvernance de conseil d&#8217;administration en p\u00e9riode de COVID-19\">l&#8217;art de la gouvernance ...<\/a><\/h2>\n\t\t\t\t\t\t\t\t<div class=\"desc\"><span>Dans des circonstances normales, la bonne gouvernance peut s'av\u00e9rer compliqu\u00e9e et n\u00e9cessite un \u00e9quilibre d\u00e9licat entre la surveillance op\u00e9rationnelle, la vision strat\u00e9gique et la passion envers la mission. Lors d'une crise, cela se complique encore plus. COVID-19 a eu des r\u00e9percussions sur la mani\u00e8re dont les conseils d'administration et les gestionnaires prennent des d\u00e9cisions. Les r\u00e9...<\/div>\n\t\t\t\t\t\t\t\t<h3 class=\"section-title\">juin 29, 2020<\/h3>\n                                                                <h3 class=\"section-title cat-name\"> Cat\u00e9gorie : \n\t\t\t\t\t\t\t\t                               \t<a href=\"https:\/\/www.businessandarts.org\/fr\/news-category\/blog-fr\/\">Blog, <\/a>\n                                                               \t<a href=\"https:\/\/www.businessandarts.org\/fr\/news-category\/impact-fr\/\">impact, <\/a>\n                                 \n\t\t\t\t\t\t\t\t<\/h3>\n\t\t\t\t\t\t\t\t\t\t\t\t\t\t\t\t<div class=\"read-more\"><a href=\"https:\/\/www.businessandarts.org\/fr\/blog\/board-governance-during-covid-19\/\" title=\"Lire la suite\" class=\"btn-typ1\">Lire la suite<\/a><\/div>\n\t\t\t\t\t\t\t<\/div>\n\t\t\t\t\t\t<\/div>\n\t\t\t\t\t<\/div>\n\t\t\t\t\t<!-- .post-entry -->\n\t\t\t\t\t\n<div class=\"post-data\">\n\t\n\t<div class=\"entry-meta\">\n\t\t\t<\/div><!-- .entry-meta -->\n<\/div><!-- .post-data -->\t\t\t\t\t\t\t\t\t<\/article>\n\t\t\t\t\t\t\t\t<article id=\"post-11022\" class=\"post-11022 news type-news status-publish hentry news_category-blog-fr news_category-news-fr news_category-culture-track-fr\">\n\t\t\t\t\t<div class=\"text-outer-sec clearfix\">\n\t\t\t\t\t\t<div class=\"left-side-area\">\n\t\t\t\t\t\t\t<div class=\"image-section\">\n\t\t\t\t\t\t\t\t<img loading=\"lazy\" decoding=\"async\" class=\"img-responsive\" src=\"https:\/\/www.businessandarts.org\/wp-content\/uploads\/bfi_thumb\/no-image-36q8amf6p5jp7l2apz6a6i.jpg\" alt=\"\" width=\"375\" height=\"260\" \/>\t\t\t\t\t\t\t<\/div>\n\t\t\t\t\t\t<\/div>\n\t\t\t\t\t\t<div class=\"right-side-area\">\n\t\t\t\t\t\t\t<div class=\"inner-text-area\">\n\t\t\t\t\t\t\t\t<h2 class=\"the_titlee-sec\"><a href=\"https:\/\/www.businessandarts.org\/fr\/blog\/le-rapport-de-lontario\/\" title=\"Le rapport de l&#8217;Ontario\">Le rapport de l&#8217;Ontario<\/a><\/h2>\n\t\t\t\t\t\t\t\t<div class=\"desc\"><p class=\"p2\"><span class=\"s1\"><b>Le sentiment d\u2019appartenance et l\u2019empathie sont des facteurs essentiels \u00e0 la participation \u00e0 des \u00e9v\u00e9nements artistiques en Ontario<\/b><\/span><\/p>\r\n<p class=\"p3\"><span class=\"s1\"><b><i>L\u2019un des points importants \u00e0 retenir de l\u2019\u00e9tude rendue publique aujourd'hui sur la consommation culturelle en Ontario <\/i><\/b><\/span><\/p>\r\n<p class=\"p4\"><span class=\"s2\"><b>T...<\/div>\n\t\t\t\t\t\t\t\t<h3 class=\"section-title\">novembre 27, 2019<\/h3>\n                                                                <h3 class=\"section-title cat-name\"> Cat\u00e9gorie : \n\t\t\t\t\t\t\t\t                               \t<a href=\"https:\/\/www.businessandarts.org\/fr\/news-category\/blog-fr\/\">Blog, <\/a>\n                                                               \t<a href=\"https:\/\/www.businessandarts.org\/fr\/news-category\/news-fr\/\">Nouvelles, <\/a>\n                                                               \t<a href=\"https:\/\/www.businessandarts.org\/fr\/news-category\/culture-track-fr\/\">piste de culture, <\/a>\n                                 \n\t\t\t\t\t\t\t\t<\/h3>\n\t\t\t\t\t\t\t\t\t\t\t\t\t\t\t\t<div class=\"read-more\"><a href=\"https:\/\/www.businessandarts.org\/fr\/blog\/le-rapport-de-lontario\/\" title=\"Lire la suite\" class=\"btn-typ1\">Lire la suite<\/a><\/div>\n\t\t\t\t\t\t\t<\/div>\n\t\t\t\t\t\t<\/div>\n\t\t\t\t\t<\/div>\n\t\t\t\t\t<!-- .post-entry -->\n\t\t\t\t\t\n<div class=\"post-data\">\n\t\n\t<div class=\"entry-meta\">\n\t\t\t<\/div><!-- .entry-meta -->\n<\/div><!-- .post-data -->\t\t\t\t\t\t\t\t\t<\/article>\n\t\t\t\t\t\t\t\t<article id=\"post-11002\" class=\"post-11002 news type-news status-publish has-post-thumbnail hentry news_category-blog-fr news_category-impact-fr\">\n\t\t\t\t\t<div class=\"text-outer-sec clearfix\">\n\t\t\t\t\t\t<div class=\"left-side-area\">\n\t\t\t\t\t\t\t<div class=\"image-section\">\n\t\t\t\t\t\t\t\t<img loading=\"lazy\" decoding=\"async\" class=\"img-responsive\" src=\"https:\/\/www.businessandarts.org\/wp-content\/uploads\/bfi_thumb\/artsvest-38j7fdltb24jztaly0uy2y.png\" alt=\"\" width=\"375\" height=\"260\" \/>\t\t\t\t\t\t\t<\/div>\n\t\t\t\t\t\t<\/div>\n\t\t\t\t\t\t<div class=\"right-side-area\">\n\t\t\t\t\t\t\t<div class=\"inner-text-area\">\n\t\t\t\t\t\t\t\t<h2 class=\"the_titlee-sec\"><a href=\"https:\/\/www.businessandarts.org\/fr\/blog\/artsvest-a-national-roll-out\/\" title=\"artsvest : lancement national\">artsvest : lancement national<\/a><\/h2>\n\t\t\t\t\t\t\t\t<div class=\"desc\"><p class=\"p1\"><span class=\"s1\">Lanc\u00e9 en 2005, artsvest est un programme national de fonds d\u2019encouragement, de mentorat et de formation offert par Affaires \/ Arts aux petites et moyennes organisations artistiques et culturelles au Canada. Depuis 14 ans, 1833 organisations ont particip\u00e9 au programme artsvest et ont \u00e9tabli 4878 partenariats avec des entreprises, collectant 21,19 millions de dollars e...<\/div>\n\t\t\t\t\t\t\t\t<h3 class=\"section-title\">novembre 21, 2019<\/h3>\n                                                                <h3 class=\"section-title cat-name\"> Cat\u00e9gorie : \n\t\t\t\t\t\t\t\t                               \t<a href=\"https:\/\/www.businessandarts.org\/fr\/news-category\/blog-fr\/\">Blog, <\/a>\n                                                               \t<a href=\"https:\/\/www.businessandarts.org\/fr\/news-category\/impact-fr\/\">impact, <\/a>\n                                 \n\t\t\t\t\t\t\t\t<\/h3>\n\t\t\t\t\t\t\t\t\t\t\t\t\t\t\t\t<div class=\"read-more\"><a href=\"https:\/\/www.businessandarts.org\/fr\/blog\/artsvest-a-national-roll-out\/\" title=\"Lire la suite\" class=\"btn-typ1\">Lire la suite<\/a><\/div>\n\t\t\t\t\t\t\t<\/div>\n\t\t\t\t\t\t<\/div>\n\t\t\t\t\t<\/div>\n\t\t\t\t\t<!-- .post-entry -->\n\t\t\t\t\t\n<div class=\"post-data\">\n\t\n\t<div class=\"entry-meta\">\n\t\t\t<\/div><!-- .entry-meta -->\n<\/div><!-- .post-data -->\t\t\t\t\t\t\t\t\t<\/article>\n\t\t\t\t\t\t\t\t<article id=\"post-9512\" class=\"post-9512 news type-news status-publish has-post-thumbnail hentry news_category-blog-fr news_category-culture-track-fr\">\n\t\t\t\t\t<div class=\"text-outer-sec clearfix\">\n\t\t\t\t\t\t<div class=\"left-side-area\">\n\t\t\t\t\t\t\t<div class=\"image-section\">\n\t\t\t\t\t\t\t\t<img loading=\"lazy\" decoding=\"async\" class=\"img-responsive\" src=\"https:\/\/www.businessandarts.org\/wp-content\/uploads\/bfi_thumb\/Link-1-1080-371pumgn64kgwn269elbm2.jpg\" alt=\"\" width=\"375\" height=\"260\" \/>\t\t\t\t\t\t\t<\/div>\n\t\t\t\t\t\t<\/div>\n\t\t\t\t\t\t<div class=\"right-side-area\">\n\t\t\t\t\t\t\t<div class=\"inner-text-area\">\n\t\t\t\t\t\t\t\t<h2 class=\"the_titlee-sec\"><a href=\"https:\/\/www.businessandarts.org\/fr\/blog\/culture-track-canada\/\" title=\"Culture Track: Canada\">Culture Track: Canada<\/a><\/h2>\n\t\t\t\t\t\t\t\t<div class=\"desc\"><span>Business \/ Arts released the findings of Culture Track: Canada,\u00a0the first study\u00a0of its kind in more than two decades, which looks\u00a0at how Canadians define and interact with the arts. Based on interviews with more than 6,400 culture-goers from coast-to-coast, this landmark research offers critical insight into audience behaviour\u00a0to help arts organizations, businesses and government navigate the...<\/div>\n\t\t\t\t\t\t\t\t<h3 class=\"section-title\">septembre 25, 2018<\/h3>\n                                                                <h3 class=\"section-title cat-name\"> Cat\u00e9gorie : \n\t\t\t\t\t\t\t\t                               \t<a href=\"https:\/\/www.businessandarts.org\/fr\/news-category\/blog-fr\/\">Blog, <\/a>\n                                                               \t<a href=\"https:\/\/www.businessandarts.org\/fr\/news-category\/culture-track-fr\/\">piste de culture, <\/a>\n                                 \n\t\t\t\t\t\t\t\t<\/h3>\n\t\t\t\t\t\t\t\t\t\t\t\t\t\t\t\t<div class=\"read-more\"><a href=\"https:\/\/www.businessandarts.org\/fr\/blog\/culture-track-canada\/\" title=\"Lire la suite\" class=\"btn-typ1\">Lire la suite<\/a><\/div>\n\t\t\t\t\t\t\t<\/div>\n\t\t\t\t\t\t<\/div>\n\t\t\t\t\t<\/div>\n\t\t\t\t\t<!-- .post-entry -->\n\t\t\t\t\t\n<div class=\"post-data\">\n\t\n\t<div class=\"entry-meta\">\n\t\t\t<\/div><!-- .entry-meta -->\n<\/div><!-- .post-data -->\t\t\t\t\t\t\t\t\t<\/article>\n\t\t\t\t            <\/div>\n\t\t\t\t<\/div>\n<\/div>\n<\/div>\n<script src=\"https:\/\/www.businessandarts.org\/wp-content\/themes\/businessforthearts\/js\/jquery.magnific-popup.js\"><\/script>\n<script type=\"text\/javascript\">\njQuery(document).ready(function($){\n\tjQuery('.open-popup-link').magnificPopup({\n\t\ttype:'inline',\n\t\tmidClick: true\n\t});\n});\n<\/script>\n","protected":false},"excerpt":{"rendered":"","protected":false},"author":1,"featured_media":0,"parent":2598,"menu_order":0,"comment_status":"closed","ping_status":"closed","template":"page-templates\/nosidebar-withtopmenu.php","meta":{"_acf_changed":false,"footnotes":""},"class_list":["post-2600","page","type-page","status-publish","hentry"],"acf":[],"yoast_head":"<!-- This site is optimized with the Yoast SEO plugin v23.7 - https:\/\/yoast.com\/wordpress\/plugins\/seo\/ -->\n<title>Impact - Business \/ Arts<\/title>\n<meta name=\"robots\" content=\"index, follow, max-snippet:-1, max-image-preview:large, max-video-preview:-1\" \/>\n<link rel=\"canonical\" href=\"https:\/\/www.businessandarts.org\/fr\/culture-track-canada\/impact\/\" \/>\n<meta property=\"og:locale\" content=\"fr_FR\" \/>\n<meta property=\"og:type\" content=\"article\" \/>\n<meta property=\"og:title\" content=\"Impact - Business \/ Arts\" \/>\n<meta property=\"og:url\" content=\"https:\/\/www.businessandarts.org\/fr\/culture-track-canada\/impact\/\" \/>\n<meta property=\"og:site_name\" content=\"Business \/ Arts\" \/>\n<meta property=\"article:modified_time\" content=\"2018-08-29T18:46:45+00:00\" \/>\n<meta name=\"twitter:card\" content=\"summary_large_image\" \/>\n<script type=\"application\/ld+json\" class=\"yoast-schema-graph\">{\"@context\":\"https:\/\/schema.org\",\"@graph\":[{\"@type\":\"WebPage\",\"@id\":\"https:\/\/www.businessandarts.org\/fr\/culture-track-canada\/impact\/\",\"url\":\"https:\/\/www.businessandarts.org\/fr\/culture-track-canada\/impact\/\",\"name\":\"Impact - Business \/ Arts\",\"isPartOf\":{\"@id\":\"https:\/\/www.businessandarts.org\/#website\"},\"datePublished\":\"2018-06-21T12:10:29+00:00\",\"dateModified\":\"2018-08-29T18:46:45+00:00\",\"breadcrumb\":{\"@id\":\"https:\/\/www.businessandarts.org\/fr\/culture-track-canada\/impact\/#breadcrumb\"},\"inLanguage\":\"fr-FR\",\"potentialAction\":[{\"@type\":\"ReadAction\",\"target\":[\"https:\/\/www.businessandarts.org\/fr\/culture-track-canada\/impact\/\"]}]},{\"@type\":\"BreadcrumbList\",\"@id\":\"https:\/\/www.businessandarts.org\/fr\/culture-track-canada\/impact\/#breadcrumb\",\"itemListElement\":[{\"@type\":\"ListItem\",\"position\":1,\"name\":\"Home\",\"item\":\"https:\/\/www.businessandarts.org\/fr\/\"},{\"@type\":\"ListItem\",\"position\":2,\"name\":\"Culture Track: Canada\",\"item\":\"https:\/\/www.businessandarts.org\/fr\/culture-track-canada\/\"},{\"@type\":\"ListItem\",\"position\":3,\"name\":\"Impact\"}]},{\"@type\":\"WebSite\",\"@id\":\"https:\/\/www.businessandarts.org\/#website\",\"url\":\"https:\/\/www.businessandarts.org\/\",\"name\":\"Business \/ Arts\",\"description\":\"\",\"potentialAction\":[{\"@type\":\"SearchAction\",\"target\":{\"@type\":\"EntryPoint\",\"urlTemplate\":\"https:\/\/www.businessandarts.org\/?s={search_term_string}\"},\"query-input\":{\"@type\":\"PropertyValueSpecification\",\"valueRequired\":true,\"valueName\":\"search_term_string\"}}],\"inLanguage\":\"fr-FR\"}]}<\/script>\n<!-- \/ Yoast SEO plugin. -->","yoast_head_json":{"title":"Impact - Business \/ Arts","robots":{"index":"index","follow":"follow","max-snippet":"max-snippet:-1","max-image-preview":"max-image-preview:large","max-video-preview":"max-video-preview:-1"},"canonical":"https:\/\/www.businessandarts.org\/fr\/culture-track-canada\/impact\/","og_locale":"fr_FR","og_type":"article","og_title":"Impact - Business \/ Arts","og_url":"https:\/\/www.businessandarts.org\/fr\/culture-track-canada\/impact\/","og_site_name":"Business \/ Arts","article_modified_time":"2018-08-29T18:46:45+00:00","twitter_card":"summary_large_image","schema":{"@context":"https:\/\/schema.org","@graph":[{"@type":"WebPage","@id":"https:\/\/www.businessandarts.org\/fr\/culture-track-canada\/impact\/","url":"https:\/\/www.businessandarts.org\/fr\/culture-track-canada\/impact\/","name":"Impact - Business \/ Arts","isPartOf":{"@id":"https:\/\/www.businessandarts.org\/#website"},"datePublished":"2018-06-21T12:10:29+00:00","dateModified":"2018-08-29T18:46:45+00:00","breadcrumb":{"@id":"https:\/\/www.businessandarts.org\/fr\/culture-track-canada\/impact\/#breadcrumb"},"inLanguage":"fr-FR","potentialAction":[{"@type":"ReadAction","target":["https:\/\/www.businessandarts.org\/fr\/culture-track-canada\/impact\/"]}]},{"@type":"BreadcrumbList","@id":"https:\/\/www.businessandarts.org\/fr\/culture-track-canada\/impact\/#breadcrumb","itemListElement":[{"@type":"ListItem","position":1,"name":"Home","item":"https:\/\/www.businessandarts.org\/fr\/"},{"@type":"ListItem","position":2,"name":"Culture Track: Canada","item":"https:\/\/www.businessandarts.org\/fr\/culture-track-canada\/"},{"@type":"ListItem","position":3,"name":"Impact"}]},{"@type":"WebSite","@id":"https:\/\/www.businessandarts.org\/#website","url":"https:\/\/www.businessandarts.org\/","name":"Business \/ Arts","description":"","potentialAction":[{"@type":"SearchAction","target":{"@type":"EntryPoint","urlTemplate":"https:\/\/www.businessandarts.org\/?s={search_term_string}"},"query-input":{"@type":"PropertyValueSpecification","valueRequired":true,"valueName":"search_term_string"}}],"inLanguage":"fr-FR"}]}},"_links":{"self":[{"href":"https:\/\/www.businessandarts.org\/fr\/wp-json\/wp\/v2\/pages\/2600","targetHints":{"allow":["GET"]}}],"collection":[{"href":"https:\/\/www.businessandarts.org\/fr\/wp-json\/wp\/v2\/pages"}],"about":[{"href":"https:\/\/www.businessandarts.org\/fr\/wp-json\/wp\/v2\/types\/page"}],"author":[{"embeddable":true,"href":"https:\/\/www.businessandarts.org\/fr\/wp-json\/wp\/v2\/users\/1"}],"replies":[{"embeddable":true,"href":"https:\/\/www.businessandarts.org\/fr\/wp-json\/wp\/v2\/comments?post=2600"}],"version-history":[{"count":0,"href":"https:\/\/www.businessandarts.org\/fr\/wp-json\/wp\/v2\/pages\/2600\/revisions"}],"up":[{"embeddable":true,"href":"https:\/\/www.businessandarts.org\/fr\/wp-json\/wp\/v2\/pages\/2598"}],"wp:attachment":[{"href":"https:\/\/www.businessandarts.org\/fr\/wp-json\/wp\/v2\/media?parent=2600"}],"curies":[{"name":"wp","href":"https:\/\/api.w.org\/{rel}","templated":true}]}}