{"id":2541,"date":"2018-06-19T10:32:58","date_gmt":"2018-06-19T10:32:58","guid":{"rendered":"https:\/\/www.businessandarts.org\/faq-canadian-arts-summit\/"},"modified":"2024-03-15T16:39:30","modified_gmt":"2024-03-15T16:39:30","slug":"faq-canadian-arts-summit","status":"publish","type":"page","link":"https:\/\/www.businessandarts.org\/fr\/faq-canadian-arts-summit\/","title":{"rendered":"Foire aux Questions &#8211; Le Sommet canadien des arts"},"content":{"rendered":"<div class=\"faq-section-1\">\n\t\t<div class=\"faq1\">\n\t\t\t<div class=\"faq-typ1\">\n\t\t\t\t\t\t\t\t<div class=\"faq-box-1\">\n\t\t\t\t\t<div id=\"su-post-3076\" class=\"su-post \">\n\t\t\t\t\t\t<div class=\"faq-item\">\n\t\t\t\t\t\t\t<div class=\"faq-title\">\n\t\t\t\t\t\t\t\tQu\u2019est-ce que le Sommet canadien des arts ?                                <span class=\"plus-minus\">&nbsp;<\/span>\n\t\t\t\t\t\t\t<\/div>\n\t\t\t\t\t\t\t<div class=\"faq-content\">\n\t\t\t\t\t\t\t\t<p>Le Sommet canadien des arts est une organisation virtuelle fond\u00e9e en 1998 par Les affaires pour arts et le Centre Banff pour les arts. Chaque ann\u00e9e au d\u00e9but du mois d\u2019avril, le Sommet organise un forum national de leadership. Il r\u00e9unit les dirigeants, directeurs artistiques et pr\u00e9sidents des conseils d\u2019administration des principales institutions culturelles canadiennes \u00e0 but non-lucratif : des orchestres symphoniques, des th\u00e9\u00e2tres, des maisons d\u2019op\u00e9ra, des compagnies de ballet, des mus\u00e9es d\u2019art et des sites patrimoniaux, ainsi que d\u2019autres acteurs cl\u00e9s ayant un int\u00e9r\u00eat direct \u00e0 encourager et maintenir le dynamisme de l\u2019\u00e9cosyst\u00e8me artistique au Canada. Le Sommet est fond\u00e9 sur la certitude que ce sont les participants qui donnent vie \u00e0 sa mission. C\u2019est pourquoi, depuis son lancement, le Sommet est un weekend de rencontres et un r\u00e9seau dynamique de leaders artistiques qui collaborent tout au long de l\u2019ann\u00e9e.<\/p>\n\t\t\t\t\t\t\t\t\t\t\t\t\t\t\t<\/div>\n\t\t\t\t\t\t<\/div>\n\t\t\t\t\t<\/div>\n\t\t\t\t<\/div>\n\t\t\t\t\t\t\t\t<div class=\"faq-box-1\">\n\t\t\t\t\t<div id=\"su-post-3070\" class=\"su-post \">\n\t\t\t\t\t\t<div class=\"faq-item\">\n\t\t\t\t\t\t\t<div class=\"faq-title\">\n\t\t\t\t\t\t\t\tQuelle est la mission du Sommet ?                                <span class=\"plus-minus\">&nbsp;<\/span>\n\t\t\t\t\t\t\t<\/div>\n\t\t\t\t\t\t\t<div class=\"faq-content\">\n\t\t\t\t\t\t\t\t<p>La mission du Sommet canadien des arts est d\u2019encourager tous les Canadiens \u00e0 s\u2019investir de fa\u00e7on significative dans les arts:<\/p>\n<p>a) cr\u00e9ant un forum o\u00f9 les leaders institutionnels du secteur des arts et de la culture peuvent se rencontrer, \u00e9changer des id\u00e9es, partager les meilleures pratiques et collaborer<br \/>\nb) dirigeant des interactions et des initiatives qui contribuent strat\u00e9giquement \u00e0 l&#8217;avancement des questions cl\u00e9s dans le secteur des arts et de la culture<br \/>\nc) promouvoir les avantages des arts et de la culture aupr\u00e8s du gouvernement, des entreprises et du grand public<\/p>\n\t\t\t\t\t\t\t\t\t\t\t\t\t\t\t<\/div>\n\t\t\t\t\t\t<\/div>\n\t\t\t\t\t<\/div>\n\t\t\t\t<\/div>\n\t\t\t\t\t\t\t\t<div class=\"faq-box-1\">\n\t\t\t\t\t<div id=\"su-post-3071\" class=\"su-post \">\n\t\t\t\t\t\t<div class=\"faq-item\">\n\t\t\t\t\t\t\t<div class=\"faq-title\">\n\t\t\t\t\t\t\t\tComment le Sommet fonctionne-t-il ?                                <span class=\"plus-minus\">&nbsp;<\/span>\n\t\t\t\t\t\t\t<\/div>\n\t\t\t\t\t\t\t<div class=\"faq-content\">\n\t\t\t\t\t\t\t\t<p>Le Sommet fonctionne comme un partenariat entre Affaires \/ Arts et le Banff Centre. Les activit\u00e9s du Sommet sont guid\u00e9es par un comit\u00e9 directeur compos\u00e9 de d\u00e9l\u00e9gu\u00e9s et coordonn\u00e9es par un secr\u00e9tariat, actuellement Affaires \/ Arts.<\/p>\n\t\t\t\t\t\t\t\t\t\t\t\t\t\t\t<\/div>\n\t\t\t\t\t\t<\/div>\n\t\t\t\t\t<\/div>\n\t\t\t\t<\/div>\n\t\t\t\t\t\t\t\t<div class=\"faq-box-1\">\n\t\t\t\t\t<div id=\"su-post-3073\" class=\"su-post \">\n\t\t\t\t\t\t<div class=\"faq-item\">\n\t\t\t\t\t\t\t<div class=\"faq-title\">\n\t\t\t\t\t\t\t\tQui sont les participants au Sommet ?                                <span class=\"plus-minus\">&nbsp;<\/span>\n\t\t\t\t\t\t\t<\/div>\n\t\t\t\t\t\t\t<div class=\"faq-content\">\n\t\t\t\t\t\t\t\t<p>Le Sommet ne fonctionne pas avec une structure d&#8217;adh\u00e9sion formelle. Les parties prenantes du Sommet comprennent les organisations qui r\u00e9pondent \u00e0 un ensemble de crit\u00e8res de qualification. En g\u00e9n\u00e9ral, les d\u00e9l\u00e9gu\u00e9s comprennent les principaux repr\u00e9sentants artistiques, ex\u00e9cutifs et du conseil d&#8217;administration d&#8217;organismes artistiques et culturels caritatifs financ\u00e9s par le gouvernement et dont le budget d&#8217;exploitation annuel est de 3 millions de dollars et plus. Les organismes repr\u00e9sentent les arts du spectacle, les arts visuels, le cin\u00e9ma, les mus\u00e9es, les lieux de production et les festivals. Parfois, des exceptions sont faites.<\/p>\n\t\t\t\t\t\t\t\t\t\t\t\t\t\t\t<\/div>\n\t\t\t\t\t\t<\/div>\n\t\t\t\t\t<\/div>\n\t\t\t\t<\/div>\n\t\t\t\t\t\t\t\t<div class=\"faq-box-1\">\n\t\t\t\t\t<div id=\"su-post-3074\" class=\"su-post \">\n\t\t\t\t\t\t<div class=\"faq-item\">\n\t\t\t\t\t\t\t<div class=\"faq-title\">\n\t\t\t\t\t\t\t\tQuelles sont les activit\u00e9s men\u00e9es par le Sommet ?                                <span class=\"plus-minus\">&nbsp;<\/span>\n\t\t\t\t\t\t\t<\/div>\n\t\t\t\t\t\t\t<div class=\"faq-content\">\n\t\t\t\t\t\t\t\t<p>Les activit\u00e9s principales du Sommet sont l\u2019organisation du Sommet annuel et les initiatives de sensibilisation men\u00e9es au nom de ses participants. De temps en temps, le Sommet peut entreprendre des projets sp\u00e9ciaux comme par exemple la recherche.<\/p>\n\t\t\t\t\t\t\t\t\t\t\t\t\t\t\t<\/div>\n\t\t\t\t\t\t<\/div>\n\t\t\t\t\t<\/div>\n\t\t\t\t<\/div>\n\t\t\t\t\t\t\t\t<div class=\"faq-box-1\">\n\t\t\t\t\t<div id=\"su-post-3081\" class=\"su-post \">\n\t\t\t\t\t\t<div class=\"faq-item\">\n\t\t\t\t\t\t\t<div class=\"faq-title\">\n\t\t\t\t\t\t\t\tLes r\u00e9sum\u00e9s du Sommet seront-ils disponibles au public ?                                <span class=\"plus-minus\">&nbsp;<\/span>\n\t\t\t\t\t\t\t<\/div>\n\t\t\t\t\t\t\t<div class=\"faq-content\">\n\t\t\t\t\t\t\t\t<p><span>Chaque ann\u00e9e, un rapport est r\u00e9dig\u00e9 \u00e0 la suite du Sommet canadien des arts. Il contient les points saillants de la programmation, les activit\u00e9s de plaidoyer et les principales conclusions de la rencontre. Le rapport est distribu\u00e9 \u00e0 tous les d\u00e9l\u00e9gu\u00e9s du Sommet et est mis \u00e0 la disposition du public. <\/span><a href=\"\/?page_id=2628\">Acc\u00e9dez aux rapports ici.<\/a><\/p>\n\t\t\t\t\t\t\t\t\t\t\t\t\t\t\t<\/div>\n\t\t\t\t\t\t<\/div>\n\t\t\t\t\t<\/div>\n\t\t\t\t<\/div>\n\t\t\t\t\t\t\t\t<div class=\"faq-box-1\">\n\t\t\t\t\t<div id=\"su-post-3583\" class=\"su-post \">\n\t\t\t\t\t\t<div class=\"faq-item\">\n\t\t\t\t\t\t\t<div class=\"faq-title\">\n\t\t\t\t\t\t\t\tComment puis-je m\u2019inscrire au Sommet ?                                <span class=\"plus-minus\">&nbsp;<\/span>\n\t\t\t\t\t\t\t<\/div>\n\t\t\t\t\t\t\t<div class=\"faq-content\">\n\t\t\t\t\t\t\t\t<p>Les inscriptions sont faites en ligne sur le site web www.canadianartssummit.com. Elles sont g\u00e9n\u00e9ralement ouvertes en janvier. Comme le Sommet est un \u00e9v\u00e8nement auquel on ne peut assister que sur invitation, vous devez recevoir une invitation et un code sp\u00e9cial pour pouvoir vous inscrire en ligne. Les invitations ne peuvent pas \u00eatre transf\u00e9r\u00e9es.<\/p>\n\t\t\t\t\t\t\t\t\t\t\t\t\t\t\t<\/div>\n\t\t\t\t\t\t<\/div>\n\t\t\t\t\t<\/div>\n\t\t\t\t<\/div>\n\t\t\t\t\t\t\t<\/div>\n\t\t<\/div>\n<\/div>\n<script type=\"text\/javascript\">\njQuery(document).ready(function($){\nvar allPanels = jQuery('.faq-content').hide();\njQuery(\".faq-section-1 .faq-box-1:first-child .faq-item\").addClass(\"faq_open\");\njQuery(\".faq-section-1 .faq-box-1:first-child .faq-content\").addClass(\"active\");\njQuery(\".faq-section-1 .faq-box-1:first-child .faq-content\").css(\"display\",\"block\");\t\n\tjQuery('.faq-title').click(function() {\n\t\tvar $this = jQuery(this);\n\t\tvar $target =  $this.next('.faq-content');\n\t\tjQuery('.faq-item').removeClass('faq_open');\n\t\tjQuery(this).parent('.faq-item').addClass('faq_open');\n\t\tif(!$target.hasClass('active')){\n\t\t\tallPanels.removeClass('active').slideUp();\n\t\t\t$target.addClass('active').slideDown();\n\t\t} else {\n\t\t\t$target.removeClass('active').slideUp();\n\t\t\tjQuery('.faq-item').removeClass('faq_open');\n\t\t}\n\t\treturn false;\n\t});\n});\n\n<\/script>\n","protected":false},"excerpt":{"rendered":"","protected":false},"author":1,"featured_media":0,"parent":0,"menu_order":0,"comment_status":"closed","ping_status":"closed","template":"page-templates\/sidebar-withtopmenu.php","meta":{"_acf_changed":false,"footnotes":""},"class_list":["post-2541","page","type-page","status-publish","hentry"],"acf":[],"yoast_head":"<!-- This site is optimized with the Yoast SEO plugin v23.7 - https:\/\/yoast.com\/wordpress\/plugins\/seo\/ -->\n<title>Foire aux Questions - Le Sommet canadien des arts - Business \/ Arts<\/title>\n<meta name=\"robots\" content=\"index, follow, max-snippet:-1, max-image-preview:large, max-video-preview:-1\" \/>\n<link rel=\"canonical\" href=\"https:\/\/www.businessandarts.org\/fr\/faq-canadian-arts-summit\/\" \/>\n<meta property=\"og:locale\" content=\"fr_FR\" \/>\n<meta property=\"og:type\" content=\"article\" \/>\n<meta property=\"og:title\" content=\"Foire aux Questions - Le Sommet canadien des arts - Business \/ Arts\" \/>\n<meta property=\"og:url\" content=\"https:\/\/www.businessandarts.org\/fr\/faq-canadian-arts-summit\/\" \/>\n<meta property=\"og:site_name\" content=\"Business \/ Arts\" \/>\n<meta property=\"article:modified_time\" content=\"2024-03-15T16:39:30+00:00\" \/>\n<meta name=\"twitter:card\" content=\"summary_large_image\" \/>\n<script type=\"application\/ld+json\" class=\"yoast-schema-graph\">{\"@context\":\"https:\/\/schema.org\",\"@graph\":[{\"@type\":\"WebPage\",\"@id\":\"https:\/\/www.businessandarts.org\/fr\/faq-canadian-arts-summit\/\",\"url\":\"https:\/\/www.businessandarts.org\/fr\/faq-canadian-arts-summit\/\",\"name\":\"Foire aux Questions - Le Sommet canadien des arts - Business \/ Arts\",\"isPartOf\":{\"@id\":\"https:\/\/www.businessandarts.org\/#website\"},\"datePublished\":\"2018-06-19T10:32:58+00:00\",\"dateModified\":\"2024-03-15T16:39:30+00:00\",\"breadcrumb\":{\"@id\":\"https:\/\/www.businessandarts.org\/fr\/faq-canadian-arts-summit\/#breadcrumb\"},\"inLanguage\":\"fr-FR\",\"potentialAction\":[{\"@type\":\"ReadAction\",\"target\":[\"https:\/\/www.businessandarts.org\/fr\/faq-canadian-arts-summit\/\"]}]},{\"@type\":\"BreadcrumbList\",\"@id\":\"https:\/\/www.businessandarts.org\/fr\/faq-canadian-arts-summit\/#breadcrumb\",\"itemListElement\":[{\"@type\":\"ListItem\",\"position\":1,\"name\":\"Home\",\"item\":\"https:\/\/www.businessandarts.org\/fr\/\"},{\"@type\":\"ListItem\",\"position\":2,\"name\":\"Foire aux Questions &#8211; Le Sommet canadien des arts\"}]},{\"@type\":\"WebSite\",\"@id\":\"https:\/\/www.businessandarts.org\/#website\",\"url\":\"https:\/\/www.businessandarts.org\/\",\"name\":\"Business \/ Arts\",\"description\":\"\",\"potentialAction\":[{\"@type\":\"SearchAction\",\"target\":{\"@type\":\"EntryPoint\",\"urlTemplate\":\"https:\/\/www.businessandarts.org\/?s={search_term_string}\"},\"query-input\":{\"@type\":\"PropertyValueSpecification\",\"valueRequired\":true,\"valueName\":\"search_term_string\"}}],\"inLanguage\":\"fr-FR\"}]}<\/script>\n<!-- \/ Yoast SEO plugin. -->","yoast_head_json":{"title":"Foire aux Questions - Le Sommet canadien des arts - Business \/ Arts","robots":{"index":"index","follow":"follow","max-snippet":"max-snippet:-1","max-image-preview":"max-image-preview:large","max-video-preview":"max-video-preview:-1"},"canonical":"https:\/\/www.businessandarts.org\/fr\/faq-canadian-arts-summit\/","og_locale":"fr_FR","og_type":"article","og_title":"Foire aux Questions - Le Sommet canadien des arts - Business \/ Arts","og_url":"https:\/\/www.businessandarts.org\/fr\/faq-canadian-arts-summit\/","og_site_name":"Business \/ Arts","article_modified_time":"2024-03-15T16:39:30+00:00","twitter_card":"summary_large_image","schema":{"@context":"https:\/\/schema.org","@graph":[{"@type":"WebPage","@id":"https:\/\/www.businessandarts.org\/fr\/faq-canadian-arts-summit\/","url":"https:\/\/www.businessandarts.org\/fr\/faq-canadian-arts-summit\/","name":"Foire aux Questions - Le Sommet canadien des arts - Business \/ Arts","isPartOf":{"@id":"https:\/\/www.businessandarts.org\/#website"},"datePublished":"2018-06-19T10:32:58+00:00","dateModified":"2024-03-15T16:39:30+00:00","breadcrumb":{"@id":"https:\/\/www.businessandarts.org\/fr\/faq-canadian-arts-summit\/#breadcrumb"},"inLanguage":"fr-FR","potentialAction":[{"@type":"ReadAction","target":["https:\/\/www.businessandarts.org\/fr\/faq-canadian-arts-summit\/"]}]},{"@type":"BreadcrumbList","@id":"https:\/\/www.businessandarts.org\/fr\/faq-canadian-arts-summit\/#breadcrumb","itemListElement":[{"@type":"ListItem","position":1,"name":"Home","item":"https:\/\/www.businessandarts.org\/fr\/"},{"@type":"ListItem","position":2,"name":"Foire aux Questions &#8211; Le Sommet canadien des arts"}]},{"@type":"WebSite","@id":"https:\/\/www.businessandarts.org\/#website","url":"https:\/\/www.businessandarts.org\/","name":"Business \/ Arts","description":"","potentialAction":[{"@type":"SearchAction","target":{"@type":"EntryPoint","urlTemplate":"https:\/\/www.businessandarts.org\/?s={search_term_string}"},"query-input":{"@type":"PropertyValueSpecification","valueRequired":true,"valueName":"search_term_string"}}],"inLanguage":"fr-FR"}]}},"_links":{"self":[{"href":"https:\/\/www.businessandarts.org\/fr\/wp-json\/wp\/v2\/pages\/2541","targetHints":{"allow":["GET"]}}],"collection":[{"href":"https:\/\/www.businessandarts.org\/fr\/wp-json\/wp\/v2\/pages"}],"about":[{"href":"https:\/\/www.businessandarts.org\/fr\/wp-json\/wp\/v2\/types\/page"}],"author":[{"embeddable":true,"href":"https:\/\/www.businessandarts.org\/fr\/wp-json\/wp\/v2\/users\/1"}],"replies":[{"embeddable":true,"href":"https:\/\/www.businessandarts.org\/fr\/wp-json\/wp\/v2\/comments?post=2541"}],"version-history":[{"count":0,"href":"https:\/\/www.businessandarts.org\/fr\/wp-json\/wp\/v2\/pages\/2541\/revisions"}],"wp:attachment":[{"href":"https:\/\/www.businessandarts.org\/fr\/wp-json\/wp\/v2\/media?parent=2541"}],"curies":[{"name":"wp","href":"https:\/\/api.w.org\/{rel}","templated":true}]}}