{"id":22545,"date":"2024-04-02T17:00:24","date_gmt":"2024-04-02T17:00:24","guid":{"rendered":"https:\/\/www.businessandarts.org\/emerging-leaders\/"},"modified":"2025-11-21T16:56:28","modified_gmt":"2025-11-21T16:56:28","slug":"leaders-emergents","status":"publish","type":"page","link":"https:\/\/www.businessandarts.org\/fr\/leaders-emergents\/","title":{"rendered":"Les leaders \u00e9mergents"},"content":{"rendered":"<h1 style=\"text-align: center;\">Programme \u00c9mergence de leadership<\/h1>\n<p>&nbsp;<\/p>\n<p><span style=\"font-weight: 400;\">Dans le cadre de la programmation du <a href=\"\/?p=22477\">50e anniversaire d\u2019Affaires \/ Arts<\/a>, <\/span>nous avons pr\u00e9sent\u00e9 un programme de leadership d\u2019une dur\u00e9e d\u2019un an visant \u00e0 soutenir et \u00e0 outiller 25 leaders du monde des arts, de la culture et du patrimoine, partout au Canada.<\/p>\n<p>Cr\u00e9\u00e9 \u00e0 l\u2019intention de personnes int\u00e9ress\u00e9es \u00e0 occuper un r\u00f4le de direction au sein d\u2019organismes artistiques, culturels et patrimoniaux d\u2019envergure, ce programme avait pour objectif de favoriser des occasions de croissance professionnelle et d\u2019\u00e9tablir des liens entre les participant.e.s et des leaders \u00e9tablis dans la direction d\u2019importants organismes culturels canadiens.<\/p>\n<p>Le programme a \u00e9t\u00e9 officiellement lanc\u00e9 lors du Sommet canadien des arts 2024, o\u00f9 les participant.e.s ont rencontr\u00e9 leurs conseillers.\u00e8res et ont pris une part active \u00e0 la programmation du Sommet.<\/p>\n<p>Au cours de l&#8217;ann\u00e9e, les participant.e.s ont assist\u00e9 \u00e0 des s\u00e9ances mensuelles avec leurs conseillers.\u00e8res ainsi qu&#8217;\u00e0 des opportunit\u00e9s de r\u00e9seautage avec leurs coll\u00e8gues. Ces sessions avaient pour but de faciliter l&#8217;apprentissage r\u00e9ciproque, de fournir des conseils en mati\u00e8re de leadership et de cr\u00e9er des opportunit\u00e9s de mise en r\u00e9seau pour faire avancer leur d\u00e9veloppement professionnel.<\/p>\n<p>Ce programme s\u2019est poursuivi lors du Sommet 2025 \u00e0 Ottawa, o\u00f9 nous avons accueilli 13 nouveaux dirigeants pour participer aux activit\u00e9s du Sommet ainsi qu\u2019aux occasions de d\u00e9veloppement professionnel offertes tout au long de l\u2019ann\u00e9e.<\/p>\n<p>Le programme se poursuivra lors du Sommet 2026 sous le nouveau nom r\u00e9vis\u00e9 : \u00ab Programme de leadership ex\u00e9cutif \u00bb<\/p>\n<hr \/>\n<div class=\"su-tabs su-tabs-style-default su-tabs-mobile-stack\" data-active=\"1\" data-scroll-offset=\"0\" data-anchor-in-url=\"no\"><div class=\"su-tabs-nav\"><span class=\"\" data-anchor=\"sgs\" data-url=\"\" data-target=\"blank\" tabindex=\"0\" role=\"button\">Participant.e.s 2025 :<\/span><span class=\"\" data-anchor=\"sgs\" data-url=\"\" data-target=\"blank\" tabindex=\"0\" role=\"button\">Participant.e.s 2024 :<\/span><\/div><div class=\"su-tabs-panes\"><div class=\"su-tabs-pane su-u-clearfix su-u-trim\" data-title=\"Participant.e.s 2025 :\">\n<div class=\"su-row\">\n<div class=\"su-column su-column-size-1-3\"><div class=\"su-column-inner su-u-clearfix su-u-trim\">\n<p><img loading=\"lazy\" decoding=\"async\" src=\"https:\/\/www.businessandarts.org\/wp-content\/uploads\/2025\/03\/Aaron-Marquise.png\" alt=\"\" width=\"220\" height=\"220\" class=\" wp-image-22092 aligncenter\" \/><\/p>\n<p style=\"font-size: 19px; color: #1b396e; text-align: center;\"><span style=\"color: #000080;\"><strong>Aaron Marquise<\/strong><\/span><\/p>\n<div class=\"su-expand su-expand-collapsed su-expand-link-style-dotted\" data-height=\"125\"><div class=\"su-expand-content su-u-trim\" style=\"color:#333333;max-height:125px;overflow:hidden\">\n<p>Aaron a \u00e9tudi\u00e9 le th\u00e9\u00e2tre musical et la dramaturgie au Marymount Manhattan College \u00e0 New York City, NY, USA, avant d&#8217;\u00eatre dipl\u00f4m\u00e9 en 2015 de l&#8217;\u00c9cole Nationale de Cirque \u00e0 Montr\u00e9al, Qu\u00e9bec, Canada.<\/p>\n<p>Il a jou\u00e9 avec des compagnies de premier plan telles que Les 7 Doigts, Le Cabaret Monast\u00e8re, Circus Monti, GOP Variet\u00e9, et dans plusieurs spectacles \u00e0 travers la France, le Qu\u00e9bec et les \u00c9tats-Unis. L&#8217;exp\u00e9rience professionnelle d&#8217;Aaron comprend aussi le poste de gestionnaire de l&#8217;\u00e9ducation artistique pour la School of the Performing Arts \u00e0 Proctors Collaborative \u00e0 Schenectady, New York, et celui d&#8217;assistant de production pour l&#8217;\u00e9quipe artistique dans la tourn\u00e9e nord-am\u00e9ricaine de Disney&#8217;s Frozen The Musical.<\/p>\n<p>Il est le fondateur du Contemporary Circus &amp; Immersive Arts Center (CCIAC), une organisme \u00e0 but non lucratif situ\u00e9e \u00e0 Troy, N.Y., dont il a \u00e9t\u00e9 le directeur g\u00e9n\u00e9ral de 2019 \u00e0 2023. De 2021 \u00e0 2023, Aaron a \u00e9t\u00e9 coordinateur du March\u00e9 international du cirque contemporain (MICC) avant d&#8217;occuper son poste actuel de directeur adjoint de la programmation et du d\u00e9veloppement des arts du cirque \u00e0 la TOHU \u00e0 Montr\u00e9al.<\/p>\n<\/div><div class=\"su-expand-link su-expand-link-more\" style=\"text-align:left\"><a href=\"javascript:;\" style=\"color:#5178bd;border-color:#5178bd\"><i class=\"sui sui-plus-circle\" style=\"\" aria-label=\"\"><\/i><span style=\"border-color:#5178bd\">Show more<\/span><\/a><\/div><div class=\"su-expand-link su-expand-link-less\" style=\"text-align:left\"><a href=\"javascript:;\" style=\"color:#5178bd;border-color:#5178bd\"><i class=\"sui sui-minus-circle\" style=\"\" aria-label=\"\"><\/i><span style=\"border-color:#5178bd\">Show less<\/span><\/a><\/div><\/div><\/div><\/div>\n<div class=\"su-column su-column-size-1-3\"><div class=\"su-column-inner su-u-clearfix su-u-trim\">\n<p><img loading=\"lazy\" decoding=\"async\" src=\"https:\/\/www.businessandarts.org\/wp-content\/uploads\/2025\/03\/Alyssa-Fearon.png\" alt=\"\" width=\"220\" height=\"220\" class=\" wp-image-22092 aligncenter\" \/><\/p>\n<p style=\"font-size: 19px; color: #1b396e; text-align: center;\"><span style=\"color: #000080;\"><strong>Alyssa Fearon<\/strong><\/span><\/p>\n<div class=\"su-expand su-expand-collapsed su-expand-link-style-dotted\" data-height=\"125\"><div class=\"su-expand-content su-u-trim\" style=\"color:#333333;max-height:125px;overflow:hidden\">\n<p>Alyssa Fearon est directrice\/conservatrice de la Dunlop Art Gallery et du RPL Film Theatre, o\u00f9 elle supervise la direction strat\u00e9gique et artistique de ces services uniques de la biblioth\u00e8que publique de Regina.<\/p>\n<p>Sa pratique de la programmation repose sur une approche communautaire qui donne la priorit\u00e9 aux connaissances artistiques et culturelles historiquement n\u00e9glig\u00e9es. \u00c0 pr\u00e9sent, Alyssa est directrice g\u00e9n\u00e9rale du conseil d&#8217;administration de l&#8217;Organisation des directeurs des mus\u00e9es d&#8217;art canadiens (ODMAC-CAMDO). Elle a une ma\u00eetrise en administration des affaires de la Schulich School of Business, une ma\u00eetrise en histoire de l&#8217;art et un dipl\u00f4me en conservation et \u00e9tudes visuelles de l&#8217;Universit\u00e9 York.<\/p>\n<\/div><div class=\"su-expand-link su-expand-link-more\" style=\"text-align:left\"><a href=\"javascript:;\" style=\"color:#5178bd;border-color:#5178bd\"><i class=\"sui sui-plus-circle\" style=\"\" aria-label=\"\"><\/i><span style=\"border-color:#5178bd\">Show more<\/span><\/a><\/div><div class=\"su-expand-link su-expand-link-less\" style=\"text-align:left\"><a href=\"javascript:;\" style=\"color:#5178bd;border-color:#5178bd\"><i class=\"sui sui-minus-circle\" style=\"\" aria-label=\"\"><\/i><span style=\"border-color:#5178bd\">Show less<\/span><\/a><\/div><\/div>\n<\/div><\/div>\n<div class=\"su-column su-column-size-1-3\"><div class=\"su-column-inner su-u-clearfix su-u-trim\">\n<p><img loading=\"lazy\" decoding=\"async\" src=\"https:\/\/www.businessandarts.org\/wp-content\/uploads\/2025\/03\/Amy-Prilika2.png\" alt=\"\" width=\"220\" height=\"220\" class=\" wp-image-22092 aligncenter\" \/><\/p>\n<p style=\"font-size: 19px; color: #1b396e; text-align: center;\"><span style=\"color: #000080;\"><strong>Amy Prilika<\/strong><\/span><\/p>\n<div class=\"su-expand su-expand-collapsed su-expand-link-style-dotted\" data-height=\"125\"><div class=\"su-expand-content su-u-trim\" style=\"color:#333333;max-height:125px;overflow:hidden\">\n<p>Amy Prilika est directrice adjointe et directrice financi\u00e8re du Bata Shoe Museum, o\u00f9 elle supervise les fonctions financi\u00e8res et op\u00e9rationnelles de l&#8217;une des institutions culturelles les plus importantes du Canada.<\/p>\n<p>Comptable agr\u00e9\u00e9e avec plus de 15 ans d&#8217;exp\u00e9rience en finance, gouvernance d&#8217;entreprise et gestion de la performance, elle est passionn\u00e9e par le d\u00e9veloppement du secteur culturel. Avant de rejoindre la BSM, Amy \u00e9tait directrice des finances et de l&#8217;administration au Centre de musique canadienne, o\u00f9 elle dirigeait des \u00e9quipes financi\u00e8res dans six bureaux r\u00e9gionaux, soutenant le patrimoine musical du Canada.<\/p>\n<p>Au-del\u00e0 de son r\u00f4le professionnel, Amy est profond\u00e9ment engag\u00e9e au service communautaire. Elle si\u00e8ge aux conseils d&#8217;administration du Toronto Bach Festival et de l&#8217;Association des mus\u00e9es de l&#8217;Ontario, contribuant ainsi \u00e0 la promotion des organismes artistiques et patrimoniaux. Elle est b\u00e9n\u00e9vole au Holland Bloorview Kids Rehabilitation Centre, ce qui renforce sa volont\u00e9 d&#8217;avoir un impact positif \u00e0 la fois professionnel et personnel. Amy continue de promouvoir le paysage culturel du Canada gr\u00e2ce \u00e0 son leadership et \u00e0 ses activit\u00e9s de soutien.<\/p>\n<\/div><div class=\"su-expand-link su-expand-link-more\" style=\"text-align:left\"><a href=\"javascript:;\" style=\"color:#5178bd;border-color:#5178bd\"><i class=\"sui sui-plus-circle\" style=\"\" aria-label=\"\"><\/i><span style=\"border-color:#5178bd\">Show more<\/span><\/a><\/div><div class=\"su-expand-link su-expand-link-less\" style=\"text-align:left\"><a href=\"javascript:;\" style=\"color:#5178bd;border-color:#5178bd\"><i class=\"sui sui-minus-circle\" style=\"\" aria-label=\"\"><\/i><span style=\"border-color:#5178bd\">Show less<\/span><\/a><\/div><\/div><\/div><\/div>\n<\/div>\n<hr \/>\n<div class=\"su-row\">\n<div class=\"su-column su-column-size-1-3\"><div class=\"su-column-inner su-u-clearfix su-u-trim\">\n<p><img loading=\"lazy\" decoding=\"async\" src=\"https:\/\/www.businessandarts.org\/wp-content\/uploads\/2025\/03\/Daniel-Mills.png\" alt=\"\" width=\"220\" height=\"220\" class=\" wp-image-22092 aligncenter\" \/><\/p>\n<p style=\"font-size: 19px; color: #1b396e; text-align: center;\"><span style=\"color: #000080;\"><strong>Daniel Mills<\/strong><\/span><\/p>\n<div class=\"su-expand su-expand-collapsed su-expand-link-style-dotted\" data-height=\"80\"><div class=\"su-expand-content su-u-trim\" style=\"color:#333333;max-height:80px;overflow:hidden\">\n<p>Originaire de Calgary, Daniel Mills est un leader et un rassembleur culturel passionn\u00e9, un administrateur et un musicien.<\/p>\n<p>Daniel occupe actuellement le poste de directeur du d\u00e9veloppement \u00e0 Arts Commons, le plus grand centre des arts de l&#8217;Ouest canadien, o\u00f9 il g\u00e8re le dossier annuel de 5 millions de dollars de revenus de contribution de l&#8217;organisme, avec un accent sur le financement des entreprises et des gouvernements. Auparavant, Daniel a \u00e9t\u00e9 directeur g\u00e9n\u00e9ral de l&#8217;Orchestre symphonique de Kamloops (2019-2023), o\u00f9 il a dirig\u00e9 l&#8217;orchestre professionnel r\u00e9gional et l&#8217;\u00e9cole de musique communautaire \u00e0 travers la pand\u00e9mie de COVID-19. Dans ce r\u00f4le, il a aid\u00e9 \u00e0 atteindre des publics records et quatre ann\u00e9es cons\u00e9cutives d&#8217;exc\u00e9dents.<\/p>\n<p>En plus de ses activit\u00e9s administratives, Daniel est un trompettiste classique qui s&#8217;est produit avec les orchestres du Centre national des Arts, de l&#8217;Orchestre philharmonique de Calgary et de l&#8217;Orchestre symphonique de Red Deer. En dehors de sa vie artistique, Daniel pratique le triathlon et est tr\u00e9sorier de Different Strokes Calgary, un club de nageurs LGBTQ+.<\/p>\n<\/div><div class=\"su-expand-link su-expand-link-more\" style=\"text-align:left\"><a href=\"javascript:;\" style=\"color:#5178bd;border-color:#5178bd\"><i class=\"sui sui-plus-circle\" style=\"\" aria-label=\"\"><\/i><span style=\"border-color:#5178bd\">Show more<\/span><\/a><\/div><div class=\"su-expand-link su-expand-link-less\" style=\"text-align:left\"><a href=\"javascript:;\" style=\"color:#5178bd;border-color:#5178bd\"><i class=\"sui sui-minus-circle\" style=\"\" aria-label=\"\"><\/i><span style=\"border-color:#5178bd\">Show less<\/span><\/a><\/div><\/div><\/div><\/div>\n<div class=\"su-column su-column-size-1-3\"><div class=\"su-column-inner su-u-clearfix su-u-trim\">\n<p><img loading=\"lazy\" decoding=\"async\" src=\"https:\/\/www.businessandarts.org\/wp-content\/uploads\/2025\/03\/Danielle-Irvine.png\" alt=\"\" width=\"220\" height=\"220\" class=\" wp-image-22092 aligncenter\" \/><\/p>\n<p style=\"font-size: 19px; color: #1b396e; text-align: center;\"><span style=\"color: #000080;\"><strong>Danielle Irvine<\/strong><\/span><\/p>\n<div class=\"su-expand su-expand-collapsed su-expand-link-style-dotted\" data-height=\"80\"><div class=\"su-expand-content su-u-trim\" style=\"color:#333333;max-height:80px;overflow:hidden\">\n<p>Danielle Irvine, une Terre-Neuvienne fi\u00e8re de l&#8217;\u00eatre, a men\u00e9 une carri\u00e8re remarquable dans le th\u00e9\u00e2tre.<\/p>\n<p>Elle a notamment enseign\u00e9 \u00e0 l&#8217;\u00c9cole nationale de th\u00e9\u00e2tre du Canada et a \u00e9t\u00e9 assistante \u00e0 la mise en sc\u00e8ne au Festival de Stratford, o\u00f9 elle a \u00e9t\u00e9 la premi\u00e8re metteuse en sc\u00e8ne \u00e0 \u00e9tudier au conservatoire de Birmingham. Danielle a re\u00e7u plusieurs prix prestigieux, tels que le prix John Hirsch du Conseil des Arts du Canada pour la mise en sc\u00e8ne, l&#8217;Artiste de l&#8217;ann\u00e9e ArtsNL BMO, le prix de r\u00e9alisation artistique ArtsNL et le prix Siminovitch Protegee.<\/p>\n<p>Avec plus de 30 ans d&#8217;exp\u00e9rience dans la mise en sc\u00e8ne, elle a travaill\u00e9 sur diverses productions dans plusieurs lieux. L&#8217;un de ses points forts a \u00e9t\u00e9 de co-d\u00e9velopper un spectacle innovant qui a emmen\u00e9 le public dans un voyage d&#8217;un bus vers un ferry puis \u00e0 650 pieds sous terre dans une mine &#8211; reconnu \u00e0 titre d&#8217;\u00e9v\u00e9nement th\u00e9\u00e2tral marquant par le PACT en 1997. Depuis 2014, elle est productrice artistique du Perchance Theatre, alliant son amour pour la culture terre-neuvienne \u00e0 un th\u00e9\u00e2tre classique.<\/p>\n<\/div><div class=\"su-expand-link su-expand-link-more\" style=\"text-align:left\"><a href=\"javascript:;\" style=\"color:#5178bd;border-color:#5178bd\"><i class=\"sui sui-plus-circle\" style=\"\" aria-label=\"\"><\/i><span style=\"border-color:#5178bd\">Show more<\/span><\/a><\/div><div class=\"su-expand-link su-expand-link-less\" style=\"text-align:left\"><a href=\"javascript:;\" style=\"color:#5178bd;border-color:#5178bd\"><i class=\"sui sui-minus-circle\" style=\"\" aria-label=\"\"><\/i><span style=\"border-color:#5178bd\">Show less<\/span><\/a><\/div><\/div>\n<\/div><\/div>\n<div class=\"su-column su-column-size-1-3\"><div class=\"su-column-inner su-u-clearfix su-u-trim\">\n<p><img loading=\"lazy\" decoding=\"async\" src=\"https:\/\/www.businessandarts.org\/wp-content\/uploads\/2025\/03\/Dorian-Cox.png\" alt=\"\" width=\"220\" height=\"220\" class=\" wp-image-22092 aligncenter\" \/><\/p>\n<p style=\"font-size: 19px; color: #1b396e; text-align: center;\"><span style=\"color: #000080;\"><strong>Dorian Cox<\/strong><\/span><\/p>\n<div class=\"su-expand su-expand-collapsed su-expand-link-style-dotted\" data-height=\"100\"><div class=\"su-expand-content su-u-trim\" style=\"color:#333333;max-height:100px;overflow:hidden\">\n<p>Dorian Cox est un leader artistique de Toronto reconnu pour son expertise en mentorat d&#8217;artistes, en engagement civique et en pratiques ax\u00e9es sur l&#8217;\u00e9quit\u00e9.<\/p>\n<p>Il est le directeur de l&#8217;Ensemble Studio de la Canadian Opera Company, un programme de d\u00e9veloppement professionnel de premier plan pour les artistes d&#8217;op\u00e9ra \u00e9mergents. \u00c0 ce titre, il supervise l&#8217;avancement des carri\u00e8res, les formations artistiques et le recrutement des meilleurs jeunes chanteurs d&#8217;op\u00e9ra et pianistes du Canada. Outre son r\u00f4le de directeur, Dorian a \u00e9t\u00e9 professeur invit\u00e9 pour Opera in the 21st Century au Banff Centre for Arts and Creativity, jur\u00e9 pr\u00e9liminaire pour le Concours musical international de Montr\u00e9al, jur\u00e9 invit\u00e9 au Royal Conservatory of Music et conf\u00e9rencier invit\u00e9 \u00e0 l&#8217;Universit\u00e9 de Toronto.<\/p>\n<p>Il est membre du Toronto Arts Council Leaders Lab pour 2024-2025 et est dipl\u00f4m\u00e9 de l&#8217;Universit\u00e9 de Toronto (baccalaur\u00e9at sp\u00e9cialis\u00e9 en musique) et du Boston Conservatory avec une ma\u00eetrise en musique.<\/p>\n<\/div><div class=\"su-expand-link su-expand-link-more\" style=\"text-align:left\"><a href=\"javascript:;\" style=\"color:#5178bd;border-color:#5178bd\"><i class=\"sui sui-plus-circle\" style=\"\" aria-label=\"\"><\/i><span style=\"border-color:#5178bd\">Show more<\/span><\/a><\/div><div class=\"su-expand-link su-expand-link-less\" style=\"text-align:left\"><a href=\"javascript:;\" style=\"color:#5178bd;border-color:#5178bd\"><i class=\"sui sui-minus-circle\" style=\"\" aria-label=\"\"><\/i><span style=\"border-color:#5178bd\">Show less<\/span><\/a><\/div><\/div><\/div><\/div>\n<\/div>\n<hr \/>\n<div class=\"su-row\">\n<div class=\"su-column su-column-size-1-3\"><div class=\"su-column-inner su-u-clearfix su-u-trim\">\n<p><img loading=\"lazy\" decoding=\"async\" src=\"https:\/\/www.businessandarts.org\/wp-content\/uploads\/2025\/03\/Lindsey-Thomsen.png\" alt=\"\" width=\"220\" height=\"220\" class=\" wp-image-22092 aligncenter\" \/><\/p>\n<p style=\"font-size: 19px; color: #1b396e; text-align: center;\"><span style=\"color: #000080;\"><strong>Lindsey Thomsen<\/strong><\/span><\/p>\n<div class=\"su-expand su-expand-collapsed su-expand-link-style-dotted\" data-height=\"80\"><div class=\"su-expand-content su-u-trim\" style=\"color:#333333;max-height:80px;overflow:hidden\">\n<div>\n<p>Lindsey Thomsen (elle) est une professionnelle du d\u00e9veloppement accomplie qui poss\u00e8de plus de dix ans d&#8217;exp\u00e9rience dans le secteur caritatif.<\/p>\n<p>En tant que directrice du d\u00e9veloppement \u00e0 la Fondation du Mus\u00e9e des beaux-arts du Canada, elle dirige les efforts strat\u00e9giques de collecte de fonds de la Fondation, en particulier les dons majeurs, la philanthropie d&#8217;entreprise et l&#8217;intendance des donneurs. Durant sa carri\u00e8re, elle a occup\u00e9 des postes cl\u00e9s \u00e0 la Banque alimentaire d&#8217;Ottawa, au Mus\u00e9e des beaux-arts de l&#8217;Ontario et dans d&#8217;autres organismes caritatifs, o\u00f9 elle a g\u00e9r\u00e9 de grands \u00e9v\u00e9nements, d\u00e9velopp\u00e9 des strat\u00e9gies d&#8217;engagement des donneurs et augment\u00e9 les revenus gr\u00e2ce \u00e0 des programmes novateurs de collecte de fonds.<\/p>\n<p>Lindsey s&#8217;engage dans tous les projets qu&#8217;elle entreprend en faisant preuve d&#8217;une approche collaborative, de curiosit\u00e9 et d&#8217;engagement. Originaire d&#8217;Ottawa et dipl\u00f4m\u00e9e de l&#8217;Universit\u00e9 Queen&#8217;s \u00e0 Kingston, Lindsey a commenc\u00e9 sa carri\u00e8re \u00e0 Toronto avant de revenir \u00e0 Ottawa en 2020. Passionn\u00e9e par les arts et la culture, elle est un membre actif du conseil d&#8217;administration de BEING Studio, un organisme local qui offre aux artistes handicap\u00e9s l&#8217;opportunit\u00e9 d&#8217;exprimer leur cr\u00e9ativit\u00e9.<\/p>\n<\/div>\n<\/div><div class=\"su-expand-link su-expand-link-more\" style=\"text-align:left\"><a href=\"javascript:;\" style=\"color:#5178bd;border-color:#5178bd\"><i class=\"sui sui-plus-circle\" style=\"\" aria-label=\"\"><\/i><span style=\"border-color:#5178bd\">Show more<\/span><\/a><\/div><div class=\"su-expand-link su-expand-link-less\" style=\"text-align:left\"><a href=\"javascript:;\" style=\"color:#5178bd;border-color:#5178bd\"><i class=\"sui sui-minus-circle\" style=\"\" aria-label=\"\"><\/i><span style=\"border-color:#5178bd\">Show less<\/span><\/a><\/div><\/div><\/div><\/div>\n<div class=\"su-column su-column-size-1-3\"><div class=\"su-column-inner su-u-clearfix su-u-trim\">\n<p><img loading=\"lazy\" decoding=\"async\" src=\"https:\/\/www.businessandarts.org\/wp-content\/uploads\/2025\/03\/Luc-Tellier.png\" alt=\"\" width=\"220\" height=\"220\" class=\" wp-image-22092 aligncenter\" \/><\/p>\n<p style=\"font-size: 19px; color: #1b396e; text-align: center;\"><span style=\"color: #000080;\"><strong>Luc Tellier<\/strong><\/span><\/p>\n<div class=\"su-expand su-expand-collapsed su-expand-link-style-dotted\" data-height=\"80\"><div class=\"su-expand-content su-u-trim\" style=\"color:#333333;max-height:80px;overflow:hidden\">\n<p>Luc (il\/iel) est un artiste de th\u00e9\u00e2tre et un \u00e9ducateur queer originaire de Jackfish Lake, Alberta, qui r\u00e9side pr\u00e9sentement \u00e0 Edmonton.<\/p>\n<p>Il est directeur de l&#8217;\u00e9ducation et de la promotion au Citadel Theatre, o\u00f9 il s&#8217;occupe de la planification strat\u00e9gique et de la vision du programme de formation Young Company et de la Foote Theatre School, qui accueille 40 artistes-enseignants et plus de 1 000 \u00e9tudiants chaque ann\u00e9e. En tant que metteur en sc\u00e8ne, Luc a notamment produit Bright Lights, Legoland et Never Swim Alone pour Blarney Productions. Luc a jou\u00e9 dans plus de 35 spectacles avec le Citadel Theatre, Freewill Shakespeare, Edmonton Opera, le Royal Manitoba Theatre Centre, Tiny Bear Jaws, Kill Your Television, Concrete Theatre, et bien d&#8217;autres encore. Luc a re\u00e7u la M\u00e9daille du jubil\u00e9 platine de la Reine Elizabeth II en 2023 pour sa contribution aux arts en Alberta, en plus du Prix du lieutenant-gouverneur pour les artistes \u00e9mergents en 2020 et du Sterling Award for Theatre For Young Audiences en 2019.<\/p>\n<\/div><div class=\"su-expand-link su-expand-link-more\" style=\"text-align:left\"><a href=\"javascript:;\" style=\"color:#5178bd;border-color:#5178bd\"><i class=\"sui sui-plus-circle\" style=\"\" aria-label=\"\"><\/i><span style=\"border-color:#5178bd\">Show more<\/span><\/a><\/div><div class=\"su-expand-link su-expand-link-less\" style=\"text-align:left\"><a href=\"javascript:;\" style=\"color:#5178bd;border-color:#5178bd\"><i class=\"sui sui-minus-circle\" style=\"\" aria-label=\"\"><\/i><span style=\"border-color:#5178bd\">Show less<\/span><\/a><\/div><\/div>\n<\/div><\/div>\n<div class=\"su-column su-column-size-1-3\"><div class=\"su-column-inner su-u-clearfix su-u-trim\">\n<p><img loading=\"lazy\" decoding=\"async\" src=\"https:\/\/www.businessandarts.org\/wp-content\/uploads\/2025\/03\/MMcGeachy.png\" alt=\"\" width=\"220\" height=\"220\" class=\" wp-image-22092 aligncenter\" \/><\/p>\n<p style=\"font-size: 19px; color: #1b396e; text-align: center;\"><span style=\"color: #000080;\"><strong>Matt McGeachy<\/strong><\/span><\/p>\n<div class=\"su-expand su-expand-collapsed su-expand-link-style-dotted\" data-height=\"125\"><div class=\"su-expand-content su-u-trim\" style=\"color:#333333;max-height:125px;overflow:hidden\">\n<p>Matt McGeachy (il) est un d\u00e9fenseur des arts qui occupe le poste de directeur des relations gouvernementales pour l&#8217;Orchestre symphonique de Toronto, l&#8217;une des principales institutions culturelles du Canada.<\/p>\n<p>Il dirige les efforts de repr\u00e9sentation du TSO aupr\u00e8s des gouvernements municipaux, provinciaux et f\u00e9d\u00e9raux, positionnant le TSO comme un leader et un partenaire de confiance au sein de l&#8217;industrie des arts et de la culture au Canada. Matt travaille activement avec des coll\u00e8gues et des institutions de pairs de tout le pays pour obtenir un soutien durable qui continuera d&#8217;\u00e9lever les artistes canadiens sur la sc\u00e8ne mondiale. Avant de rejoindre le TSO, Matt a pass\u00e9 dix saisons en tant que dramaturge principal au Factory Theatre, l&#8217;un des th\u00e9\u00e2tres les plus c\u00e9l\u00e8bres du Canada, o\u00f9 il a collabor\u00e9 avec des dramaturges et des metteurs en sc\u00e8ne prim\u00e9s. Il a \u00e9galement travaill\u00e9 avec Canadian Stage, le Guthrie Theater, le Playwrights&#8217; Center et le John F. Kennedy Center for the Performing Arts.<\/p>\n<\/div><div class=\"su-expand-link su-expand-link-more\" style=\"text-align:left\"><a href=\"javascript:;\" style=\"color:#5178bd;border-color:#5178bd\"><i class=\"sui sui-plus-circle\" style=\"\" aria-label=\"\"><\/i><span style=\"border-color:#5178bd\">Show more<\/span><\/a><\/div><div class=\"su-expand-link su-expand-link-less\" style=\"text-align:left\"><a href=\"javascript:;\" style=\"color:#5178bd;border-color:#5178bd\"><i class=\"sui sui-minus-circle\" style=\"\" aria-label=\"\"><\/i><span style=\"border-color:#5178bd\">Show less<\/span><\/a><\/div><\/div><\/div><\/div>\n<\/div>\n<hr \/>\n<div class=\"su-row\">\n<div class=\"su-column su-column-size-1-2\"><div class=\"su-column-inner su-u-clearfix su-u-trim\">\n<p><img loading=\"lazy\" decoding=\"async\" src=\"https:\/\/www.businessandarts.org\/wp-content\/uploads\/2025\/03\/Napatsi-Folger.png\" alt=\"\" width=\"220\" height=\"220\" class=\" wp-image-22092 aligncenter\" \/><\/p>\n<p style=\"font-size: 19px; color: #1b396e; text-align: center;\"><span style=\"color: #000080;\"><strong>Napatsi Folger<\/strong><\/span><\/p>\n<div class=\"su-expand su-expand-collapsed su-expand-link-style-dotted\" data-height=\"80\"><div class=\"su-expand-content su-u-trim\" style=\"color:#333333;max-height:80px;overflow:hidden\">\n<p>Napatsi Folger est une \u00e9ditrice inuite, une artiste de bande dessin\u00e9e, une \u00e9crivaine de fiction, de non-fiction et de litt\u00e9rature pour enfants originaire d&#8217;Iqaluit, au Nunavut.<\/p>\n<p>Elle vit \u00e0 Vancouver Nord, Colombie-Britannique, et a obtenu une ma\u00eetrise en cr\u00e9ation litt\u00e9raire \u00e0 l&#8217;Universit\u00e9 de la Colombie-Britannique (UBC) en 2021. Folger est la Tauttunnguaqti responsable de la vision cr\u00e9ative \u00e0 la Fondation de l&#8217;art inuit. Elle a \u00e9t\u00e9 \u00e9crivaine et artiste en r\u00e9sidence en 2023-2024 \u00e0 l&#8217;Universit\u00e9 polytechnique Kwantlen. Son travail a \u00e9t\u00e9 pr\u00e9sent\u00e9 dans Momus, Studio Magazine, Maisonneuve, Carousel Magazine, Long Con Magazine, Walrus Magazine et de nombreuses autres publications depuis 2011. Le dernier livre de Folger, \u00ab The Art and Life of Ningiukulu Teevee \u00bb, a \u00e9t\u00e9 publi\u00e9 en septembre 2023, et son premier livre, \u00ab Joy of Apex \u00bb, a \u00e9t\u00e9 publi\u00e9 en 2011, tous deux par Inhabit Media.<\/p>\n<\/div><div class=\"su-expand-link su-expand-link-more\" style=\"text-align:left\"><a href=\"javascript:;\" style=\"color:#5178bd;border-color:#5178bd\"><i class=\"sui sui-plus-circle\" style=\"\" aria-label=\"\"><\/i><span style=\"border-color:#5178bd\">Show more<\/span><\/a><\/div><div class=\"su-expand-link su-expand-link-less\" style=\"text-align:left\"><a href=\"javascript:;\" style=\"color:#5178bd;border-color:#5178bd\"><i class=\"sui sui-minus-circle\" style=\"\" aria-label=\"\"><\/i><span style=\"border-color:#5178bd\">Show less<\/span><\/a><\/div><\/div><\/div><\/div>\n<div class=\"su-column su-column-size-1-2\"><div class=\"su-column-inner su-u-clearfix su-u-trim\">\n<p><img loading=\"lazy\" decoding=\"async\" src=\"https:\/\/www.businessandarts.org\/wp-content\/uploads\/2025\/03\/Sheila-Skaiem.png\" alt=\"\" width=\"220\" height=\"220\" class=\" wp-image-22092 aligncenter\" \/><\/p>\n<p style=\"font-size: 19px; color: #1b396e; text-align: center;\"><span style=\"color: #000080;\"><strong>Sheila Skaiem<\/strong><\/span><\/p>\n<div class=\"su-expand su-expand-collapsed su-expand-link-style-dotted\" data-height=\"80\"><div class=\"su-expand-content su-u-trim\" style=\"color:#333333;max-height:80px;overflow:hidden\">\n<p>Depuis bient\u00f4t 20 ans, Sheila arpente le milieu culturel qu\u00e9b\u00e9cois dans son enti\u00e8ret\u00e9, de la danse \u00e0 la litt\u00e9rature, en passant par le th\u00e9\u00e2tre, la musique et les arts visuels.<\/p>\n<p>V\u00e9ritable cupidon professionnel, elle sait connecter les bonnes personnes au bon moment pour faire \u00e9clore des projets innovants, qui b\u00e9n\u00e9ficient \u00e0 toutes les parties impliqu\u00e9es. Elle a d\u00e9but\u00e9 sa carri\u00e8re aux Grands Ballets Canadiens de Montr\u00e9al, o\u00f9 elle a dirig\u00e9 d&#8217;importantes campagnes de communication en soutien aux directions artistique et g\u00e9n\u00e9rale, pour des projets allant de la promotion de nouvelles cr\u00e9ations \u00e0 la tourn\u00e9e d&#8217;\u0153uvres du r\u00e9pertoire, de la danse-th\u00e9rapie aux initiatives sociales et \u00e9ducatives.<\/p>\n<p>Elle fonde ensuite son agence, <em>Avec Sheila<\/em>, avec l&#8217;intention d&#8217;aider les artistes et les organisations culturelles \u00e0 faire rayonner leurs projets et \u00e0 b\u00e2tir des collaborations \u00e0 leur image \u00e0 l&#8217;\u00e9chelle locale, nationale et internationale. Aujourd\u2019hui, elle agit, avec son \u00e9quipe, \u00e0 titre de relationniste, de gestionnaire d\u2019artistes, de conceptrice et de consultante artistique. L\u2019agence <em>Avec Sheila<\/em> croit, avant tout, au pouvoir transformateur de l&#8217;art pour nos communaut\u00e9s et notre soci\u00e9t\u00e9.<\/p>\n<\/div><div class=\"su-expand-link su-expand-link-more\" style=\"text-align:left\"><a href=\"javascript:;\" style=\"color:#5178bd;border-color:#5178bd\"><i class=\"sui sui-plus-circle\" style=\"\" aria-label=\"\"><\/i><span style=\"border-color:#5178bd\">Show more<\/span><\/a><\/div><div class=\"su-expand-link su-expand-link-less\" style=\"text-align:left\"><a href=\"javascript:;\" style=\"color:#5178bd;border-color:#5178bd\"><i class=\"sui sui-minus-circle\" style=\"\" aria-label=\"\"><\/i><span style=\"border-color:#5178bd\">Show less<\/span><\/a><\/div><\/div>\n<\/div><\/div>\n<\/div>\n<hr \/>\n<div class=\"su-row\">\n<div class=\"su-column su-column-size-1-2\"><div class=\"su-column-inner su-u-clearfix su-u-trim\">\n<p><img loading=\"lazy\" decoding=\"async\" src=\"https:\/\/www.businessandarts.org\/wp-content\/uploads\/2025\/03\/Sonia-Sakamoto.png\" alt=\"\" width=\"220\" height=\"220\" class=\" wp-image-22092 aligncenter\" \/><\/p>\n<p style=\"font-size: 19px; color: #1b396e; text-align: center;\"><span style=\"color: #000080;\"><strong>Sonia Sakamoto-Jog<\/strong><\/span><\/p>\n<div class=\"su-expand su-expand-collapsed su-expand-link-style-dotted\" data-height=\"50\"><div class=\"su-expand-content su-u-trim\" style=\"color:#333333;max-height:50px;overflow:hidden\">\n<p>Sonia (elle) est une leader culturelle chevronn\u00e9e avec une longue carri\u00e8re dans le secteur des arts \u00e0 Toronto.<\/p>\n<p>Sonia est directrice principale de la programmation du festival et des services aux spectateurs au Festival international du film de Toronto (TIFF). Elle dirige les op\u00e9rations et l&#8217;administration du d\u00e9partement de programmation, y compris tous les aspects li\u00e9s aux soumissions de films, aux invitations, \u00e0 la programmation du festival et \u00e0 l&#8217;exp\u00e9rience des spectateurs..<\/p>\n<p>Avant de travailler au TIFF, Sonia \u00e9tait productrice au festival Luminato de Toronto, o\u00f9 elle a codirig\u00e9 les \u00e9quipes de programmation et de production et assur\u00e9 la gestion de l&#8217;ensemble des op\u00e9rations du festival. Au Mus\u00e9e des beaux-arts de l&#8217;Ontario, en tant que directrice de la logistique, elle a dirig\u00e9 l&#8217;ex\u00e9cution d&#8217;expositions complexes, notamment la c\u00e9l\u00e8bre exposition Yayoi Kusama : Infinity Mirrors. Elle a \u00e9t\u00e9 directrice ex\u00e9cutive du Toronto Reel Asian International Film Festival pendant cinq ans et a jou\u00e9 un r\u00f4le d\u00e9terminant dans sa croissance, en dirigeant les op\u00e9rations, la collecte de fonds et l&#8217;\u00e9tablissement de partenariats cl\u00e9s qui ont permis de d\u00e9velopper l&#8217;impact et la port\u00e9e du festival. Sonia se passionne pour la cr\u00e9ation d&#8217;espaces inclusifs dans les arts et pour le d\u00e9veloppement d&#8217;\u00e9quipes qui s&#8217;\u00e9panouissent dans la collaboration, l&#8217;innovation et le travail utile. Elle est dipl\u00f4m\u00e9e d&#8217;un MBA de la Rotman School of Management.<\/p>\n<\/div><div class=\"su-expand-link su-expand-link-more\" style=\"text-align:left\"><a href=\"javascript:;\" style=\"color:#5178bd;border-color:#5178bd\"><i class=\"sui sui-plus-circle\" style=\"\" aria-label=\"\"><\/i><span style=\"border-color:#5178bd\">Show more<\/span><\/a><\/div><div class=\"su-expand-link su-expand-link-less\" style=\"text-align:left\"><a href=\"javascript:;\" style=\"color:#5178bd;border-color:#5178bd\"><i class=\"sui sui-minus-circle\" style=\"\" aria-label=\"\"><\/i><span style=\"border-color:#5178bd\">Show less<\/span><\/a><\/div><\/div><\/div><\/div>\n<div class=\"su-column su-column-size-1-2\"><div class=\"su-column-inner su-u-clearfix su-u-trim\">\n<p><img loading=\"lazy\" decoding=\"async\" src=\"https:\/\/www.businessandarts.org\/wp-content\/uploads\/2025\/03\/TessaChan.png\" alt=\"\" width=\"220\" height=\"220\" class=\" wp-image-22092 aligncenter\" \/><\/p>\n<p style=\"font-size: 19px; color: #1b396e; text-align: center;\"><span style=\"color: #000080;\"><strong>Tessa Chan<\/strong><\/span><\/p>\n<div class=\"su-expand su-expand-collapsed su-expand-link-style-dotted\" data-height=\"50\"><div class=\"su-expand-content su-u-trim\" style=\"color:#333333;max-height:50px;overflow:hidden\">\n<p>Tessa Chan est une administratrice artistique chevronn\u00e9e, anim\u00e9e par une passion pour le d\u00e9veloppement des relations au sein de la communaut\u00e9.<\/p>\n<p>En tant que contr\u00f4leuse, elle veille \u00e0 ce que les programmes et \u00e9v\u00e9nements en plein air de The Bentway soient produits de mani\u00e8re aussi \u00e9conomique que possible, sans compromettre l&#8217;int\u00e9grit\u00e9 artistique.<\/p>\n<p>Tessa a d\u00e9but\u00e9 sa carri\u00e8re chez CIBC Mellon, o\u00f9 elle a dirig\u00e9 avec succ\u00e8s l&#8217;initiative \u00ab Z\u00e9ro papier \u00bb, permettant \u00e0 son \u00e9quipe de r\u00e9duire les co\u00fbts d&#8217;impression de 1,2 million de dollars. Elle a \u00e9galement occup\u00e9 le poste de directrice des finances au Calgary Opera, o\u00f9 elle a pilot\u00e9 la campagne de financement alors que l&#8217;organisation planifiait l\u2019am\u00e9nagement de nouveaux bureaux. Par la suite, elle a explor\u00e9 le c\u00f4t\u00e9 artistique en faisant ses d\u00e9buts sur sc\u00e8ne en tant que figurante dans la production de Norma du Calgary Opera.<\/p>\n<p>Passionn\u00e9e de randonn\u00e9e, Tessa aime explorer les Rocheuses et camper au parc Algonquin. Parmi ses aventures les plus m\u00e9morables figurent le Bright Angel Trail, le Zion Narrows et la route Lemosho.<\/p>\n<\/div><div class=\"su-expand-link su-expand-link-more\" style=\"text-align:left\"><a href=\"javascript:;\" style=\"color:#5178bd;border-color:#5178bd\"><i class=\"sui sui-plus-circle\" style=\"\" aria-label=\"\"><\/i><span style=\"border-color:#5178bd\">Show more<\/span><\/a><\/div><div class=\"su-expand-link su-expand-link-less\" style=\"text-align:left\"><a href=\"javascript:;\" style=\"color:#5178bd;border-color:#5178bd\"><i class=\"sui sui-minus-circle\" style=\"\" aria-label=\"\"><\/i><span style=\"border-color:#5178bd\">Show less<\/span><\/a><\/div><\/div><\/div><\/div><\/div>\n<\/div>\n<div class=\"su-tabs-pane su-u-clearfix su-u-trim\" data-title=\"Participant.e.s 2024 :\">\n<div class=\"su-row\">\n<div class=\"su-column su-column-size-1-3\"><div class=\"su-column-inner su-u-clearfix su-u-trim\">\n<p><img loading=\"lazy\" decoding=\"async\" src=\"https:\/\/www.businessandarts.org\/wp-content\/uploads\/2024\/04\/Alethea-Bakogeorge.png\" alt=\"\" width=\"220\" height=\"220\" class=\" wp-image-22092 aligncenter\" \/><\/p>\n<p style=\"font-size: 19px; color: #1b396e; text-align: center;\"><span style=\"color: #000080;\"><strong>Alethea Bakogeorge<\/strong><\/span><\/p>\n<div class=\"su-expand su-expand-collapsed su-expand-link-style-dotted\" data-height=\"100\"><div class=\"su-expand-content su-u-trim\" style=\"color:#333333;max-height:100px;overflow:hidden\">\n<p>Alethea Bakogeorge (elle) est une personne physiquement handicap\u00e9e, une professionnelle de l&#8217;accessibilit\u00e9, une collectrice de fonds et une artiste.<\/p>\n<p>Elle est actuellement directrice du d\u00e9veloppement et des arts de la sc\u00e8ne au National accessArts Centre, le plus ancien et le plus important organisme artistique pour les personnes handicap\u00e9es au Canada. Avant de rejoindre le NaAC, Alethea a travaill\u00e9 dans le secteur de la collecte de fonds et de l&#8217;accessibilit\u00e9 pour The Musical Stage Company, o\u00f9 elle est devenue, en 2021, la premi\u00e8re personne \u00e0 \u00eatre nomm\u00e9e responsable de l&#8217;accessibilit\u00e9 \u00e0 temps plein dans une compagnie th\u00e9\u00e2trale canadienne.<\/p>\n<p>Alethea poursuit une carri\u00e8re active d&#8217;actrice en tant que com\u00e9dienne handicap\u00e9e de th\u00e9\u00e2tre et de voiceover. Elle a notamment jou\u00e9 le r\u00f4le de Mercedes Cohen-Davis dans l&#8217;\u00e9mission Lyla in the Loop (PBS Kids) et a \u00e9t\u00e9 \u00e0 l&#8217;origine du r\u00f4le de Chrissie dans l&#8217;\u00e9mission Daniel Tiger&#8217;s Neighborhood Live : King for a Day (tourn\u00e9e nationale am\u00e9ricaine).<\/p>\n<p>Alethea est titulaire d&#8217;un baccalaur\u00e9at en th\u00e9\u00e2tre musical et d&#8217;un baccalaur\u00e9at en administration des arts de l&#8217;universit\u00e9 Viterbo, ainsi que d&#8217;un prix de d\u00e9veloppement professionnel en leadership en accessibilit\u00e9 et en inclusion de l&#8217;universit\u00e9 m\u00e9tropolitaine de Toronto.<\/p>\n<\/div><div class=\"su-expand-link su-expand-link-more\" style=\"text-align:left\"><a href=\"javascript:;\" style=\"color:#5178bd;border-color:#5178bd\"><i class=\"sui sui-plus-circle\" style=\"\" aria-label=\"\"><\/i><span style=\"border-color:#5178bd\">Show more<\/span><\/a><\/div><div class=\"su-expand-link su-expand-link-less\" style=\"text-align:left\"><a href=\"javascript:;\" style=\"color:#5178bd;border-color:#5178bd\"><i class=\"sui sui-minus-circle\" style=\"\" aria-label=\"\"><\/i><span style=\"border-color:#5178bd\">Show less<\/span><\/a><\/div><\/div>\n<\/div><\/div>\n<div class=\"su-column su-column-size-1-3\"><div class=\"su-column-inner su-u-clearfix su-u-trim\">\n<p><img loading=\"lazy\" decoding=\"async\" src=\"https:\/\/www.businessandarts.org\/wp-content\/uploads\/2024\/04\/Alica-Hall.png\" alt=\"\" width=\"220\" height=\"220\" class=\" wp-image-22092 aligncenter\" \/><\/p>\n<p style=\"font-size: 19px; color: #1b396e; text-align: center;\"><span style=\"color: #000080;\"><strong>Alica Hall<\/strong><\/span><\/p>\n<div class=\"su-expand su-expand-collapsed su-expand-link-style-dotted\" data-height=\"75\"><div class=\"su-expand-content su-u-trim\" style=\"color:#333333;max-height:75px;overflow:hidden\">\n<p><span style=\"font-weight: 400;\">Alica Hall travaille \u00e0 l&#8217;intersection de l&#8217;art, des communications et du d\u00e9veloppement communautaire depuis plus d&#8217;une d\u00e9cennie.<\/span><\/p>\n<p><span style=\"font-weight: 400;\">Alica est une dirigeante profond\u00e9ment engag\u00e9e dans la communaut\u00e9. Elle \u00e9tait copr\u00e9sidente de Pride Toronto, o\u00f9 elle a aid\u00e9 l&#8217;organisme\u00a0 \u00e0 d\u00e9velopper son infrastructure strat\u00e9gique et artistique. Elle a supervis\u00e9 l&#8217;expansion de ce qui est devenu un festival d&#8217;un mois au lieu de dix jours et a dirig\u00e9 l&#8217;\u00e9laboration du premier plan strat\u00e9gique de l&#8217;organisme. Au fil des ans, Alica a formalis\u00e9 sa pratique en tant que conservatrice par le biais de lieux et de partenariats communautaires.<\/span><\/p>\n<p><span style=\"font-weight: 400;\">Sa pratique curatoriale est motiv\u00e9e par le d\u00e9sir d&#8217;explorer l&#8217;identit\u00e9 et le pouvoir, de d\u00e9couvrir des histoires moins connues et de s&#8217;engager \u00e0 \u00e9largir les narrations visuelles entourant l&#8217;exp\u00e9rience des personnes noires. En 2018, elle a assum\u00e9 le r\u00f4le de directrice ex\u00e9cutive du Nia Centre for the Arts, une organisation caritative bas\u00e9e \u00e0 Toronto qui soutient et pr\u00e9sente les arts de la diaspora noire au Canada. Au cours de son mandat, elle a organis\u00e9 la premi\u00e8re foire d&#8217;art, doubl\u00e9 le budget de fonctionnement et lev\u00e9 12 millions de dollars de fonds d&#8217;investissement.<\/span><\/p>\n<p><span style=\"font-weight: 400;\">En 2023, Alica a ouvert les portes du Nia Centre for the Arts, nouvellement r\u00e9nov\u00e9 : une installation de 14 000 pieds carr\u00e9s qui sert le premier centre professionnel et multidisciplinaire d&#8217;arts pour personnes noires au Canada. Situ\u00e9 dans le quartier historique de Little Jamaica, le Centre est un espace de rassemblement pour les artistes noirs, les jeunes cr\u00e9ateurs et la communaut\u00e9 pour pr\u00e9senter, soutenir et promouvoir les traditions artistiques de la diaspora noire du Canada.<\/span><\/p>\n<\/div><div class=\"su-expand-link su-expand-link-more\" style=\"text-align:left\"><a href=\"javascript:;\" style=\"color:#5178bd;border-color:#5178bd\"><i class=\"sui sui-plus-circle\" style=\"\" aria-label=\"\"><\/i><span style=\"border-color:#5178bd\">Show more<\/span><\/a><\/div><div class=\"su-expand-link su-expand-link-less\" style=\"text-align:left\"><a href=\"javascript:;\" style=\"color:#5178bd;border-color:#5178bd\"><i class=\"sui sui-minus-circle\" style=\"\" aria-label=\"\"><\/i><span style=\"border-color:#5178bd\">Show less<\/span><\/a><\/div><\/div>\n<\/div><\/div>\n<div class=\"su-column su-column-size-1-3\"><div class=\"su-column-inner su-u-clearfix su-u-trim\">\n<p><img loading=\"lazy\" decoding=\"async\" src=\"https:\/\/www.businessandarts.org\/wp-content\/uploads\/2024\/04\/Andrea-Boyd.png\" alt=\"\" width=\"220\" height=\"220\" class=\" wp-image-22092 aligncenter\" \/><\/p>\n<p style=\"font-size: 19px; color: #1b396e; text-align: center;\"><span style=\"color: #000080;\"><strong>Andrea Boyd<\/strong><\/span><\/p>\n<div class=\"su-expand su-expand-collapsed su-expand-link-style-dotted\" data-height=\"60\"><div class=\"su-expand-content su-u-trim\" style=\"color:#333333;max-height:60px;overflow:hidden\">\n<p><span style=\"font-weight: 400;\">Andrea Boyd est une metteure en sc\u00e8ne, dramaturge et professeure de th\u00e9\u00e2tre. <\/span><\/p>\n<p><span style=\"font-weight: 400;\">Elle est directrice artistique du Festival Antigonish Summer Theatre, o\u00f9 elle a notamment mis en sc\u00e8ne The New Canadian Curling Club, The Adventures of the Little Girl and the Wind, The Goodnight Bird, Stage Kiss, Ben Hur et Burnin&#8217; Love. Elle a \u00e9galement mis en sc\u00e8ne au Grand Theatre, au Theatre Lac Brome, au Keyano Theatre et \u00e0 l&#8217;Universit\u00e9 de l&#8217;Alberta. Elle est responsable de la cr\u00e9ation des pivots pand\u00e9miques de FAST : The Hobbit et Robin Hood : The Great Escape, qu&#8217;elle a tous deux mis en sc\u00e8ne en tant que productions de promenade \u00e0 Keppoch Mountain.\u00a0<\/span><\/p>\n<p><span style=\"font-weight: 400;\">Elle a aussi \u00e9crit Hector the Spectre Steals the Show pour le Festival Antigonish Radio Theatre, Angel&#8217;s River, produit pour la premi\u00e8re fois par le Live Bait Theatre, et Stalker : The Musical. For the Love of Gracie Gray a re\u00e7u le prix Write-On-Q Quebec Playwrighting Competition en 2013. Andrea trouve important de cr\u00e9er des pi\u00e8ces de th\u00e9\u00e2tre qui s&#8217;adressent \u00e0 la communaut\u00e9 et qui sont inclusives, qui soutiennent les artistes f\u00e9minines et les artistes canadiens, et qui peuvent apporter une transformation en encourageant l&#8217;empathie. Elle est titulaire d&#8217;une ma\u00eetrise en mise en sc\u00e8ne de l&#8217;Universit\u00e9 de l&#8217;Alberta, o\u00f9 elle a enseign\u00e9 pendant plusieurs ann\u00e9es au d\u00e9partement d&#8217;art dramatique. Originaire du Nouveau-Brunswick, elle est heureuse de vivre \u00e0 Antigonish.<\/span><\/p>\n<\/div><div class=\"su-expand-link su-expand-link-more\" style=\"text-align:left\"><a href=\"javascript:;\" style=\"color:#5178bd;border-color:#5178bd\"><i class=\"sui sui-plus-circle\" style=\"\" aria-label=\"\"><\/i><span style=\"border-color:#5178bd\">Show more<\/span><\/a><\/div><div class=\"su-expand-link su-expand-link-less\" style=\"text-align:left\"><a href=\"javascript:;\" style=\"color:#5178bd;border-color:#5178bd\"><i class=\"sui sui-minus-circle\" style=\"\" aria-label=\"\"><\/i><span style=\"border-color:#5178bd\">Show less<\/span><\/a><\/div><\/div><\/div><\/div>\n<\/div>\n<hr \/>\n<div class=\"su-row\">\n<div class=\"su-column su-column-size-1-3\"><div class=\"su-column-inner su-u-clearfix su-u-trim\">\n<p><img loading=\"lazy\" decoding=\"async\" src=\"https:\/\/www.businessandarts.org\/wp-content\/uploads\/2024\/04\/Carlos-Robayo.png\" alt=\"\" width=\"220\" height=\"220\" class=\" wp-image-22092 aligncenter\" \/><\/p>\n<p style=\"font-size: 19px; color: #1b396e; text-align: center;\"><span style=\"color: #000080;\"><strong>Carlos Robayo<\/strong><\/span><\/p>\n<div class=\"su-expand su-expand-collapsed su-expand-link-style-dotted\" data-height=\"80\"><div class=\"su-expand-content su-u-trim\" style=\"color:#333333;max-height:80px;overflow:hidden\">\n<p><span style=\"font-weight: 400;\">Carlos a migr\u00e9 de Colombie au Canada en 1998. Il a \u00e9tudi\u00e9 \u00e0 l&#8217;Universit\u00e9 York o\u00f9 il est dipl\u00f4m\u00e9 d&#8217;un baccalaur\u00e9at en psychologie, <\/span><br \/>\n<span style=\"font-weight: 400;\">d&#8217;un baccalaur\u00e9at en \u00e9tudes sur la sant\u00e9 et d&#8217;une ma\u00eetrise en politique publique, en administration et en droit. <\/span><\/p>\n<p><span style=\"font-weight: 400;\">Carlos a rejoint l&#8217;industrie artistique \u00e0 l&#8217;occasion de l&#8217;ouverture du Richmond Hill Centre for the Performing Arts en 2009 et a d\u00e9m\u00e9nag\u00e9 \u00e0 St. Catharines en 2014 pour occuper un poste au FirstOntario Performing Arts Centre, o\u00f9 il est aujourd&#8217;hui \u00e0 la t\u00eate des \u00e9quipes charg\u00e9es des finances, de l&#8217;administration et des services de billetterie. <\/span><\/p>\n<p><span style=\"font-weight: 400;\">En 2023, Carlos a re\u00e7u le prix 40 Under Forty Business Achievement Award de la r\u00e9gion de Niagara. Carlos poursuit son apprentissage tout au long de sa vie et se passionne pour la cause de l&#8217;\u00e9quit\u00e9 et de l&#8217;inclusion, en mettant l&#8217;accent sur les possibilit\u00e9s d&#8217;avancement et de repr\u00e9sentation. Il est fier de travailler dans l&#8217;industrie artistique, contribuant \u00e0 fa\u00e7onner le r\u00e9seau et les valeurs de notre communaut\u00e9.<\/span><\/p>\n<\/div><div class=\"su-expand-link su-expand-link-more\" style=\"text-align:left\"><a href=\"javascript:;\" style=\"color:#5178bd;border-color:#5178bd\"><i class=\"sui sui-plus-circle\" style=\"\" aria-label=\"\"><\/i><span style=\"border-color:#5178bd\">Show more<\/span><\/a><\/div><div class=\"su-expand-link su-expand-link-less\" style=\"text-align:left\"><a href=\"javascript:;\" style=\"color:#5178bd;border-color:#5178bd\"><i class=\"sui sui-minus-circle\" style=\"\" aria-label=\"\"><\/i><span style=\"border-color:#5178bd\">Show less<\/span><\/a><\/div><\/div><\/div><\/div>\n<div class=\"su-column su-column-size-1-3\"><div class=\"su-column-inner su-u-clearfix su-u-trim\">\n<p><img loading=\"lazy\" decoding=\"async\" src=\"https:\/\/www.businessandarts.org\/wp-content\/uploads\/2024\/04\/Courtney-Chng-Lancaster.png\" alt=\"\" width=\"220\" height=\"220\" class=\" wp-image-22092 aligncenter\" \/><\/p>\n<p style=\"font-size: 19px; color: #1b396e; text-align: center;\"><span style=\"color: #000080;\"><strong>Courtney Ch&#8217;ng Lancaster<\/strong><\/span><\/p>\n<div class=\"su-expand su-expand-collapsed su-expand-link-style-dotted\" data-height=\"75\"><div class=\"su-expand-content su-u-trim\" style=\"color:#333333;max-height:75px;overflow:hidden\">\n<p><span style=\"font-weight: 400;\">Courtney Ch&#8217;ng Lancaster est une artiste prim\u00e9e et une cr\u00e9atrice de th\u00e9\u00e2tre bas\u00e9e \u00e0 Toronto. <\/span><\/p>\n<p><span style=\"font-weight: 400;\">Elle a r\u00e9cemment entam\u00e9 un engagement de trois ans au poste de professeur adjoint \u00e0 l&#8217;\u00c9cole d&#8217;art, de musique, de performance et de design de l&#8217;Universit\u00e9 York. Elle est \u00e9galement fondatrice et directrice artistique du collectif th\u00e9\u00e2tral The Howland Company. Auparavant, Courtney a occup\u00e9 le poste de directrice artistique adjointe au Tarragon Theatre et a \u00e9t\u00e9 artiste r\u00e9sidente au Soulpepper Theatre pendant sept ans. Elle est apparue sur sc\u00e8ne et \u00e0 l&#8217;\u00e9cran dans tout le continent. <\/span><\/p>\n<p><span style=\"font-weight: 400;\">Elle est de plus en plus connue en tant que metteure en sc\u00e8ne, dont le travail est souvent suant, sanglant et physique.Elle travaille actuellement \u00e0 la mise en sc\u00e8ne et \u00e0 l&#8217;interpr\u00e9tation pour la saison 2024 du Festival Shaw. Outre son baccalaur\u00e9at en art dramatique, Courtney est titulaire d&#8217;un MBA en entreprise sociale et pr\u00e9pare un doctorat interdisciplinaire en th\u00e9\u00e2tre, \u00e9ducation et affaires.<\/span><\/p>\n<\/div><div class=\"su-expand-link su-expand-link-more\" style=\"text-align:left\"><a href=\"javascript:;\" style=\"color:#5178bd;border-color:#5178bd\"><i class=\"sui sui-plus-circle\" style=\"\" aria-label=\"\"><\/i><span style=\"border-color:#5178bd\">Show more<\/span><\/a><\/div><div class=\"su-expand-link su-expand-link-less\" style=\"text-align:left\"><a href=\"javascript:;\" style=\"color:#5178bd;border-color:#5178bd\"><i class=\"sui sui-minus-circle\" style=\"\" aria-label=\"\"><\/i><span style=\"border-color:#5178bd\">Show less<\/span><\/a><\/div><\/div>\n<\/div><\/div>\n<div class=\"su-column su-column-size-1-3\"><div class=\"su-column-inner su-u-clearfix su-u-trim\">\n<p><img loading=\"lazy\" decoding=\"async\" src=\"https:\/\/www.businessandarts.org\/wp-content\/uploads\/2024\/04\/Em-Ironstar2.png\" alt=\"\" width=\"220\" height=\"220\" class=\" wp-image-22092 aligncenter\" \/><\/p>\n<p style=\"font-size: 19px; color: #1b396e; text-align: center;\"><span style=\"color: #000080;\"><strong>Em Ironstar<\/strong><\/span><\/p>\n<div class=\"su-expand su-expand-collapsed su-expand-link-style-dotted\" data-height=\"70\"><div class=\"su-expand-content su-u-trim\" style=\"color:#333333;max-height:70px;overflow:hidden\">\n<p><span style=\"font-weight: 400;\">Em Ironstar est directrice g\u00e9n\u00e9rale de la Saskatchewan Arts Alliance (SAA) depuis 2021. <\/span><\/p>\n<p><span style=\"font-weight: 400;\">Elle est titulaire d&#8217;un baccalaur\u00e9at en beaux-arts (avec distinction) en m\u00e9dias imprim\u00e9s de l&#8217;Universit\u00e9 de Regina et a cofond\u00e9 le collectif de gravure Articulate Ink en 2010.<\/span><\/p>\n<p><span style=\"font-weight: 400;\">La vaste exp\u00e9rience professionnelle d&#8217;Em comprend des r\u00f4les tels que coordonnatrice de l&#8217;engagement communautaire \u00e0 l&#8217;Association des mus\u00e9es de la Saskatchewan, coordonnatrice des communications \u00e0 SaskCulture, adjointe administrative \u00e0 la Organization of Saskatchewan Arts Councils\u00a0 et animatrice bilingue \u00e0 la MacKenzie Art Gallery. En 2023, elle a suivi le cours \u00ab <\/span><i><span style=\"font-weight: 400;\">Developing Effective Government Relations &amp; Advocacy Strategies for Canadian Arts Organizations<\/span><\/i><span style=\"font-weight: 400;\"> \u00bb \u00e0 l\u2019<\/span>Universit\u00e9 de l&#8217;\u00c9cole d&#8217;art et de design de l&#8217;Ontario.<\/p>\n<p><span style=\"font-weight: 400;\">Em vit \u00e0 Regina, SK, sur le territoire du Trait\u00e9 no 4, avec son \u00e9pouse. En dehors de son travail ou de ses activit\u00e9s de d\u00e9fense des arts, elle poursuit sa pratique artistique en prenant des photos Polaroid, en r\u00e9alisant des dessins num\u00e9riques et, \u00e0 l&#8217;occasion, des gravures sur linol\u00e9um.\u00a0<\/span><\/p>\n<\/div><div class=\"su-expand-link su-expand-link-more\" style=\"text-align:left\"><a href=\"javascript:;\" style=\"color:#5178bd;border-color:#5178bd\"><i class=\"sui sui-plus-circle\" style=\"\" aria-label=\"\"><\/i><span style=\"border-color:#5178bd\">Show more<\/span><\/a><\/div><div class=\"su-expand-link su-expand-link-less\" style=\"text-align:left\"><a href=\"javascript:;\" style=\"color:#5178bd;border-color:#5178bd\"><i class=\"sui sui-minus-circle\" style=\"\" aria-label=\"\"><\/i><span style=\"border-color:#5178bd\">Show less<\/span><\/a><\/div><\/div><\/div><\/div>\n<\/div>\n<hr \/>\n<div class=\"su-row\">\n<div class=\"su-column su-column-size-1-3\"><div class=\"su-column-inner su-u-clearfix su-u-trim\">\n<p><img loading=\"lazy\" decoding=\"async\" src=\"https:\/\/www.businessandarts.org\/wp-content\/uploads\/2024\/04\/Emily-McMahon2.png\" alt=\"\" width=\"220\" height=\"220\" class=\" wp-image-22092 aligncenter\" \/><\/p>\n<p style=\"font-size: 19px; color: #1b396e; text-align: center;\"><span style=\"color: #000080;\"><strong>Emily McMahon<\/strong><\/span><\/p>\n<div class=\"su-expand su-expand-collapsed su-expand-link-style-dotted\" data-height=\"75\"><div class=\"su-expand-content su-u-trim\" style=\"color:#333333;max-height:75px;overflow:hidden\">\n<p><span style=\"font-weight: 400;\">Emily McMahon est une professionnelle du marketing et de la communication avec une carri\u00e8re en plein essor dans le secteur culturel. Passionn\u00e9e par la narration canadienne, Emily a travaill\u00e9 dans quatre provinces o\u00f9 elle a g\u00e9r\u00e9 les arts de la sc\u00e8ne, les arts visuels et le cin\u00e9ma. Elle a notamment travaill\u00e9 au Centre des arts de la Conf\u00e9d\u00e9ration, au Centre des arts et de la cr\u00e9ativit\u00e9 de Banff et au Festival international du film de Toronto.<\/span><\/p>\n<p><span style=\"font-weight: 400;\">Elle est dipl\u00f4m\u00e9e du programme de commerce de l&#8217;universit\u00e9 Queens o\u00f9 elle a \u00e9t\u00e9 sp\u00e9cialis\u00e9e dans le marketing, les affaires internationales et les langues mondiales. Emily est une b\u00e9n\u00e9vole engag\u00e9e qui a particip\u00e9 \u00e0 la planification et \u00e0 l&#8217;ex\u00e9cution de grands \u00e9v\u00e9nements culturels tels que les Jeux du Canada et le Festival international du film de l&#8217;Atlantique. Elle a \u00e9galement si\u00e9g\u00e9 au conseil d&#8217;administration d&#8217;organismes caritatifs qui soutiennent la culture, le tourisme et l&#8217;engagement des jeunes.<\/span><\/p>\n<p><span style=\"font-weight: 400;\">Emily a \u00e9t\u00e9 nomm\u00e9e l&#8217;une des 30 meilleures personnes de moins de 30 ans par le magazine Atlantic Business, a \u00e9t\u00e9 pr\u00e9sent\u00e9e sur la liste des leaders \u00e9mergents du journal The Peak et elle a re\u00e7u le prix des arts et de la culture de Fusion Charlottetown. Elle a r\u00e9cemment obtenu l\u2019agr\u00e9ment Agr\u00e9\u00e9 en relations publiques (ARP) de la Soci\u00e9t\u00e9 canadienne des relations publiques.<\/span><\/p>\n<\/div><div class=\"su-expand-link su-expand-link-more\" style=\"text-align:left\"><a href=\"javascript:;\" style=\"color:#5178bd;border-color:#5178bd\"><i class=\"sui sui-plus-circle\" style=\"\" aria-label=\"\"><\/i><span style=\"border-color:#5178bd\">Show more<\/span><\/a><\/div><div class=\"su-expand-link su-expand-link-less\" style=\"text-align:left\"><a href=\"javascript:;\" style=\"color:#5178bd;border-color:#5178bd\"><i class=\"sui sui-minus-circle\" style=\"\" aria-label=\"\"><\/i><span style=\"border-color:#5178bd\">Show less<\/span><\/a><\/div><\/div><\/div><\/div>\n<div class=\"su-column su-column-size-1-3\"><div class=\"su-column-inner su-u-clearfix su-u-trim\">\n<p><img loading=\"lazy\" decoding=\"async\" src=\"https:\/\/www.businessandarts.org\/wp-content\/uploads\/2024\/04\/Etienne-Allard-upd.png\" alt=\"\" width=\"220\" height=\"220\" class=\" wp-image-22092 aligncenter\" \/><\/p>\n<p style=\"font-size: 19px; color: #1b396e; text-align: center;\"><span style=\"color: #000080;\"><strong>Etienne Allard<\/strong><\/span><\/p>\n<div class=\"su-expand su-expand-collapsed su-expand-link-style-dotted\" data-height=\"75\"><div class=\"su-expand-content su-u-trim\" style=\"color:#333333;max-height:75px;overflow:hidden\">\n<p><span style=\"font-weight: 400;\">Etienne Allard est le directeur des op\u00e9rations du Campus Monument-National de l&#8217;\u00c9cole nationale de th\u00e9\u00e2tre du Canada.<\/span><\/p>\n<p><span style=\"font-weight: 400;\"> Il joue un r\u00f4le essentiel dans la red\u00e9finition de la raison d&#8217;\u00eatre du Campus et dans la pr\u00e9servation de sa valeur historique. Sa direction strat\u00e9gique s&#8217;assure de la pertinence et de la prosp\u00e9rit\u00e9 continues du Campus, tout en supervisant les aspects acad\u00e9miques, commerciaux, financiers et architecturaux.<\/span><\/p>\n<p><span style=\"font-weight: 400;\">Le mandat d\u2019Etienne au Cirque du Soleil de 2004 \u00e0 2021 a soulign\u00e9 ses comp\u00e9tences en mati\u00e8re de leadership et de gestion de projet. Il a dirig\u00e9 un d\u00e9partement international charg\u00e9 de la planification et de l&#8217;entretien des mat\u00e9riel sc\u00e9nique lors des tourn\u00e9es, contribuant ainsi au succ\u00e8s et \u00e0 la profitabilit\u00e9 de l&#8217;entreprise gr\u00e2ce \u00e0 des projets tels que l&#8217;ar\u00e8ne mobile de Sanya, en Chine.<\/span><\/p>\n<p><span style=\"font-weight: 400;\">La carri\u00e8re d&#8217;Etienne est marqu\u00e9e par une croissance et un leadership continus, avec un engagement in\u00e9branlable pour l&#8217;excellence. Ses r\u00e9alisations ont eu un impact durable sur les paysages culturels et op\u00e9rationnels des institutions qu&#8217;il a servies, d\u00e9finissant ainsi son parcours professionnel.<\/span><\/p>\n<\/div><div class=\"su-expand-link su-expand-link-more\" style=\"text-align:left\"><a href=\"javascript:;\" style=\"color:#5178bd;border-color:#5178bd\"><i class=\"sui sui-plus-circle\" style=\"\" aria-label=\"\"><\/i><span style=\"border-color:#5178bd\">Show more<\/span><\/a><\/div><div class=\"su-expand-link su-expand-link-less\" style=\"text-align:left\"><a href=\"javascript:;\" style=\"color:#5178bd;border-color:#5178bd\"><i class=\"sui sui-minus-circle\" style=\"\" aria-label=\"\"><\/i><span style=\"border-color:#5178bd\">Show less<\/span><\/a><\/div><\/div>\n<\/div><\/div>\n<div class=\"su-column su-column-size-1-3\"><div class=\"su-column-inner su-u-clearfix su-u-trim\">\n<p><img loading=\"lazy\" decoding=\"async\" src=\"https:\/\/www.businessandarts.org\/wp-content\/uploads\/2024\/04\/Fawnda-Mithrush.png\" alt=\"\" width=\"220\" height=\"220\" class=\" wp-image-22092 aligncenter\" \/><\/p>\n<p style=\"font-size: 19px; color: #1b396e; text-align: center;\"><span style=\"color: #000080;\"><strong>Fawnda Mithrush<\/strong><\/span><\/p>\n<div class=\"su-expand su-expand-collapsed su-expand-link-style-dotted\" data-height=\"75\"><div class=\"su-expand-content su-u-trim\" style=\"color:#333333;max-height:75px;overflow:hidden\">\n<p><span style=\"font-weight: 400;\">D\u00e9voreuse d&#8217;histoires, Fawnda Mithrush a pass\u00e9 les 15 derni\u00e8res ann\u00e9es en tant que directrice d&#8217;organismes \u00e0 but non lucratif, travaillant sur des projets collaboratifs, des programmes innovants et strat\u00e9giques, et la gestion d&#8217;\u00e9v\u00e9nements et de projets.<\/span><\/p>\n<p><span style=\"font-weight: 400;\">En tant que productrice de podcasts, animatrice d&#8217;\u00e9v\u00e9nements et consultante culturelle, elle a laiss\u00e9 sa marque dans divers domaines. Pendant huit ans, Fawnda a \u00e9t\u00e9 plong\u00e9e dans le monde des livres en tant que directrice ex\u00e9cutive de LitFest, le seul festival de non-fiction au Canada. Auparavant, elle a \u00e9t\u00e9 directrice g\u00e9n\u00e9rale de Theatre Network et le Festival Freewill Shakespeare. <\/span><\/p>\n<p><span style=\"font-weight: 400;\">Elle a aussi collabor\u00e9 \u00e0 des reportages sur les arts pour EDify, Taproot, Edmonton Journal, Dance Current, ACUA Vitae et d&#8217;autres. Plus r\u00e9cemment, elle a amen\u00e9 le tout premier Spiegeltent en Alberta et a cr\u00e9\u00e9 un concours de design industriel avec Explore Edmonton pour r\u00e9imaginer la f\u00eate d&#8217;\u00e9t\u00e9 annuelle, KDays.<\/span><\/p>\n<\/div><div class=\"su-expand-link su-expand-link-more\" style=\"text-align:left\"><a href=\"javascript:;\" style=\"color:#5178bd;border-color:#5178bd\"><i class=\"sui sui-plus-circle\" style=\"\" aria-label=\"\"><\/i><span style=\"border-color:#5178bd\">Show more<\/span><\/a><\/div><div class=\"su-expand-link su-expand-link-less\" style=\"text-align:left\"><a href=\"javascript:;\" style=\"color:#5178bd;border-color:#5178bd\"><i class=\"sui sui-minus-circle\" style=\"\" aria-label=\"\"><\/i><span style=\"border-color:#5178bd\">Show less<\/span><\/a><\/div><\/div><\/div><\/div>\n<\/div>\n<hr \/>\n<div class=\"su-row\">\n<div class=\"su-column su-column-size-1-3\"><div class=\"su-column-inner su-u-clearfix su-u-trim\">\n<p><img loading=\"lazy\" decoding=\"async\" src=\"https:\/\/www.businessandarts.org\/wp-content\/uploads\/2024\/04\/Jenn-Brown.png\" alt=\"\" width=\"220\" height=\"220\" class=\" wp-image-22092 aligncenter\" \/><\/p>\n<p style=\"font-size: 19px; color: #1b396e; text-align: center;\"><span style=\"color: #000080;\"><strong>Jenn Brown<\/strong><\/span><\/p>\n<div class=\"su-expand su-expand-collapsed su-expand-link-style-dotted\" data-height=\"75\"><div class=\"su-expand-content su-u-trim\" style=\"color:#333333;max-height:75px;overflow:hidden\">\n<p><span style=\"font-weight: 400;\">Jenn Brown poss\u00e8de plus de 15 ans d&#8217;exp\u00e9rience en tant que dirigeante dans le secteur culturel. <\/span><\/p>\n<p><span style=\"font-weight: 400;\">Elle a travaill\u00e9 avec des organismes \u00e0 but non lucratif dans toute la province et a \u00e9t\u00e9 conseill\u00e8re \u00e0 l&#8217;\u00e9chelle internationale. Reconnue pour son excellence et sa cr\u00e9ativit\u00e9 dans le secteur et pour son engagement \u00e0 faire progresser l&#8217;\u00e9quit\u00e9 dans le secteur, elle se passionne pour la promotion des artistes et du paysage culturel unique de Terre-Neuve-et-Labrador.\u00a0<\/span><\/p>\n<p><span style=\"font-weight: 400;\">\ufffc Jenn est fi\u00e8re d&#8217;\u00eatre originaire de la c\u00f4te de Terre-Neuve et a obtenu une baccalaur\u00e9ate en th\u00e9\u00e2tre \u00e0 l&#8217;universit\u00e9 Memorial (campus Grenfell). Aujourd&#8217;hui, elle vit \u00e0 St. John&#8217;s, o\u00f9 elle est directrice ex\u00e9cutive du St. John&#8217;s International Women&#8217;s Film Festival, le plus ancien festival de films de femmes au Canada, promouvant l&#8217;\u00e9galit\u00e9 des sexes dans le domaine du cin\u00e9ma depuis 1989.<\/span><\/p>\n<\/div><div class=\"su-expand-link su-expand-link-more\" style=\"text-align:left\"><a href=\"javascript:;\" style=\"color:#5178bd;border-color:#5178bd\"><i class=\"sui sui-plus-circle\" style=\"\" aria-label=\"\"><\/i><span style=\"border-color:#5178bd\">Show more<\/span><\/a><\/div><div class=\"su-expand-link su-expand-link-less\" style=\"text-align:left\"><a href=\"javascript:;\" style=\"color:#5178bd;border-color:#5178bd\"><i class=\"sui sui-minus-circle\" style=\"\" aria-label=\"\"><\/i><span style=\"border-color:#5178bd\">Show less<\/span><\/a><\/div><\/div><\/div><\/div>\n<div class=\"su-column su-column-size-1-3\"><div class=\"su-column-inner su-u-clearfix su-u-trim\">\n<p><img loading=\"lazy\" decoding=\"async\" src=\"https:\/\/www.businessandarts.org\/wp-content\/uploads\/2024\/04\/Jennifer-Rae-Forsyth.png\" alt=\"\" width=\"220\" height=\"220\" class=\" wp-image-22092 aligncenter\" \/><\/p>\n<p style=\"font-size: 19px; color: #1b396e; text-align: center;\"><span style=\"color: #000080;\"><strong>Jennifer Rae Forsyth<\/strong><\/span><\/p>\n<div class=\"su-expand su-expand-collapsed su-expand-link-style-dotted\" data-height=\"70\"><div class=\"su-expand-content su-u-trim\" style=\"color:#333333;max-height:70px;overflow:hidden\">\n<p><span style=\"font-weight: 400;\">Jennifer Rae Forsyth est la directrice g\u00e9n\u00e9rale de I&#8217;Association des mus\u00e9es de l&#8217;Alberta (AMA). <\/span><\/p>\n<p><span style=\"font-weight: 400;\">N\u00e9e \u00e0 Vancouver, Forsyth est une artiste, une conservatrice ind\u00e9pendante et une sp\u00e9cialiste de mus\u00e9e Elle r\u00e9side actuellement \u00e0 Amiskwac\u00eew\u00e2skahikan (Edmonton), en tant que colon d&#8217;origine norv\u00e9gienne, sur le territoire du trait\u00e9 n\u00b0 6 et la patrie de la nation M\u00e9tis de l&#8217;Alberta. <\/span><\/p>\n<p><span style=\"font-weight: 400;\">Forsyth est titulaire d&#8217;une ma\u00eetrise en beaux-arts de l&#8217;universit\u00e9 de Calgary, d&#8217;un baccalaur\u00e9at en beaux-arts de l&#8217;universit\u00e9 de Colombie-Britannique, d&#8217;un dipl\u00f4me en arts visuels du Camosun College de Victoria et d&#8217;un certificat professionnel en administration des collections du programme en gestion des ressources culturelles de l&#8217;universit\u00e9 de Victoria.<\/span><\/p>\n<p><span style=\"font-weight: 400;\"> Forsyth d\u00e9fend les droits des artistes au Canada en tant que membre du conseil d&#8217;administration de CARFAC Alberta et de CARFAC National. En 2022, elle a re\u00e7u la M\u00e9daille du jubil\u00e9 de platine de la Reine Elizabeth II pour son travail au service de la communaut\u00e9 mus\u00e9ale de l&#8217;Alberta.<\/span><\/p>\n<\/div><div class=\"su-expand-link su-expand-link-more\" style=\"text-align:left\"><a href=\"javascript:;\" style=\"color:#5178bd;border-color:#5178bd\"><i class=\"sui sui-plus-circle\" style=\"\" aria-label=\"\"><\/i><span style=\"border-color:#5178bd\">Show more<\/span><\/a><\/div><div class=\"su-expand-link su-expand-link-less\" style=\"text-align:left\"><a href=\"javascript:;\" style=\"color:#5178bd;border-color:#5178bd\"><i class=\"sui sui-minus-circle\" style=\"\" aria-label=\"\"><\/i><span style=\"border-color:#5178bd\">Show less<\/span><\/a><\/div><\/div>\n<\/div><\/div>\n<div class=\"su-column su-column-size-1-3\"><div class=\"su-column-inner su-u-clearfix su-u-trim\">\n<p><img loading=\"lazy\" decoding=\"async\" src=\"https:\/\/www.businessandarts.org\/wp-content\/uploads\/2024\/04\/Jocelyn-Tsui-.png\" alt=\"\" width=\"220\" height=\"220\" class=\" wp-image-22092 aligncenter\" \/><\/p>\n<p style=\"font-size: 19px; color: #1b396e; text-align: center;\"><span style=\"color: #000080;\"><strong>Jocelyn Tsui<\/strong><\/span><\/p>\n<div class=\"su-expand su-expand-collapsed su-expand-link-style-dotted\" data-height=\"125\"><div class=\"su-expand-content su-u-trim\" style=\"color:#333333;max-height:125px;overflow:hidden\">\n<p><span style=\"font-weight: 400;\">Jocelyn Tsui (elle) est une productrice de th\u00e9\u00e2tre et une artiste Canadienne d&#8217;origine chinoise, qui vit sur les territoires non c\u00e9d\u00e9s des Musqueam, des Squamish et des Tsleil-Waututh.<\/span><\/p>\n<p><span style=\"font-weight: 400;\">Elle est passionn\u00e9e par l&#8217;id\u00e9e de faire avancer le secteur des arts du spectacle vers un avenir plus progressif et plus inclusif, en commen\u00e7ant par ouvrir les portes et mettre en \u0153uvre des pratiques de soins. En 2020, elle a cofond\u00e9 The Parallel Project, un atelier d&#8217;\u00e9criture de monologues pour les dramaturges \u00e9mergents PANDC, et elle est maintenant productrice du projet. Elle a commenc\u00e9 sa carri\u00e8re professionnelle dans l&#8217;administration des arts avec vAct (Vancouver Asian Canadian Theatre) en tant que productrice du MSG Lab ( \u00e0 pr\u00e9sent le vAct Creation Lab), et elle est la productrice de l&#8217;Arts Club Theatre Company.<\/span><\/p>\n<p><span style=\"font-weight: 400;\">Jocelyn est titulaire d&#8217;un dipl\u00f4me de th\u00e9\u00e2tre musicale de l&#8217;universit\u00e9 Capilano et d&#8217;une baccalaur\u00e9ate en arts avec doubles mineures en biologie et en arts contemporains de l&#8217;universit\u00e9 Simon Fraser. Elle si\u00e8ge au Conseil de Camp Cue, un camp d&#8217;\u00e9t\u00e9 caricatif pour les adolescents qui font de la th\u00e9\u00e2tre musicale.<\/span><\/p>\n<\/div><div class=\"su-expand-link su-expand-link-more\" style=\"text-align:left\"><a href=\"javascript:;\" style=\"color:#5178bd;border-color:#5178bd\"><i class=\"sui sui-plus-circle\" style=\"\" aria-label=\"\"><\/i><span style=\"border-color:#5178bd\">Show more<\/span><\/a><\/div><div class=\"su-expand-link su-expand-link-less\" style=\"text-align:left\"><a href=\"javascript:;\" style=\"color:#5178bd;border-color:#5178bd\"><i class=\"sui sui-minus-circle\" style=\"\" aria-label=\"\"><\/i><span style=\"border-color:#5178bd\">Show less<\/span><\/a><\/div><\/div><\/div><\/div>\n<\/div>\n<hr \/>\n<div class=\"su-row\">\n<div class=\"su-column su-column-size-1-3\"><div class=\"su-column-inner su-u-clearfix su-u-trim\">\n<p><img loading=\"lazy\" decoding=\"async\" src=\"https:\/\/www.businessandarts.org\/wp-content\/uploads\/2024\/04\/Joshua-Dalledonne.png\" alt=\"\" width=\"220\" height=\"220\" class=\" wp-image-22092 aligncenter\" \/><\/p>\n<p style=\"font-size: 19px; color: #1b396e; text-align: center;\"><span style=\"color: #000080;\"><strong>Joshua Dalledonne<\/strong><\/span><\/p>\n<div class=\"su-expand su-expand-collapsed su-expand-link-style-dotted\" data-height=\"75\"><div class=\"su-expand-content su-u-trim\" style=\"color:#333333;max-height:75px;overflow:hidden\">\n<p><span style=\"font-weight: 400;\">Joshua Dalledonne est producteur artistique, programmateur et r\u00e9alisateur de spectacles vivants et d&#8217;activit\u00e9s communautaires.<\/span><\/p>\n<p><span style=\"font-weight: 400;\"> Convaincu du pouvoir de transformation de la cr\u00e9ativit\u00e9, de la collaboration et de la gentillesse, il rassemble les artistes et les publics pour cr\u00e9er un monde plus accueillant. D\u00e9fenseur des artistes et des communaut\u00e9s en qu\u00eate d&#8217;\u00e9quit\u00e9, il a le privil\u00e8ge d&#8217;\u00eatre le directeur associ\u00e9 de la cr\u00e9ation \u00e0 Arts Commons et s&#8217;investit profond\u00e9ment dans la promotion d&#8217;une vision programmatique centr\u00e9e sur le public.<\/span><\/p>\n<p><span style=\"font-weight: 400;\">Josh a commenc\u00e9 sa carri\u00e8re au Birmingham Repertory Theatre, au Royaume-Uni, et bien que son travail se soit concentr\u00e9 sur des organisations artistiques fondamentales \u00e0 Calgary, il a eu le privil\u00e8ge de travailler dans toute l&#8217;Alberta, au Canada et \u00e0 l&#8217;\u00e9tranger. Un membre fier de la communaut\u00e9 Queer, il donne de son temps \u00e0 la Calgary Arts Academy, entre autres, et a r\u00e9cemment \u00e9pous\u00e9 son mari Max &#8211; son partenaire dans la vie, l&#8217;amour et l&#8217;aventure.<\/span><\/p>\n<\/div><div class=\"su-expand-link su-expand-link-more\" style=\"text-align:left\"><a href=\"javascript:;\" style=\"color:#5178bd;border-color:#5178bd\"><i class=\"sui sui-plus-circle\" style=\"\" aria-label=\"\"><\/i><span style=\"border-color:#5178bd\">Show more<\/span><\/a><\/div><div class=\"su-expand-link su-expand-link-less\" style=\"text-align:left\"><a href=\"javascript:;\" style=\"color:#5178bd;border-color:#5178bd\"><i class=\"sui sui-minus-circle\" style=\"\" aria-label=\"\"><\/i><span style=\"border-color:#5178bd\">Show less<\/span><\/a><\/div><\/div><\/div><\/div>\n<div class=\"su-column su-column-size-1-3\"><div class=\"su-column-inner su-u-clearfix su-u-trim\">\n<p><img loading=\"lazy\" decoding=\"async\" src=\"https:\/\/www.businessandarts.org\/wp-content\/uploads\/2024\/04\/Julia-Lafreniere.png\" alt=\"\" width=\"220\" height=\"220\" class=\" wp-image-22092 aligncenter\" \/><\/p>\n<p style=\"font-size: 19px; color: #1b396e; text-align: center;\"><span style=\"color: #000080;\"><strong>Julia Lafreniere<\/strong><\/span><\/p>\n<div class=\"su-expand su-expand-collapsed su-expand-link-style-dotted\" data-height=\"75\"><div class=\"su-expand-content su-u-trim\" style=\"color:#333333;max-height:75px;overflow:hidden\">\n<p><span style=\"font-weight: 400;\">Julia Lafreni\u00e8re a \u00e9t\u00e9 honor\u00e9e en tant que laur\u00e9ate de la m\u00e9daille de platine du jubil\u00e9 de la reine \u00c9lisabeth II pour l&#8217;ann\u00e9e 2023. <\/span><\/p>\n<p><span style=\"font-weight: 400;\">Cette distinction reconna\u00eet son d\u00e9vouement envers le service \u00e0 la famille et \u00e0 la communaut\u00e9. En tant que leader, elle s&#8217;efforce de combler le foss\u00e9 entre les cultures et de cr\u00e9er une compr\u00e9hension institutionnelle au sein des espaces coloniaux.<\/span><\/p>\n<p><span style=\"font-weight: 400;\">Julia est michif et anishinaabe, originaire de la communaut\u00e9 M\u00e9tis de la rivi\u00e8re Rouge, \u00e0 Camperville. Elle est membre de la tribu Minegoziibe Anishinabe, situ\u00e9e sur le territoire du Trait\u00e9 4.<\/span><\/p>\n<p><span style=\"font-weight: 400;\">Membre de l&#8217;\u00e9quipe de direction de la Winnpeg Art Gallery, o\u00f9 elle travaille depuis 2019, Julia est responsable de l&#8217;apprentissage, des m\u00e9thodes autochtones et de l&#8217;\u00e9quit\u00e9. Julia a effectu\u00e9 de nombreuses pr\u00e9sentations sur ses activit\u00e9s \u00e0 travers l&#8217;\u00eele de la Tortue, notamment au Metropolitan Museum of Art \u00e0 New York. Elle est r\u00e9guli\u00e8rement invit\u00e9e \u00e0 participer \u00e0 des projets en tant que consultante et a dirig\u00e9 une initiative qui a permis \u00e0 des \u0153uvres d&#8217;art historiques d&#8217;\u00eatre renomm\u00e9es par des a\u00een\u00e9s autochtones.<\/span><\/p>\n<\/div><div class=\"su-expand-link su-expand-link-more\" style=\"text-align:left\"><a href=\"javascript:;\" style=\"color:#5178bd;border-color:#5178bd\"><i class=\"sui sui-plus-circle\" style=\"\" aria-label=\"\"><\/i><span style=\"border-color:#5178bd\">Show more<\/span><\/a><\/div><div class=\"su-expand-link su-expand-link-less\" style=\"text-align:left\"><a href=\"javascript:;\" style=\"color:#5178bd;border-color:#5178bd\"><i class=\"sui sui-minus-circle\" style=\"\" aria-label=\"\"><\/i><span style=\"border-color:#5178bd\">Show less<\/span><\/a><\/div><\/div>\n<\/div><\/div>\n<div class=\"su-column su-column-size-1-3\"><div class=\"su-column-inner su-u-clearfix su-u-trim\">\n<p><img loading=\"lazy\" decoding=\"async\" src=\"https:\/\/www.businessandarts.org\/wp-content\/uploads\/2024\/04\/Melissa-Novecosky.png\" alt=\"\" width=\"220\" height=\"220\" class=\" wp-image-22092 aligncenter\" \/><\/p>\n<p style=\"font-size: 19px; color: #1b396e; text-align: center;\"><span style=\"color: #000080;\"><strong>Melissa Novecosky<\/strong><\/span><\/p>\n<div class=\"su-expand su-expand-collapsed su-expand-link-style-dotted\" data-height=\"75\"><div class=\"su-expand-content su-u-trim\" style=\"color:#333333;max-height:75px;overflow:hidden\">\n<p><span style=\"font-weight: 400;\">Melissa Novecosky (CFRE) est la directrice du d\u00e9veloppement au Royal Manitoba Theatre Centre. <\/span><\/p>\n<p><span style=\"font-weight: 400;\">Dipl\u00f4m\u00e9e de l&#8217;\u00c9cole nationale de th\u00e9\u00e2tre, elle a commenc\u00e9 sa carri\u00e8re comme r\u00e9gisseuse et a particip\u00e9 \u00e0 plus de 50 productions dans des th\u00e9\u00e2tres \u00e0 travers le Canada. Melissa se consacre au mentorat d&#8217;artistes \u00e9mergents et partage ses connaissances en tant qu&#8217;enseignante en r\u00e9gie \u00e0 l&#8217;Universit\u00e9 de Winnipeg.. Elle est membre de la Canadian Actors&#8217; Equity Association et a d\u00e9j\u00e0 si\u00e9g\u00e9 en tant que repr\u00e9sentante au Conseil national de l&#8217;Equit\u00e9, o\u00f9 elle a d\u00e9fendu les int\u00e9r\u00eats des r\u00e9gisseurs.<\/span><\/p>\n<p><span style=\"font-weight: 400;\">Au-del\u00e0 de sescontributions aux arts du spectacle, Melissa est la vice-pr\u00e9sidente du conseil d&#8217;administration du Centre de ressources Rainbow, le plus ancien et continuel centre de ressources 2SLGBTQ+ au Canada. Rainbow travaille \u00e0 la construction d&#8217;un nouveau campus Queer \u00e0 Winnipeg, qui comprend des logements abordables pour les personnes \u00e2g\u00e9es 2SLGBTQ+, un projet unique en son genre au Canada.<\/span><\/p>\n<\/div><div class=\"su-expand-link su-expand-link-more\" style=\"text-align:left\"><a href=\"javascript:;\" style=\"color:#5178bd;border-color:#5178bd\"><i class=\"sui sui-plus-circle\" style=\"\" aria-label=\"\"><\/i><span style=\"border-color:#5178bd\">Show more<\/span><\/a><\/div><div class=\"su-expand-link su-expand-link-less\" style=\"text-align:left\"><a href=\"javascript:;\" style=\"color:#5178bd;border-color:#5178bd\"><i class=\"sui sui-minus-circle\" style=\"\" aria-label=\"\"><\/i><span style=\"border-color:#5178bd\">Show less<\/span><\/a><\/div><\/div><\/div><\/div>\n<\/div>\n<hr \/>\n<div class=\"su-row\">\n<div class=\"su-column su-column-size-1-3\"><div class=\"su-column-inner su-u-clearfix su-u-trim\">\n<p><img loading=\"lazy\" decoding=\"async\" src=\"https:\/\/www.businessandarts.org\/wp-content\/uploads\/2024\/04\/Mieko-Ouchi-3.png\" alt=\"\" width=\"220\" height=\"220\" class=\" wp-image-22092 aligncenter\" \/><\/p>\n<p style=\"font-size: 19px; color: #1b396e; text-align: center;\"><span style=\"color: #000080;\"><strong>Mieko Ouchi<\/strong><\/span><\/p>\n<div class=\"su-expand su-expand-collapsed su-expand-link-style-dotted\" data-height=\"75\"><div class=\"su-expand-content su-u-trim\" style=\"color:#333333;max-height:75px;overflow:hidden\">\n<p><span style=\"font-weight: 400;\">\u00c9crivaine, metteuse en sc\u00e8ne, dramaturge et directrice artistique, Mieko est directrice artistique associ\u00e9e au Citadel Theatre. Auparavant, elle a \u00e9t\u00e9 directrice artistique du Concrete Theatre pendant 31 ans. <\/span><\/p>\n<p><span style=\"font-weight: 400;\">Ses films prim\u00e9s ont \u00e9t\u00e9 projet\u00e9s dans plus de trente festivals, dont les festivals internationaux du film de Toronto et de Vancouver et les festivals du film asiatique am\u00e9ricain de San Francisco, New York, Los Angeles et San Diego. Ses pi\u00e8ces ont \u00e9t\u00e9 traduites en sept langues et lues au HotInk Int&#8217;l Reading Festival au Lark \u00e0 New York, au Chekhov Int&#8217;l Theatre Festival \u00e0 Moscou, au Pop Up Residency International Play Festival \u00e0 l&#8217;Arcola \u00e0 Londres. Elles ont \u00e9t\u00e9 finalistes de la 4 Play Series au Old Vic, du Prix litt\u00e9raire du Gouverneur g\u00e9n\u00e9ral, du Gwen Pharis Ringwood Award, du City of Edmonton Book Prize et ont re\u00e7u le Carol Bolt Prize et le Enbridge Award for Established Canadian Playwright. L&#8217;automne dernier, Mieko a re\u00e7u le Lieutenant Governor of Alberta Arts Awards.<\/span><\/p>\n<\/div><div class=\"su-expand-link su-expand-link-more\" style=\"text-align:left\"><a href=\"javascript:;\" style=\"color:#5178bd;border-color:#5178bd\"><i class=\"sui sui-plus-circle\" style=\"\" aria-label=\"\"><\/i><span style=\"border-color:#5178bd\">Show more<\/span><\/a><\/div><div class=\"su-expand-link su-expand-link-less\" style=\"text-align:left\"><a href=\"javascript:;\" style=\"color:#5178bd;border-color:#5178bd\"><i class=\"sui sui-minus-circle\" style=\"\" aria-label=\"\"><\/i><span style=\"border-color:#5178bd\">Show less<\/span><\/a><\/div><\/div><\/div><\/div>\n<div class=\"su-column su-column-size-1-3\"><div class=\"su-column-inner su-u-clearfix su-u-trim\">\n<p><img loading=\"lazy\" decoding=\"async\" src=\"https:\/\/www.businessandarts.org\/wp-content\/uploads\/2024\/04\/Natasha-McEwen.png\" alt=\"\" width=\"220\" height=\"220\" class=\" wp-image-22092 aligncenter\" \/><\/p>\n<p style=\"font-size: 19px; color: #1b396e; text-align: center;\"><span style=\"color: #000080;\"><strong>Natasha McEwen<\/strong><\/span><\/p>\n<div class=\"su-expand su-expand-collapsed su-expand-link-style-dotted\" data-height=\"75\"><div class=\"su-expand-content su-u-trim\" style=\"color:#333333;max-height:75px;overflow:hidden\">\n<p><span style=\"font-weight: 400;\">Natasha McEwen est une administratrice artistique qui poss\u00e8de plus de 15 ans d&#8217;exp\u00e9rience dans le secteur culturel. <\/span><\/p>\n<p><span style=\"font-weight: 400;\">Elle a \u00e9tudi\u00e9 l&#8217;art dramatique, l&#8217;anglais et les \u00e9tudes sur la diversit\u00e9 sexuelle \u00e0 l&#8217;universit\u00e9 de Toronto, et est titulaire d&#8217;une ma\u00eetrise en communication professionnelle de l&#8217;universit\u00e9 Royal Roads. Avec une carri\u00e8re sp\u00e9cialis\u00e9e dans le marketing et la communication, Natasha a travaill\u00e9 dans des agences de m\u00e9dias, en tant que consultante, et dans les services de billetterie et de marketing d&#8217;institutions culturelles \u00e0 Toronto, Vancouver et Wells, en Colombie-Britannique.<\/span><\/p>\n<p><span style=\"font-weight: 400;\">Natasha a rejoint le VSO et l&#8217;\u00c9cole de musique du VSO comme directrice du marketing en 2021, dirigeant les efforts de r\u00e9cup\u00e9ration de Covid. En 2023, elle est devenue chef de l&#8217;int\u00e9gration strat\u00e9gique et dirige la coordination de la strat\u00e9gie et de la r\u00e9glementation pour tout le personnel de l&#8217;organisme. Natasha se consacre \u00e9galement \u00e0 la d\u00e9fense des organismes communautaires, en si\u00e9geant \u00e0 de nombreux conseils d&#8217;administration et en encourageant la prochaine g\u00e9n\u00e9ration de dirigeants artistiques.<\/span><\/p>\n<\/div><div class=\"su-expand-link su-expand-link-more\" style=\"text-align:left\"><a href=\"javascript:;\" style=\"color:#5178bd;border-color:#5178bd\"><i class=\"sui sui-plus-circle\" style=\"\" aria-label=\"\"><\/i><span style=\"border-color:#5178bd\">Show more<\/span><\/a><\/div><div class=\"su-expand-link su-expand-link-less\" style=\"text-align:left\"><a href=\"javascript:;\" style=\"color:#5178bd;border-color:#5178bd\"><i class=\"sui sui-minus-circle\" style=\"\" aria-label=\"\"><\/i><span style=\"border-color:#5178bd\">Show less<\/span><\/a><\/div><\/div>\n<\/div><\/div>\n<div class=\"su-column su-column-size-1-3\"><div class=\"su-column-inner su-u-clearfix su-u-trim\">\n<p><img loading=\"lazy\" decoding=\"async\" src=\"https:\/\/www.businessandarts.org\/wp-content\/uploads\/2024\/04\/Nelly-Jourdain.png\" alt=\"\" width=\"220\" height=\"220\" class=\" wp-image-22092 aligncenter\" \/><\/p>\n<p style=\"font-size: 19px; color: #1b396e; text-align: center;\"><span style=\"color: #000080;\"><strong>Nelly Jourdain<\/strong><\/span><\/p>\n<div class=\"su-expand su-expand-collapsed su-expand-link-style-dotted\" data-height=\"100\"><div class=\"su-expand-content su-u-trim\" style=\"color:#333333;max-height:100px;overflow:hidden\">\n<p>Nelly Jourdain, originaire de la communaut\u00e9 innue de Uashat mak Mani-Utenam, est une femme d\u00e9vou\u00e9e \u00e0 la culture des premi\u00e8res nations.<\/p>\n<p>Dipl\u00f4m\u00e9e en administration des affaires de l\u2019Universit\u00e9 du Qu\u00e9bec \u00e0 Chicoutimi (UQAC), elle a consacr\u00e9 sa carri\u00e8re au service de sa communaut\u00e9 au sein du conseil de bande de Uashat Mak Mani-Utenam. Avec 14 ann\u00e9es d&#8217;exp\u00e9rience, elle a occup\u00e9 des postes cl\u00e9s, d\u00e9veloppant ainsi des comp\u00e9tences solides en gestion et en leadership.<\/p>\n<p>En tant que pr\u00e9sidente-directrice g\u00e9n\u00e9rale de la maison de disque Makusham Musique, elle s&#8217;engage \u00e0 promouvoir les talents autochtones tout en c\u00e9l\u00e9brant la culture et les langues autochtones. Son d\u00e9vouement se manifeste \u00e9galement dans ses initiatives visant \u00e0 obtenir un quota de 5 % pour les cr\u00e9ateurs autochtones sur les ondes des radios commerciales, d\u00e9montrant ainsi son engagement ind\u00e9fectible envers sa culture et sa communaut\u00e9.<\/p>\n<\/div><div class=\"su-expand-link su-expand-link-more\" style=\"text-align:left\"><a href=\"javascript:;\" style=\"color:#5178bd;border-color:#5178bd\"><i class=\"sui sui-plus-circle\" style=\"\" aria-label=\"\"><\/i><span style=\"border-color:#5178bd\">Show more<\/span><\/a><\/div><div class=\"su-expand-link su-expand-link-less\" style=\"text-align:left\"><a href=\"javascript:;\" style=\"color:#5178bd;border-color:#5178bd\"><i class=\"sui sui-minus-circle\" style=\"\" aria-label=\"\"><\/i><span style=\"border-color:#5178bd\">Show less<\/span><\/a><\/div><\/div><\/div><\/div>\n<\/div>\n<hr \/>\n<div class=\"su-row\">\n<div class=\"su-column su-column-size-1-3\"><div class=\"su-column-inner su-u-clearfix su-u-trim\">\n<p><img loading=\"lazy\" decoding=\"async\" src=\"https:\/\/www.businessandarts.org\/wp-content\/uploads\/2024\/04\/Rohan-Kulkarni.png\" alt=\"\" width=\"220\" height=\"220\" class=\" wp-image-22092 aligncenter\" \/><\/p>\n<p style=\"font-size: 19px; color: #1b396e; text-align: center;\"><span style=\"color: #000080;\"><strong>Rohan Kulkarni<\/strong><\/span><\/p>\n<div class=\"su-expand su-expand-collapsed su-expand-link-style-dotted\" data-height=\"80\"><div class=\"su-expand-content su-u-trim\" style=\"color:#333333;max-height:80px;overflow:hidden\">\n<p><span style=\"font-weight: 400;\">Rohan Kulkarni (il\/lui) est un gestionnaire artistique bas\u00e9 \u00e0 Toronto et un haut dirigeant \u00e9mergent dans le secteur artistique et culturel du Canada.<\/span><\/p>\n<p><span style=\"font-weight: 400;\">Il a obtenu un baccalaur\u00e9at en th\u00e9\u00e2tre de l&#8217;Universit\u00e9 York et une ma\u00eetrise de l&#8217;Universit\u00e9 de l&#8217;Alberta. Rohan est actuellement directeur de l&#8217;\u00e9ducation et de l&#8217;engagement communautaire au Soulpepper Theatre, o\u00f9 il con\u00e7oit et dirige les c\u00e9l\u00e8bres programmes de formation des artistes \u00e9mergents de la compagnie, notamment la Soulpepper Academy, la City Youth Academy et le Queer Youth Cabaret.<\/span><\/p>\n<p><span style=\"font-weight: 400;\">l dirige \u00e9galement la transformation de l&#8217;organisme en un centre culturel prosp\u00e8re, en mettant en \u0153uvre des approches novatrices en mati\u00e8re d&#8217;activation de l&#8217;espace et en aidant \u00e0 r\u00e9imaginer la raison d&#8217;\u00eatre d&#8217;un th\u00e9\u00e2tre au sein de sa communaut\u00e9. En tant qu&#8217;\u00e9ducateur et conf\u00e9rencier, il a enseign\u00e9 des cours de critique th\u00e9\u00e2trale \u00e0 l&#8217;Universit\u00e9 de l&#8217;Alberta et \u00e0 l&#8217;Universit\u00e9 de Toronto, et a propos\u00e9 des conf\u00e9rences et des ateliers avant les repr\u00e9sentations pour l&#8217;Op\u00e9ra d&#8217;Edmonton et le Soulpepper Theatre.<\/span><\/p>\n<p><span style=\"font-weight: 400;\">En tant qu&#8217;\u00e9ducateur et conf\u00e9rencier, il a anim\u00e9 des cours de critique th\u00e9\u00e2trale \u00e0 l&#8217;Universit\u00e9 de l&#8217;Alberta et \u00e0 l&#8217;Universit\u00e9 de Toronto, et a pr\u00e9sent\u00e9 des discussions et des ateliers avant les spectacles pour l&#8217;Op\u00e9ra d&#8217;Edmonton et le Soulpepper Theatre. Rohan est passionn\u00e9 par le mentorat d&#8217;artistes et d&#8217;administrateurs en d\u00e9but de carri\u00e8re. Il est \u00e9galement membre du conseil d&#8217;administration de LGBT YouthLine, o\u00f9 il exerce un leadership en mati\u00e8re de finances, d&#8217;engagement communautaire, de planification strat\u00e9gique et de gestion op\u00e9rationnelle.<\/span><\/p>\n<\/div><div class=\"su-expand-link su-expand-link-more\" style=\"text-align:left\"><a href=\"javascript:;\" style=\"color:#5178bd;border-color:#5178bd\"><i class=\"sui sui-plus-circle\" style=\"\" aria-label=\"\"><\/i><span style=\"border-color:#5178bd\">Show more<\/span><\/a><\/div><div class=\"su-expand-link su-expand-link-less\" style=\"text-align:left\"><a href=\"javascript:;\" style=\"color:#5178bd;border-color:#5178bd\"><i class=\"sui sui-minus-circle\" style=\"\" aria-label=\"\"><\/i><span style=\"border-color:#5178bd\">Show less<\/span><\/a><\/div><\/div><\/div><\/div>\n<div class=\"su-column su-column-size-1-3\"><div class=\"su-column-inner su-u-clearfix su-u-trim\">\n<p><img loading=\"lazy\" decoding=\"async\" src=\"https:\/\/www.businessandarts.org\/wp-content\/uploads\/2024\/04\/Simon-Ouellette.png\" alt=\"\" width=\"220\" height=\"220\" class=\" wp-image-22092 aligncenter\" \/><\/p>\n<p style=\"font-size: 19px; color: #1b396e; text-align: center;\"><span style=\"color: #000080;\"><strong>Simon Ouellette<\/strong><\/span><\/p>\n<div class=\"su-expand su-expand-collapsed su-expand-link-style-dotted\" data-height=\"80\"><div class=\"su-expand-content su-u-trim\" style=\"color:#333333;max-height:80px;overflow:hidden\">\n<p><span style=\"font-weight: 400;\">D\u00e9tenteur d\u2019une ma\u00eetrise en musique, Simon Ouellette est un gestionnaire culturel avec une passion pour la musique classique. <\/span><\/p>\n<p><span style=\"font-weight: 400;\">Ayant travaill\u00e9 pour l\u2019Orchestre national des jeunes du Canada, le Thunder Bay Symphony Orchestra, l\u2019Orchestre symphonique de Montr\u00e9al et Orford Musique, il est maintenant directeur g\u00e9n\u00e9ral de l\u2019Orchestre symphonique de Laval. Un orchestre symphonique, pour lui, est un vecteur de d\u00e9veloppement et un acteur important pour une communaut\u00e9 en sant\u00e9. Simon a pu travailler dans les derni\u00e8res ann\u00e9es sur des initiatives tels que la Vir\u00e9e classique de l\u2019OSM ainsi que l\u2019implantation du programme de r\u00e9sidences artistiques \u00e0 Orford Musique. Il s\u2019implique \u00e9galement de fa\u00e7on b\u00e9n\u00e9vole aupr\u00e8s de diff\u00e9rents conseils d\u2019administration d\u2019organismes culturels et communautaires. Leader passionn\u00e9 et engag\u00e9, Simon est convaincu que la collaboration est la voie afin de d\u00e9velopper des institutions culturelles fortes et p\u00e9rennes.<\/span><\/p>\n<\/div><div class=\"su-expand-link su-expand-link-more\" style=\"text-align:left\"><a href=\"javascript:;\" style=\"color:#5178bd;border-color:#5178bd\"><i class=\"sui sui-plus-circle\" style=\"\" aria-label=\"\"><\/i><span style=\"border-color:#5178bd\">Show more<\/span><\/a><\/div><div class=\"su-expand-link su-expand-link-less\" style=\"text-align:left\"><a href=\"javascript:;\" style=\"color:#5178bd;border-color:#5178bd\"><i class=\"sui sui-minus-circle\" style=\"\" aria-label=\"\"><\/i><span style=\"border-color:#5178bd\">Show less<\/span><\/a><\/div><\/div>\n<\/div><\/div>\n<div class=\"su-column su-column-size-1-3\"><div class=\"su-column-inner su-u-clearfix su-u-trim\">\n<p><img loading=\"lazy\" decoding=\"async\" src=\"https:\/\/www.businessandarts.org\/wp-content\/uploads\/2024\/04\/Stash-Bylicki-.png\" alt=\"\" width=\"220\" height=\"220\" class=\" wp-image-22092 aligncenter\" \/><\/p>\n<p style=\"font-size: 19px; color: #1b396e; text-align: center;\"><span style=\"color: #000080;\"><strong>Stash Bylicki<\/strong><\/span><\/p>\n<div class=\"su-expand su-expand-collapsed su-expand-link-style-dotted\" data-height=\"100\"><div class=\"su-expand-content su-u-trim\" style=\"color:#333333;max-height:100px;overflow:hidden\">\n<p><span style=\"font-weight: 400;\">Stash Bylicki est le directeur ex\u00e9cutif de Chor Leoni, un organisme choral qui s&#8217;efforce d&#8217;engager et d&#8217;enrichir le monde par l&#8217;art du chant choral. <\/span><\/p>\n<p><span style=\"font-weight: 400;\">Sous sa direction, Chor Leoni est devenu un des organismes choraux les plus importants et les plus influents d&#8217;Am\u00e9rique du Nord, avec une composante artistique en direct et num\u00e9rique, des programmes \u00e9ducatifs ambitieux, une pratique de commande dynamique et un lien profond\u00e9ment enracin\u00e9 avec la communaut\u00e9, tout en maintenant l&#8217;excellence au niveau mondial. Cet organisme touche plus de 30 000 spectateurs chaque ann\u00e9e et s&#8217;efforce d&#8217;inspirer la prochaine g\u00e9n\u00e9ration de jeunes chanteurs par le biais de deux programmes gratuits destin\u00e9s aux jeunes. Stash est \u00e9galement chanteur et com\u00e9dien, et il est bassiste dans l&#8217;ensemble b\u00e9n\u00e9vole prim\u00e9 de Chor Leoni. Il vit \u00e0 Vancouver, en Colombie-Britannique, avec sa femme et sa petite fille.\u00a0<\/span><\/p>\n<\/div><div class=\"su-expand-link su-expand-link-more\" style=\"text-align:left\"><a href=\"javascript:;\" style=\"color:#5178bd;border-color:#5178bd\"><i class=\"sui sui-plus-circle\" style=\"\" aria-label=\"\"><\/i><span style=\"border-color:#5178bd\">Show more<\/span><\/a><\/div><div class=\"su-expand-link su-expand-link-less\" style=\"text-align:left\"><a href=\"javascript:;\" style=\"color:#5178bd;border-color:#5178bd\"><i class=\"sui sui-minus-circle\" style=\"\" aria-label=\"\"><\/i><span style=\"border-color:#5178bd\">Show less<\/span><\/a><\/div><\/div><\/div><\/div>\n<\/div>\n<hr \/>\n<div class=\"su-row\">\n<div class=\"su-column su-column-size-1-2\"><div class=\"su-column-inner su-u-clearfix su-u-trim\">\n<p><img loading=\"lazy\" decoding=\"async\" src=\"https:\/\/www.businessandarts.org\/wp-content\/uploads\/2024\/04\/Su-Ying-Strang.png\" alt=\"\" width=\"220\" height=\"220\" class=\" wp-image-22092 aligncenter\" \/><\/p>\n<p style=\"font-size: 19px; color: #1b396e; text-align: center;\"><span style=\"color: #000080;\"><strong>Su Ying Strang<\/strong><\/span><\/p>\n<div class=\"su-expand su-expand-collapsed su-expand-link-style-dotted\" data-height=\"130\"><div class=\"su-expand-content su-u-trim\" style=\"color:#333333;max-height:130px;overflow:hidden\">\n<p><span style=\"font-weight: 400;\">Su Ying Strang (elle) est une travailleuse culturelle bas\u00e9e \u00e0 Sik\u00f3\u00f3hkotok &#8211; le nom Blackfoot de la r\u00e9gion de Lethbridge, en Alberta &#8211; sur les territoires traditionnels de la Siksikaitsitapi, ou Conf\u00e9d\u00e9ration des Blackfoot.\u00a0 <\/span><span style=\"font-weight: 400;\">Strang s&#8217;est install\u00e9 \u00e0 Sik\u00f3\u00f3hkotok en janvier 2022 apr\u00e8s avoir rejoint la Southern Alberta Art Gallery Maansiksikaitsitapiitsinikssin en tant que directrice ex\u00e9cutive. <\/span><\/p>\n<p><span style=\"font-weight: 400;\">Elle est venue au Canada pour la premi\u00e8re fois en 2006 pour \u00e9tudier \u00e0 l&#8217;Universit\u00e9 des arts de l&#8217;Alberta, et s&#8217;est engag\u00e9e dans le secteur des arts \u00e0 but non lucratif de l&#8217;Alberta depuis 2010 en tant qu&#8217;artiste, travailleuse culturelle et b\u00e9n\u00e9vole.<\/span><\/p>\n<p><span style=\"font-weight: 400;\">Pr\u00e9c\u00e9demment, elle \u00e9tait directrice de la New Gallery \u00e0 Mohk\u00ednstsis\/Calgary, en Alberta, o\u00f9 elle a dirig\u00e9 ce centre d&#8217;art autog\u00e9r\u00e9 pendant pr\u00e8s d&#8217;une d\u00e9cennie. Dans le cadre de son travail, elle accorde la priorit\u00e9 \u00e0 la gestion r\u00e9fl\u00e9chie des pratiques des artistes, \u00e0 des programmes accessibles \u00e0 tous les publics et \u00e0 la mise en place de fondations solides pour les organismes, gr\u00e2ce \u00e0 une \u00e9thique ax\u00e9e sur les personnes et la communaut\u00e9.<\/span><\/p>\n<\/div><div class=\"su-expand-link su-expand-link-more\" style=\"text-align:left\"><a href=\"javascript:;\" style=\"color:#5178bd;border-color:#5178bd\"><i class=\"sui sui-plus-circle\" style=\"\" aria-label=\"\"><\/i><span style=\"border-color:#5178bd\">Show more<\/span><\/a><\/div><div class=\"su-expand-link su-expand-link-less\" style=\"text-align:left\"><a href=\"javascript:;\" style=\"color:#5178bd;border-color:#5178bd\"><i class=\"sui sui-minus-circle\" style=\"\" aria-label=\"\"><\/i><span style=\"border-color:#5178bd\">Show less<\/span><\/a><\/div><\/div><\/div><\/div>\n<div class=\"su-column su-column-size-1-2\"><div class=\"su-column-inner su-u-clearfix su-u-trim\">\n<p><img loading=\"lazy\" decoding=\"async\" src=\"https:\/\/www.businessandarts.org\/wp-content\/uploads\/2024\/04\/Teresa-Horosko.png\" alt=\"\" width=\"220\" height=\"220\" class=\" wp-image-22092 aligncenter\" \/><\/p>\n<p style=\"font-size: 19px; color: #1b396e; text-align: center;\"><span style=\"color: #000080;\"><strong>Teresa Horosko<\/strong><\/span><\/p>\n<div class=\"su-expand su-expand-collapsed su-expand-link-style-dotted\" data-height=\"130\"><div class=\"su-expand-content su-u-trim\" style=\"color:#333333;max-height:130px;overflow:hidden\">\n<p><span style=\"font-weight: 400;\">Teresa Horosko est la directrice des op\u00e9rations du festival de musique Folk On The Rocks \u00e0 Yellowknife, dans les Territoires du Nord-Ouest. Elle poss\u00e8de des comp\u00e9tences polyvalentes et a g\u00e9r\u00e9 avec succ\u00e8s des \u00e9v\u00e9nements communautaires de moyenne et grande taille, notamment des festivals de litt\u00e9rature, de cin\u00e9ma et de musique, ainsi que des d\u00e9fil\u00e9s de vacances. <\/span><\/p>\n<p><span style=\"font-weight: 400;\">De plus, Teresa est une \u00e9crivaine qui poursuit un Master of Arts en \u00e9tudes culturelles avec un int\u00e9r\u00eat particulier pour la litt\u00e9rature et le cin\u00e9ma canadiens. Si elle n&#8217;est pas en train de travailler ou d&#8217;\u00e9tudier, on peut la trouver au cin\u00e9ma local, \u00e0 un concert ou en train de lire tout en se blottissant contre son chat et son chien.<\/span><\/p>\n<\/div><div class=\"su-expand-link su-expand-link-more\" style=\"text-align:left\"><a href=\"javascript:;\" style=\"color:#5178bd;border-color:#5178bd\"><i class=\"sui sui-plus-circle\" style=\"\" aria-label=\"\"><\/i><span style=\"border-color:#5178bd\">Show more<\/span><\/a><\/div><div class=\"su-expand-link su-expand-link-less\" style=\"text-align:left\"><a href=\"javascript:;\" style=\"color:#5178bd;border-color:#5178bd\"><i class=\"sui sui-minus-circle\" style=\"\" aria-label=\"\"><\/i><span style=\"border-color:#5178bd\">Show less<\/span><\/a><\/div><\/div>\n<\/div><\/div>\n<\/div>\n<hr \/>\n<div class=\"su-row\">\n<div class=\"su-column su-column-size-1-2\"><div class=\"su-column-inner su-u-clearfix su-u-trim\">\n<p><img loading=\"lazy\" decoding=\"async\" src=\"https:\/\/www.businessandarts.org\/wp-content\/uploads\/2024\/04\/Toyin-Oladele.png\" alt=\"\" width=\"220\" height=\"220\" class=\" wp-image-22092 aligncenter\" \/><\/p>\n<p style=\"font-size: 19px; color: #1b396e; text-align: center;\"><span style=\"color: #000080;\"><strong>Toyin Oladele<\/strong><\/span><\/p>\n<div class=\"su-expand su-expand-collapsed su-expand-link-style-dotted\" data-height=\"130\"><div class=\"su-expand-content su-u-trim\" style=\"color:#333333;max-height:130px;overflow:hidden\">\n<p><span style=\"font-weight: 400;\">Toyin Oladele est une artiste multidisciplinaire, une conservatrice, une consultante et une b\u00e2tisseuse communautaire, qui est originaire du Nigeria. Avec une exp\u00e9rience de pr\u00e8s de vingt ans dans le secteur artistique, elle supervise le d\u00e9veloppement, la mise en \u0153uvre et l&#8217;\u00e9valuation d&#8217;une s\u00e9rie de programmes, de projets et de partenariats.<\/span><\/p>\n<p><span style=\"font-weight: 400;\">Toyin est la fondatrice et la directrice ex\u00e9cutive du Immigrant Council for Arts Innovation. Elle est \u00e9galement responsable de l&#8217;initiative d&#8217;art public du nord-est de la ville de Calgary, entre autres projets. Depuis son arriv\u00e9e au Canada il y a six ans, Toyin a soutenu et conseill\u00e9 plus de 150 professionnels de diverses communaut\u00e9s et origines dans tout le pays. Elle a \u00e9galement produit et g\u00e9r\u00e9 plusieurs spectacles et expositions repr\u00e9sentant des artistes issus de minorit\u00e9s.<\/span><\/p>\n<p><span style=\"font-weight: 400;\">Elle est titulaire d&#8217;un Executive MBA \u00e0 la Smith School of Business de l&#8217;universit\u00e9 Queens \u00e0 Kingston, Ontario, et a remport\u00e9 des prix tels que Top 100 Black Women to Watch in Canada, Avenue Calgary 40 under 40, Top 25 EDIA Person of the Year, Global Women, Local Changemakers by Calgary Immigrant Women Association CBC Special Black History Month recognition, Formidable Women 2024 par le CRIEC, etc. Toyin est b\u00e9n\u00e9vole au conseil d&#8217;administration de CARFAC Alberta, Contemporary Calgary, Calgary Young People&#8217;s Theater, Chromatic Theatre et Global Fest.\u00a0<\/span><\/p>\n<\/div><div class=\"su-expand-link su-expand-link-more\" style=\"text-align:left\"><a href=\"javascript:;\" style=\"color:#5178bd;border-color:#5178bd\"><i class=\"sui sui-plus-circle\" style=\"\" aria-label=\"\"><\/i><span style=\"border-color:#5178bd\">Show more<\/span><\/a><\/div><div class=\"su-expand-link su-expand-link-less\" style=\"text-align:left\"><a href=\"javascript:;\" style=\"color:#5178bd;border-color:#5178bd\"><i class=\"sui sui-minus-circle\" style=\"\" aria-label=\"\"><\/i><span style=\"border-color:#5178bd\">Show less<\/span><\/a><\/div><\/div><\/div><\/div>\n<div class=\"su-column su-column-size-1-2\"><div class=\"su-column-inner su-u-clearfix su-u-trim\">\n<p><img loading=\"lazy\" decoding=\"async\" src=\"https:\/\/www.businessandarts.org\/wp-content\/uploads\/2024\/04\/Yumi-Palleschi.png\" alt=\"\" width=\"220\" height=\"220\" class=\" wp-image-22092 aligncenter\" \/><\/p>\n<p style=\"font-size: 19px; color: #1b396e; text-align: center;\"><span style=\"color: #000080;\"><strong>Yumi Palleschi<\/strong><\/span><\/p>\n<div class=\"su-expand su-expand-collapsed su-expand-link-style-dotted\" data-height=\"130\"><div class=\"su-expand-content su-u-trim\" style=\"color:#333333;max-height:130px;overflow:hidden\">\n<p><span style=\"font-weight: 400;\">Originaire d&#8217;Italie, Yumi Palleschi a commenc\u00e9 sa carri\u00e8re comme pianiste de concert. Prim\u00e9e dans plus de 30 concours nationaux et internationaux, elle s&#8217;est produite sur les sc\u00e8nes d&#8217;Europe, d&#8217;Am\u00e9rique du Nord, d&#8217;Am\u00e9rique centrale et d&#8217;Asie en tant que soliste, en formation de musique de chambre et avec orchestre.\u00a0<\/span><\/p>\n<p><span style=\"font-weight: 400;\">Apr\u00e8s pr\u00e8s de vingt ans d&#8217;activit\u00e9 en tant que musicienne, elle a d\u00e9cid\u00e9 de r\u00e9orienter sa carri\u00e8re vers la gestion des arts. Depuis, elle a occup\u00e9 divers postes, dont celui de directrice du d\u00e9veloppement des march\u00e9s et de l&#8217;administration de la compagnie th\u00e9\u00e2trale Joe Jack and John, et responsable de la collecte de fonds et des commandites aux Ballets Jazz Montr\u00e9al. Actuellement Cheffe des projets artistiques \u00e0 l&#8217;Orchestre symphonique de Montr\u00e9al, elle est responsable de la r\u00e9alisation du festival d&#8217;\u00e9t\u00e9 La Vir\u00e9e classique OSM, du d\u00e9veloppement de projets num\u00e9riques novateurs et des programmes de l&#8217;Espace OSM.<\/span><\/p>\n<p><span style=\"font-weight: 400;\">Un membre actif de la communaut\u00e9 locale, Yumi a \u00e9t\u00e9 sur le comit\u00e9 de la diversit\u00e9 culturelle au Conseil Qu\u00e9b\u00e9cois du Th\u00e9\u00e2tre et est aujourd&#8217;hui un membre du conseil d&#8217;administration de Playwrights&#8217; Workshop Montr\u00e9al.<\/span><\/p>\n<\/div><div class=\"su-expand-link su-expand-link-more\" style=\"text-align:left\"><a href=\"javascript:;\" style=\"color:#5178bd;border-color:#5178bd\"><i class=\"sui sui-plus-circle\" style=\"\" aria-label=\"\"><\/i><span style=\"border-color:#5178bd\">Show more<\/span><\/a><\/div><div class=\"su-expand-link su-expand-link-less\" style=\"text-align:left\"><a href=\"javascript:;\" style=\"color:#5178bd;border-color:#5178bd\"><i class=\"sui sui-minus-circle\" style=\"\" aria-label=\"\"><\/i><span style=\"border-color:#5178bd\">Show less<\/span><\/a><\/div><\/div><\/div><\/div><\/div>\n<\/div><\/div><\/div>\n<hr \/>\n<div class=\"su-expand su-expand-collapsed su-expand-link-style-dotted\" data-height=\"30\"><div class=\"su-expand-content su-u-trim\" style=\"color:#333333;max-height:30px;overflow:hidden\">\n<h2><b>Conseillers.\u00e8res :<\/b><\/h2>\n<div class=\"su-row\"><div class=\"su-column su-column-size-1-3\"><div class=\"su-column-inner su-u-clearfix su-u-trim\">\n<p><strong>Aida Aydinyan<\/strong><br \/>\n<em>General Manager, Performing Arts<\/em><br \/>\n<span>Royal Conservatory of Music<\/span><\/p>\n<p><strong>Alex Sarian<\/strong><br \/>\n<em>President &amp; CEO<\/em><br \/>\n<span>Arts Commons<\/span><\/p>\n<p><strong>Alisa Palmer<\/strong><br \/>\n<em>Artistic Producer<\/em><br \/>\n<span>Vita Brevis Arts<\/span><\/p>\n<p><strong>Anita Gaffney<\/strong><br \/>\n<em>Executive Director<\/em><br \/>\n<span>Stratford Festival<\/span><\/p>\n<p><strong>Alexandra Badzak<\/strong><br \/>\n<em>Director &amp; CEO<\/em><br \/>\n<span>Ottawa Art Gallery<\/span><\/p>\n<p><strong>Anne Chafe<\/strong><br \/>\n<em>CEO<\/em><br \/>\n<span>The Rooms Corporation<\/span><\/p>\n<p><strong>Camilla Holland<\/strong><br \/>\n<em>Executive Director<\/em><br \/>\n<span>Royal Manitoba Theatre Centre<\/span><\/p>\n<p><strong>Caroline Dromaguet<\/strong><br \/>\n<em>President &amp; CEO<\/em><br \/>\n<span>Canadian Museum of History<\/span><\/p>\n<p><strong>Celia Smith<\/strong><br \/>\n<em>CEO<\/em><br \/>\n<span>Luminato Festival Toronto<\/span><\/p>\n<p><strong>Cheryl Sim<\/strong><br \/>\n<em>Managing Director &amp; Curator<\/em><br \/>\n<span>PHI Foundation for Contemporary Art<\/span><\/p>\n<\/div><\/div>\n<div class=\"su-column su-column-size-1-3\"><div class=\"su-column-inner su-u-clearfix su-u-trim\">\n<p><strong>Clyde Wagner<\/strong><br \/>\n<em>President &amp; CEO<\/em><br \/>\n<span>TO Live<\/span><\/p>\n<p><strong>Colleen Smith<\/strong><br \/>\n<em>CEO<\/em><br \/>\n<span>FirstOntario Performing Arts Centre<\/span><\/p>\n<p><strong>David Leinster<\/strong><br \/>\n<em>CEO<\/em><br \/>\n<span>Contemporary Calgary<\/span><\/p>\n<p><strong>Elena Tupyseva<\/strong><br \/>\n<em>Executive Director<\/em><br \/>\n<span>Royal Winnipeg Ballet<\/span><\/p>\n<p><strong>Gideon Arthurs<\/strong><br \/>\n<em>Executive Director<\/em><br \/>\n<span>Soulpepper Theatre Company<\/span><\/p>\n<p><strong>Monica Esteves<\/strong><br \/>\n<em>Executive Director<\/em><br \/>\n<span>Canadian Stage Company<\/span><\/p>\n<p><strong>John Dalrymple<\/strong><br \/>\n<em>Executive Director<\/em><br \/>\n<span>Canada&#8217;s National Ballet School<\/span><\/p>\n<p><strong>John G. Hampton<\/strong><br \/>\n<em>President &amp; CEO<\/em><br \/>\n<span>MacKenzie Art Gallery<\/span><\/p>\n<p><strong>Kyle Fostner<\/strong><br \/>\n<em>Executive Director<\/em><br \/>\n<span>Vancouver International Film Festival<\/span><\/p>\n<p><strong>Marc Stevens<\/strong><br \/>\n<em>President &amp; CEO<\/em><br \/>\n<span>Calgary Philharmonic Orchestra<\/span><\/p>\n<\/div><\/div>\n<div class=\"su-column su-column-size-1-3\"><div class=\"su-column-inner su-u-clearfix su-u-trim\">\n<p><strong>maxine bailey<br \/>\n<\/strong><em>Executive Director<\/em><strong><br \/>\n<\/strong>Canadian Film Centre (CFC)<\/p>\n<p><strong>Maya Choldin<\/strong><br \/>\n<em>Executive Director<\/em><br \/>\n<span>Theatre Calgary<\/span><\/p>\n<p><strong>Nathan Medd<\/strong><br \/>\n<em>CEO<\/em><br \/>\n<span>Victoria Conservatory of Music<\/span><\/p>\n<p><strong>Paul Larocque<\/strong><br \/>\n<em>President &amp; CEO<\/em><br \/>\n<span>Arts Umbrella<\/span><\/p>\n<p><strong>Rich Coburn<\/strong><br \/>\n<em>Senior Manager of Community Partnerships and Programming Diversity<\/em><br \/>\n<span>National Arts Centre Orchestra<\/span><\/p>\n<p><strong>Sarah Garton Stanley (SGS)<\/strong><br \/>\n<em>Vice-President of Programming<\/em><br \/>\n<span>Arts Commons<\/span><\/p>\n<p><strong>Stafford Arima<\/strong><br \/>\n<em>Artistic Director<\/em><br \/>\n<span>Theatre Calgary<\/span><\/p>\n<p><strong>Steve Bellamy<\/strong><br \/>\n<em>CEO<\/em><br \/>\n<span>Confederation Centre of the Arts<\/span><\/p>\n<p><strong>Ulrike Al-Khamis<\/strong><br \/>\n<em>Director &amp; CEO<\/em><br \/>\n<span>Aga Khan Museum<\/span><\/p>\n<\/div><\/div>\n<\/div>\n<\/div><div class=\"su-expand-link su-expand-link-more\" style=\"text-align:left\"><a href=\"javascript:;\" style=\"color:#5178bd;border-color:#5178bd\"><i class=\"sui sui-plus-circle\" style=\"\" aria-label=\"\"><\/i><span style=\"border-color:#5178bd\">View list<\/span><\/a><\/div><div class=\"su-expand-link su-expand-link-less\" style=\"text-align:left\"><a href=\"javascript:;\" style=\"color:#5178bd;border-color:#5178bd\"><i class=\"sui sui-minus-circle\" style=\"\" aria-label=\"\"><\/i><span style=\"border-color:#5178bd\">Show less<\/span><\/a><\/div><\/div>\n<hr \/>\n<div class=\"su-row\">\n<div class=\"su-column su-column-size-1-3\"><div class=\"su-column-inner su-u-clearfix su-u-trim\"><strong>Partenaire de leadership \u00e9mergent<\/strong><\/p>\n<p><img loading=\"lazy\" decoding=\"async\" src=\"https:\/\/www.businessandarts.org\/wp-content\/uploads\/2025\/03\/rbc-logo.png\" alt=\"\" width=\"77\" height=\"88\" class=\" wp-image-25843 alignleft\" \/><\/div><\/div>\n<div class=\"su-column su-column-size-1-3\"><div class=\"su-column-inner su-u-clearfix su-u-trim\"><\/div><\/div>\n<div class=\"su-column su-column-size-1-3\"><div class=\"su-column-inner su-u-clearfix su-u-trim\"><\/div><\/div>\n<\/div>\n<hr \/>\n<p><b><strong>Partenaires de soutien<\/strong><\/b><\/p>\n<div class=\"su-row\"><div class=\"su-column su-column-size-1-4\"><div class=\"su-column-inner su-u-clearfix su-u-trim\"><img loading=\"lazy\" decoding=\"async\" src=\"https:\/\/www.businessandarts.org\/wp-content\/uploads\/2025\/01\/ACGlogo.png\" alt=\"\" width=\"142\" height=\"55\" class=\"wp-image-25105 alignleft\" \/><\/div><\/div>\n<div class=\"su-column su-column-size-1-4\"><div class=\"su-column-inner su-u-clearfix su-u-trim\"><img loading=\"lazy\" decoding=\"async\" src=\"https:\/\/www.businessandarts.org\/wp-content\/uploads\/2025\/06\/DuaneGreen.png\" alt=\"\" width=\"64\" height=\"53\" class=\" wp-image-26588 alignleft\" \/><\/div><\/div>\n<div class=\"su-column su-column-size-1-4\"><div class=\"su-column-inner su-u-clearfix su-u-trim\"><\/div><\/div>\n<div class=\"su-column su-column-size-1-4\"><div class=\"su-column-inner su-u-clearfix su-u-trim\"><\/div><\/div>\n<\/div>\n","protected":false},"excerpt":{"rendered":"<p>Programme \u00c9mergence de leadership &nbsp; Dans le cadre de la programmation du 50e anniversaire d\u2019Affaires \/ Arts, nous avons pr\u00e9sent\u00e9 un programme de leadership d\u2019une dur\u00e9e d\u2019un an visant \u00e0 soutenir et \u00e0 outiller 25 leaders du monde des arts,<span class=\"ellipsis\">&hellip;<\/span><\/p>\n<div class=\"read-more\"><a href=\"https:\/\/www.businessandarts.org\/fr\/leaders-emergents\/\">Lire plus de <span class=\"screen-reader-text\">Les leaders \u00e9mergents<\/span><span class=\"meta-nav\"> &#8250;<\/span><\/a><\/div>\n<p><!-- end of .read-more --><\/p>\n","protected":false},"author":1,"featured_media":0,"parent":0,"menu_order":0,"comment_status":"closed","ping_status":"closed","template":"page-templates\/sidebar-with-CAS-tmp.php","meta":{"_acf_changed":false,"footnotes":""},"class_list":["post-22545","page","type-page","status-publish","hentry"],"acf":[],"yoast_head":"<!-- This site is optimized with the Yoast SEO plugin v23.7 - https:\/\/yoast.com\/wordpress\/plugins\/seo\/ -->\n<title>Les leaders \u00e9mergents - Business \/ Arts<\/title>\n<meta name=\"robots\" content=\"index, follow, max-snippet:-1, max-image-preview:large, max-video-preview:-1\" \/>\n<link rel=\"canonical\" href=\"https:\/\/www.businessandarts.org\/fr\/leaders-emergents\/\" \/>\n<meta property=\"og:locale\" content=\"fr_FR\" \/>\n<meta property=\"og:type\" content=\"article\" \/>\n<meta property=\"og:title\" content=\"Les leaders \u00e9mergents - Business \/ Arts\" \/>\n<meta property=\"og:description\" content=\"Programme \u00c9mergence de leadership &nbsp; Dans le cadre de la programmation du 50e anniversaire d\u2019Affaires \/ Arts, nous avons pr\u00e9sent\u00e9 un programme de leadership d\u2019une dur\u00e9e d\u2019un an visant \u00e0 soutenir et \u00e0 outiller 25 leaders du monde des arts,&hellip;Lire plus de Les leaders \u00e9mergents &#8250;\" \/>\n<meta property=\"og:url\" content=\"https:\/\/www.businessandarts.org\/fr\/leaders-emergents\/\" \/>\n<meta property=\"og:site_name\" content=\"Business \/ Arts\" \/>\n<meta property=\"article:modified_time\" content=\"2025-11-21T16:56:28+00:00\" \/>\n<meta property=\"og:image\" content=\"https:\/\/www.businessandarts.org\/wp-content\/uploads\/2024\/04\/Mieko-Ouchi.png\" \/>\n\t<meta property=\"og:image:width\" content=\"900\" \/>\n\t<meta property=\"og:image:height\" content=\"900\" \/>\n\t<meta property=\"og:image:type\" content=\"image\/png\" \/>\n<meta name=\"twitter:card\" content=\"summary_large_image\" \/>\n<meta name=\"twitter:label1\" content=\"Dur\u00e9e de lecture estim\u00e9e\" \/>\n\t<meta name=\"twitter:data1\" content=\"42 minutes\" \/>\n<script type=\"application\/ld+json\" class=\"yoast-schema-graph\">{\"@context\":\"https:\/\/schema.org\",\"@graph\":[{\"@type\":\"WebPage\",\"@id\":\"https:\/\/www.businessandarts.org\/fr\/leaders-emergents\/\",\"url\":\"https:\/\/www.businessandarts.org\/fr\/leaders-emergents\/\",\"name\":\"Les leaders \u00e9mergents - Business \/ Arts\",\"isPartOf\":{\"@id\":\"https:\/\/www.businessandarts.org\/#website\"},\"primaryImageOfPage\":{\"@id\":\"https:\/\/www.businessandarts.org\/fr\/leaders-emergents\/#primaryimage\"},\"image\":{\"@id\":\"https:\/\/www.businessandarts.org\/fr\/leaders-emergents\/#primaryimage\"},\"thumbnailUrl\":\"https:\/\/www.businessandarts.org\/wp-content\/uploads\/2025\/03\/Aaron-Marquise.png\",\"datePublished\":\"2024-04-02T17:00:24+00:00\",\"dateModified\":\"2025-11-21T16:56:28+00:00\",\"breadcrumb\":{\"@id\":\"https:\/\/www.businessandarts.org\/fr\/leaders-emergents\/#breadcrumb\"},\"inLanguage\":\"fr-FR\",\"potentialAction\":[{\"@type\":\"ReadAction\",\"target\":[\"https:\/\/www.businessandarts.org\/fr\/leaders-emergents\/\"]}]},{\"@type\":\"ImageObject\",\"inLanguage\":\"fr-FR\",\"@id\":\"https:\/\/www.businessandarts.org\/fr\/leaders-emergents\/#primaryimage\",\"url\":\"https:\/\/www.businessandarts.org\/wp-content\/uploads\/2025\/03\/Aaron-Marquise.png\",\"contentUrl\":\"https:\/\/www.businessandarts.org\/wp-content\/uploads\/2025\/03\/Aaron-Marquise.png\"},{\"@type\":\"BreadcrumbList\",\"@id\":\"https:\/\/www.businessandarts.org\/fr\/leaders-emergents\/#breadcrumb\",\"itemListElement\":[{\"@type\":\"ListItem\",\"position\":1,\"name\":\"Home\",\"item\":\"https:\/\/www.businessandarts.org\/fr\/\"},{\"@type\":\"ListItem\",\"position\":2,\"name\":\"Les leaders \u00e9mergents\"}]},{\"@type\":\"WebSite\",\"@id\":\"https:\/\/www.businessandarts.org\/#website\",\"url\":\"https:\/\/www.businessandarts.org\/\",\"name\":\"Business \/ Arts\",\"description\":\"\",\"potentialAction\":[{\"@type\":\"SearchAction\",\"target\":{\"@type\":\"EntryPoint\",\"urlTemplate\":\"https:\/\/www.businessandarts.org\/?s={search_term_string}\"},\"query-input\":{\"@type\":\"PropertyValueSpecification\",\"valueRequired\":true,\"valueName\":\"search_term_string\"}}],\"inLanguage\":\"fr-FR\"}]}<\/script>\n<!-- \/ Yoast SEO plugin. -->","yoast_head_json":{"title":"Les leaders \u00e9mergents - Business \/ Arts","robots":{"index":"index","follow":"follow","max-snippet":"max-snippet:-1","max-image-preview":"max-image-preview:large","max-video-preview":"max-video-preview:-1"},"canonical":"https:\/\/www.businessandarts.org\/fr\/leaders-emergents\/","og_locale":"fr_FR","og_type":"article","og_title":"Les leaders \u00e9mergents - Business \/ Arts","og_description":"Programme \u00c9mergence de leadership &nbsp; Dans le cadre de la programmation du 50e anniversaire d\u2019Affaires \/ Arts, nous avons pr\u00e9sent\u00e9 un programme de leadership d\u2019une dur\u00e9e d\u2019un an visant \u00e0 soutenir et \u00e0 outiller 25 leaders du monde des arts,&hellip;Lire plus de Les leaders \u00e9mergents &#8250;","og_url":"https:\/\/www.businessandarts.org\/fr\/leaders-emergents\/","og_site_name":"Business \/ Arts","article_modified_time":"2025-11-21T16:56:28+00:00","og_image":[{"width":900,"height":900,"url":"https:\/\/www.businessandarts.org\/wp-content\/uploads\/2024\/04\/Mieko-Ouchi.png","type":"image\/png"}],"twitter_card":"summary_large_image","twitter_misc":{"Dur\u00e9e de lecture estim\u00e9e":"42 minutes"},"schema":{"@context":"https:\/\/schema.org","@graph":[{"@type":"WebPage","@id":"https:\/\/www.businessandarts.org\/fr\/leaders-emergents\/","url":"https:\/\/www.businessandarts.org\/fr\/leaders-emergents\/","name":"Les leaders \u00e9mergents - Business \/ Arts","isPartOf":{"@id":"https:\/\/www.businessandarts.org\/#website"},"primaryImageOfPage":{"@id":"https:\/\/www.businessandarts.org\/fr\/leaders-emergents\/#primaryimage"},"image":{"@id":"https:\/\/www.businessandarts.org\/fr\/leaders-emergents\/#primaryimage"},"thumbnailUrl":"https:\/\/www.businessandarts.org\/wp-content\/uploads\/2025\/03\/Aaron-Marquise.png","datePublished":"2024-04-02T17:00:24+00:00","dateModified":"2025-11-21T16:56:28+00:00","breadcrumb":{"@id":"https:\/\/www.businessandarts.org\/fr\/leaders-emergents\/#breadcrumb"},"inLanguage":"fr-FR","potentialAction":[{"@type":"ReadAction","target":["https:\/\/www.businessandarts.org\/fr\/leaders-emergents\/"]}]},{"@type":"ImageObject","inLanguage":"fr-FR","@id":"https:\/\/www.businessandarts.org\/fr\/leaders-emergents\/#primaryimage","url":"https:\/\/www.businessandarts.org\/wp-content\/uploads\/2025\/03\/Aaron-Marquise.png","contentUrl":"https:\/\/www.businessandarts.org\/wp-content\/uploads\/2025\/03\/Aaron-Marquise.png"},{"@type":"BreadcrumbList","@id":"https:\/\/www.businessandarts.org\/fr\/leaders-emergents\/#breadcrumb","itemListElement":[{"@type":"ListItem","position":1,"name":"Home","item":"https:\/\/www.businessandarts.org\/fr\/"},{"@type":"ListItem","position":2,"name":"Les leaders \u00e9mergents"}]},{"@type":"WebSite","@id":"https:\/\/www.businessandarts.org\/#website","url":"https:\/\/www.businessandarts.org\/","name":"Business \/ Arts","description":"","potentialAction":[{"@type":"SearchAction","target":{"@type":"EntryPoint","urlTemplate":"https:\/\/www.businessandarts.org\/?s={search_term_string}"},"query-input":{"@type":"PropertyValueSpecification","valueRequired":true,"valueName":"search_term_string"}}],"inLanguage":"fr-FR"}]}},"_links":{"self":[{"href":"https:\/\/www.businessandarts.org\/fr\/wp-json\/wp\/v2\/pages\/22545","targetHints":{"allow":["GET"]}}],"collection":[{"href":"https:\/\/www.businessandarts.org\/fr\/wp-json\/wp\/v2\/pages"}],"about":[{"href":"https:\/\/www.businessandarts.org\/fr\/wp-json\/wp\/v2\/types\/page"}],"author":[{"embeddable":true,"href":"https:\/\/www.businessandarts.org\/fr\/wp-json\/wp\/v2\/users\/1"}],"replies":[{"embeddable":true,"href":"https:\/\/www.businessandarts.org\/fr\/wp-json\/wp\/v2\/comments?post=22545"}],"version-history":[{"count":24,"href":"https:\/\/www.businessandarts.org\/fr\/wp-json\/wp\/v2\/pages\/22545\/revisions"}],"predecessor-version":[{"id":28160,"href":"https:\/\/www.businessandarts.org\/fr\/wp-json\/wp\/v2\/pages\/22545\/revisions\/28160"}],"wp:attachment":[{"href":"https:\/\/www.businessandarts.org\/fr\/wp-json\/wp\/v2\/media?parent=22545"}],"curies":[{"name":"wp","href":"https:\/\/api.w.org\/{rel}","templated":true}]}}