{"id":17302,"date":"2023-02-04T18:46:37","date_gmt":"2023-02-04T18:46:37","guid":{"rendered":"https:\/\/www.businessandarts.org\/?page_id=17302"},"modified":"2026-01-09T16:42:47","modified_gmt":"2026-01-09T16:42:47","slug":"artsvest-team","status":"publish","type":"page","link":"https:\/\/www.businessandarts.org\/fr\/artsvest\/artsvest-team\/","title":{"rendered":"artsvest Team"},"content":{"rendered":"<h2 class=\"variable-font\"><strong>Rencontrez l\u2019\u00e9quipe artsvest :<\/strong><\/h2>\n<p>&nbsp;<\/p>\n<p><img loading=\"lazy\" decoding=\"async\" src=\"https:\/\/www.businessandarts.org\/wp-content\/uploads\/2022\/12\/Reema-2-e1675547346914.png\" alt=\"\" class=\"wp-image-16139 alignleft\" width=\"265\" height=\"249\" \/><\/p>\n<h2><\/h2>\n<p>&nbsp;<\/p>\n<p>&nbsp;<\/p>\n<h4><\/h4>\n<h5 style=\"text-align: left;\"><strong>Reema Fuller <\/strong><\/h5>\n<p>(she\/elle)<\/p>\n<h4 class=\"variable-font\"><strong class=\"variable-font\">Directrice principale, artsvest<\/strong><\/h4>\n<p>&nbsp;<\/p>\n<p>Reema est une leader et une b\u00e2tisseuse de communaut\u00e9. Elle a plus de 20 ans d\u2019exp\u00e9rience dans la gestion des organisations \u00e0 but non lucratif et la philanthropie dans le secteur caritatif, notamment l\u2019\u00e9ducation, les soins de sant\u00e9, le d\u00e9veloppement international, la politique et les arts et la culture. Plus r\u00e9cemment, elle a occup\u00e9 le poste de directrice g\u00e9n\u00e9rale du Festival Antigonish Summer Theatre, o\u00f9 elle a men\u00e9 l\u2019organisation \u00e0 travers une expansion des partenariats et de la sensibilisation du public, une croissance des parrainages et de la collecte de fonds, et a navigu\u00e9 dans la crise du COVID tout en assurant une solide assise financi\u00e8re.<\/p>\n<p>Reema est passionn\u00e9e par le pouvoir des arts dans la construction de la communaut\u00e9 et le changement social, et elle est fi\u00e8re de travailler avec une \u00e9quipe de coll\u00e8gues et d\u2019artistes aux vues similaires, talentueux et d\u00e9vou\u00e9s \u00e0 cet objectif. Apr\u00e8s avoir v\u00e9cu et travaill\u00e9 en Ontario, elle r\u00e9side actuellement \u00e0 Antigonish, en Nouvelle-\u00c9cosse, avec son mari et leurs jumeaux de onze ans. Reema parle couramment trois langues \u2013 l\u2019anglais, l\u2019hindi et le punjabi. En 2019, elle a \u00e9t\u00e9 reconnue par l\u2019Immigrant Services Association of Nova Scotia (ISANS) comme l\u2019une des vingt immigrants de deuxi\u00e8me g\u00e9n\u00e9ration ayant un impact sur le tissu social et culturel de la province.<\/p>\n<h4><img loading=\"lazy\" decoding=\"async\" src=\"https:\/\/www.businessandarts.org\/wp-content\/uploads\/2022\/12\/Parul-2-e1675547606296.png\" alt=\"\" class=\"wp-image-16141 alignleft\" width=\"265\" height=\"275\" \/><\/h4>\n<h2 style=\"text-align: left;\"><b>\u00a0\u00a0<\/b><\/h2>\n<p>&nbsp;<\/p>\n<p>&nbsp;<\/p>\n<h2 style=\"text-align: left;\"><b>Parul Pandya<\/b><\/h2>\n<p style=\"text-align: left;\">(she\/elle)<\/p>\n<h2><strong>Directrice de la programmation, artsvest<br \/>\n<\/strong><\/h2>\n<p>&nbsp;<\/p>\n<p>Parul est une f\u00e9e enthousiaste de l\u2019\u00e9quit\u00e9, qui trouve un fondement profond dans le croisement de la justice sociale et des arts. Elle croit en l\u2019inspiration du changement par la motivation. Lorsqu\u2019elle ne travaille pas, Parul regarde du sport, s\u2019occupe de ses plus de 80 plantes ou joue avec son chat, Kali. Elle est fanatique des vrais crimes, mais reste une personne tr\u00e8s douce.<\/p>\n<p>Parul a habilement travaill\u00e9 dans le secteur sans but lucratif dans divers r\u00f4les au cours des deux derni\u00e8res d\u00e9cennies, notamment en tant que b\u00e2tisseur de communaut\u00e9, consultant, programmateur et producteur. Apr\u00e8s avoir g\u00e9r\u00e9 des subventions communautaires pour le plus grand bailleur de fonds gouvernemental du Canada, elle a \u00e9t\u00e9 tr\u00e8s int\u00e9ress\u00e9e par la poursuite de l\u2019impact collectif en \u00e9tant invit\u00e9e \u00e0 servir des organisations \u00e0 divers titres. Elle dirige sa propre soci\u00e9t\u00e9 de conseil, Community Impact Consulting, sp\u00e9cialis\u00e9e dans les pratiques d\u2019anti-oppression et d\u2019\u00e9quit\u00e9. Son attirance pour la d\u00e9fense des droits est apparue avec son travail d\u2019\u00e9crivain\/po\u00e8te ind\u00e9pendant d\u2019origine sud-asiatique, il y a plus de vingt ans. Elle a une profonde passion pour la justice sociale et son intersectionnalit\u00e9 avec les arts, qu\u2019elle enseigne au Centennial College et au Humber College.<\/p>\n<p>&nbsp;<\/p>\n<h4><img loading=\"lazy\" decoding=\"async\" src=\"https:\/\/www.businessandarts.org\/wp-content\/uploads\/2023\/02\/Screen-Shot-2023-02-03-at-7.33.18-PM.png\" alt=\"\" class=\" wp-image-17221 alignleft\" width=\"260\" height=\"262\" \/><\/h4>\n<h2><strong>\u00a0<\/strong><\/h2>\n<h2><\/h2>\n<p>&nbsp;<\/p>\n<h2><strong>Christine Lee<\/strong><\/h2>\n<p>(she\/elle)<\/p>\n<h4 class=\"variable-font\"><strong class=\"variable-font\">Gestionnaire de l\u2019engagement des parties prenantes<\/strong><\/h4>\n<p>&nbsp;<\/p>\n<p>Int\u00e9ress\u00e9e par la jonction des trois axes fondamentaux de sa pratique: la musique, le mouvement et l\u2019art du r\u00e9cit, Christine ML Lee est une compositrice, \u00e9crivaine et po\u00e8te guid\u00e9e par son immense curiosit\u00e9 et par des questions de toutes tailles. Son travail explore la r\u00e9silience de la solidarit\u00e9 humaine ainsi que la vuln\u00e9rabilit\u00e9 comme source de pouvoir. En tant que conceptrice sonore, elle a \u00e9t\u00e9 nomin\u00e9e pour un prix META pour son travail sur Psycho 6(th\u00e9\u00e2tre Teesri Duniya). Alumna des programmes Innovators Unit de Nightwood Theatre et Young Creators Unit de Playwrights\u2019 Workshop Montr\u00e9al, Christine travaille pr\u00e9sentement sur une pi\u00e8ce de th\u00e9\u00e2tre musicale, \u00ab Just a Note \u00bb, gr\u00e2ce au soutien du Conseil des arts du Canada. Cette pi\u00e8ce lui a valu un prix Frankie lors de sa lecture au Festival St-Ambroise Montreal Fringe 2022.<\/p>\n<p>Dipl\u00f4m\u00e9e du programme de gestion des organismes culturels de l\u2019HEC, Christine est une gestionnaire des arts et une leader qui croit au pouvoir d\u2019une communaut\u00e9 forte et de l\u2019esprit de collectivit\u00e9. Ayant accumul\u00e9 plus de 10 ans d\u2019exp\u00e9rience dans le secteur de l\u2019OBNL \u00e0 travers plusieurs r\u00f4les dont gestionnaire des membres et coordonnatrice de programme, Christine est tr\u00e8s heureuse de faire partie de l\u2019\u00e9quipe artsvest chez Affaires \/ Arts!<\/p>\n<p>&nbsp;<\/p>\n<h5 style=\"text-align: left;\"><img loading=\"lazy\" decoding=\"async\" src=\"https:\/\/www.businessandarts.org\/wp-content\/uploads\/2022\/12\/Untitled-design-45-e1675548134232.png\" alt=\"\" class=\"wp-image-16271 alignleft\" width=\"280\" height=\"280\" \/><strong style=\"color: inherit; font-family: inherit;\"><\/strong><\/h5>\n<h5><\/h5>\n<p>&nbsp;<\/p>\n<h5 style=\"text-align: left;\"><strong style=\"color: inherit; font-family: inherit;\">\u00a0<\/strong><\/h5>\n<h4 style=\"text-align: left;\"><strong style=\"color: inherit; font-family: inherit;\">Jasper Sloan Yip<\/strong><\/h4>\n<p style=\"text-align: left;\">(il\/lui)<\/p>\n<h4 class=\"variable-font\"><strong class=\"variable-font\">Directeur des programmes et partenariats, artsvest<\/strong><\/h4>\n<p>&nbsp;<\/p>\n<p><span>Jasper est un musicien, un podcasteur, un producteur radio et un b\u00e2tisseur d\u2019arts communautaires de Vancouver. Artiste autodidacte, Jasper apporte un esprit de bricolage \u00e0 tout ce qu\u2019il fait. Il a donn\u00e9 son premier spectacle \u00e0 la fin des ann\u00e9es 1980 sur une sc\u00e8ne qu\u2019il avait construite dans son jardin. Depuis, il a sorti quatre albums et effectu\u00e9 des tourn\u00e9es sur trois continents. Lorsqu\u2019il n\u2019est pas sur sc\u00e8ne, dans un studio ou en train de travailler avec artsvest, vous pouvez le trouver \u00e0 CiTR 101.9 FM \u00e0 Vancouver, travaillant avec les curieux de la radio pour d\u00e9velopper leurs ambitions de narration audio. Il aime cuisiner, collectionner les instruments de musique et est certifi\u00e9 pour faire de la plong\u00e9e sous-marine \u00e0 une profondeur de 30 m\u00e8tres.<\/span><\/p>\n<p>&nbsp;<\/p>\n<h5><img loading=\"lazy\" decoding=\"async\" src=\"https:\/\/www.businessandarts.org\/wp-content\/uploads\/2022\/12\/Tate.png\" alt=\"\" class=\"wp-image-16127 alignleft\" width=\"304\" height=\"290\" \/><\/h5>\n<h5><strong>\u00a0<\/strong><\/h5>\n<p>&nbsp;<\/p>\n<h5><\/h5>\n<h5><\/h5>\n<p>&nbsp;<\/p>\n<h5><strong>Tate Peacock<\/strong><\/h5>\n<p>(she\/elle)<\/p>\n<h4 class=\"variable-font\"><strong class=\"variable-font\">Coordonnatrice de programme<\/strong><\/h4>\n<p>&nbsp;<\/p>\n<p>Tate est une artiste et une administratrice des arts. Elle est ravie de se joindre \u00e0 l\u2019\u00e9quipe d\u2019artsvest et croit fermement que les arts sont un catalyseur permettant d\u2019\u00e9tablir des liens plus profonds entre les gens.<\/p>\n<p>Tate est une professionnelle des arts qui poss\u00e8de une exp\u00e9rience et une formation de l\u2019Universit\u00e9 OCAD et du Centennial College. Elle est innovatrice, capable de r\u00e9soudre des probl\u00e8mes et poss\u00e8de de solides comp\u00e9tences en communication. Tate est dou\u00e9e pour la conceptualisation et la visualisation de projets\/\u00e9v\u00e9nements cr\u00e9atifs et pour le respect de d\u00e9lais serr\u00e9s. Vivant actuellement \u00e0 Toronto, elle passe son temps libre \u00e0 regarder des films, \u00e0 lire des livres et \u00e0 chercher les meilleurs restaurants de la ville.<\/p>\n<p>&nbsp;<\/p>\n<hr \/>\n<h4><\/h4>\n<div class=\"our-mission\">\n<div class=\"funder-logo\">\n<h4 style=\"text-align: center;\"><b>Bailleurs de fonds<\/b><\/h4>\n<p>&nbsp;<\/p>\n<div class=\"su-row\">\n<div class=\"su-column su-column-size-1-1\"><div class=\"su-column-inner su-u-clearfix su-u-trim\"><img loading=\"lazy\" decoding=\"async\" src=\"https:\/\/www.businessandarts.org\/wp-content\/uploads\/2026\/01\/CCC-F.png\" alt=\"\" width=\"410\" height=\"68\" class=\" wp-image-28474 aligncenter\" \/><\/div><\/div>\n<\/div>\n<div class=\"su-row\">\n<div class=\"su-column su-column-size-1-2\"><div class=\"su-column-inner su-u-clearfix su-u-trim\">\n<p><img loading=\"lazy\" decoding=\"async\" src=\"https:\/\/www.businessandarts.org\/wp-content\/uploads\/2023\/05\/AlbertaFoundationfortheArts.png\" alt=\"\" class=\"wp-image-18766 aligncenter\" width=\"209\" height=\"87\" \/><\/p>\n<\/div><\/div>\n<div class=\"su-column su-column-size-1-2\"><div class=\"su-column-inner su-u-clearfix su-u-trim\">\n<p><img loading=\"lazy\" decoding=\"async\" src=\"https:\/\/www.businessandarts.org\/wp-content\/uploads\/2024\/03\/BC-logo-upd-1.png\" alt=\"\" width=\"400\" height=\"129\" class=\" wp-image-22022 aligncenter\" \/><\/p>\n<\/div><\/div>\n<\/div>\n<div class=\"su-row\">\n<div class=\"su-column su-column-size-1-2\"><div class=\"su-column-inner su-u-clearfix su-u-trim\">\n<p><img loading=\"lazy\" decoding=\"async\" src=\"https:\/\/www.businessandarts.org\/wp-content\/uploads\/2023\/05\/2015-OAC-logo-RGB-JPG.jpg\" alt=\"\" class=\"wp-image-18580 aligncenter\" width=\"252\" height=\"70\" \/><\/p>\n<\/div><\/div>\n<div class=\"su-column su-column-size-1-2\"><div class=\"su-column-inner su-u-clearfix su-u-trim\">\n<p><img loading=\"lazy\" decoding=\"async\" src=\"https:\/\/www.businessandarts.org\/wp-content\/uploads\/2023\/05\/Saskatchewan-1.png\" alt=\"\" class=\" wp-image-18774 aligncenter\" width=\"223\" height=\"51\" \/><\/p>\n<\/div><\/div>\n<\/div>\n&nbsp;<br \/>\n<div class=\"su-row\">\n<div class=\"su-column su-column-size-1-2\"><div class=\"su-column-inner su-u-clearfix su-u-trim\">\n<p><img loading=\"lazy\" decoding=\"async\" src=\"https:\/\/www.businessandarts.org\/wp-content\/uploads\/2025\/01\/Sudbury_artsvest.png\" alt=\"\" width=\"225\" height=\"85\" class=\" wp-image-24692 aligncenter\" \/><\/p>\n<\/div><\/div>\n<div class=\"su-column su-column-size-1-2\"><div class=\"su-column-inner su-u-clearfix su-u-trim\">\n<p><img loading=\"lazy\" decoding=\"async\" src=\"https:\/\/www.businessandarts.org\/wp-content\/uploads\/2023\/05\/Toronto-1.png\" alt=\"\" class=\"wp-image-18775 aligncenter\" width=\"182\" height=\"64\" \/><\/p>\n<\/div><\/div>\n<\/div>\n<div class=\"su-row\">\n<div class=\"su-column su-column-size-1-1\"><div class=\"su-column-inner su-u-clearfix su-u-trim\">\n<p><img loading=\"lazy\" decoding=\"async\" src=\"https:\/\/www.businessandarts.org\/wp-content\/uploads\/2025\/01\/WpgFdn_Logo_JPG_Colour.jpg\" alt=\"\" width=\"160\" height=\"79\" class=\" wp-image-24695 aligncenter\" \/><\/p>\n<\/div><\/div>\n<\/div>\n","protected":false},"excerpt":{"rendered":"<p>Rencontrez l\u2019\u00e9quipe artsvest : &nbsp; &nbsp; &nbsp; Reema Fuller (she\/elle) Directrice principale, artsvest &nbsp; Reema est une leader et une b\u00e2tisseuse de communaut\u00e9. Elle a plus de 20 ans d\u2019exp\u00e9rience dans la gestion des organisations \u00e0 but non lucratif et<span class=\"ellipsis\">&hellip;<\/span><\/p>\n<div class=\"read-more\"><a href=\"https:\/\/www.businessandarts.org\/fr\/artsvest\/artsvest-team\/\">Lire plus de <span class=\"screen-reader-text\">artsvest Team<\/span><span class=\"meta-nav\"> &#8250;<\/span><\/a><\/div>\n<p><!-- end of .read-more --><\/p>\n","protected":false},"author":1,"featured_media":0,"parent":17375,"menu_order":0,"comment_status":"closed","ping_status":"closed","template":"page-templates\/sidebar-with-bottom-logo.php","meta":{"_acf_changed":false,"footnotes":""},"class_list":["post-17302","page","type-page","status-publish","hentry"],"acf":[],"yoast_head":"<!-- This site is optimized with the Yoast SEO plugin v23.7 - https:\/\/yoast.com\/wordpress\/plugins\/seo\/ -->\n<title>artsvest Team - Business \/ Arts<\/title>\n<meta name=\"robots\" content=\"index, follow, max-snippet:-1, max-image-preview:large, max-video-preview:-1\" \/>\n<link rel=\"canonical\" href=\"https:\/\/www.businessandarts.org\/fr\/artsvest\/artsvest-team\/\" \/>\n<meta property=\"og:locale\" content=\"fr_FR\" \/>\n<meta property=\"og:type\" content=\"article\" \/>\n<meta property=\"og:title\" content=\"artsvest Team - Business \/ Arts\" \/>\n<meta property=\"og:description\" content=\"Rencontrez l\u2019\u00e9quipe artsvest : &nbsp; &nbsp; &nbsp; Reema Fuller (she\/elle) Directrice principale, artsvest &nbsp; Reema est une leader et une b\u00e2tisseuse de communaut\u00e9. Elle a plus de 20 ans d\u2019exp\u00e9rience dans la gestion des organisations \u00e0 but non lucratif et&hellip;Lire plus de artsvest Team &#8250;\" \/>\n<meta property=\"og:url\" content=\"https:\/\/www.businessandarts.org\/fr\/artsvest\/artsvest-team\/\" \/>\n<meta property=\"og:site_name\" content=\"Business \/ Arts\" \/>\n<meta property=\"article:modified_time\" content=\"2026-01-09T16:42:47+00:00\" \/>\n<meta property=\"og:image\" content=\"https:\/\/www.businessandarts.org\/wp-content\/uploads\/2022\/12\/Reema-2-e1675547346914.png\" \/>\n\t<meta property=\"og:image:width\" content=\"477\" \/>\n\t<meta property=\"og:image:height\" content=\"540\" \/>\n\t<meta property=\"og:image:type\" content=\"image\/png\" \/>\n<meta name=\"twitter:card\" content=\"summary_large_image\" \/>\n<meta name=\"twitter:label1\" content=\"Dur\u00e9e de lecture estim\u00e9e\" \/>\n\t<meta name=\"twitter:data1\" content=\"7 minutes\" \/>\n<script type=\"application\/ld+json\" class=\"yoast-schema-graph\">{\"@context\":\"https:\/\/schema.org\",\"@graph\":[{\"@type\":\"WebPage\",\"@id\":\"https:\/\/www.businessandarts.org\/fr\/artsvest\/artsvest-team\/\",\"url\":\"https:\/\/www.businessandarts.org\/fr\/artsvest\/artsvest-team\/\",\"name\":\"artsvest Team - Business \/ Arts\",\"isPartOf\":{\"@id\":\"https:\/\/www.businessandarts.org\/#website\"},\"primaryImageOfPage\":{\"@id\":\"https:\/\/www.businessandarts.org\/fr\/artsvest\/artsvest-team\/#primaryimage\"},\"image\":{\"@id\":\"https:\/\/www.businessandarts.org\/fr\/artsvest\/artsvest-team\/#primaryimage\"},\"thumbnailUrl\":\"https:\/\/www.businessandarts.org\/wp-content\/uploads\/2022\/12\/Reema-2-e1675547346914.png\",\"datePublished\":\"2023-02-04T18:46:37+00:00\",\"dateModified\":\"2026-01-09T16:42:47+00:00\",\"breadcrumb\":{\"@id\":\"https:\/\/www.businessandarts.org\/fr\/artsvest\/artsvest-team\/#breadcrumb\"},\"inLanguage\":\"fr-FR\",\"potentialAction\":[{\"@type\":\"ReadAction\",\"target\":[\"https:\/\/www.businessandarts.org\/fr\/artsvest\/artsvest-team\/\"]}]},{\"@type\":\"ImageObject\",\"inLanguage\":\"fr-FR\",\"@id\":\"https:\/\/www.businessandarts.org\/fr\/artsvest\/artsvest-team\/#primaryimage\",\"url\":\"https:\/\/www.businessandarts.org\/wp-content\/uploads\/2022\/12\/Reema-2-e1675547346914.png\",\"contentUrl\":\"https:\/\/www.businessandarts.org\/wp-content\/uploads\/2022\/12\/Reema-2-e1675547346914.png\"},{\"@type\":\"BreadcrumbList\",\"@id\":\"https:\/\/www.businessandarts.org\/fr\/artsvest\/artsvest-team\/#breadcrumb\",\"itemListElement\":[{\"@type\":\"ListItem\",\"position\":1,\"name\":\"Home\",\"item\":\"https:\/\/www.businessandarts.org\/fr\/\"},{\"@type\":\"ListItem\",\"position\":2,\"name\":\"artsvest\",\"item\":\"https:\/\/www.businessandarts.org\/fr\/artsvest\/\"},{\"@type\":\"ListItem\",\"position\":3,\"name\":\"artsvest Team\"}]},{\"@type\":\"WebSite\",\"@id\":\"https:\/\/www.businessandarts.org\/#website\",\"url\":\"https:\/\/www.businessandarts.org\/\",\"name\":\"Business \/ Arts\",\"description\":\"\",\"potentialAction\":[{\"@type\":\"SearchAction\",\"target\":{\"@type\":\"EntryPoint\",\"urlTemplate\":\"https:\/\/www.businessandarts.org\/?s={search_term_string}\"},\"query-input\":{\"@type\":\"PropertyValueSpecification\",\"valueRequired\":true,\"valueName\":\"search_term_string\"}}],\"inLanguage\":\"fr-FR\"}]}<\/script>\n<!-- \/ Yoast SEO plugin. -->","yoast_head_json":{"title":"artsvest Team - Business \/ Arts","robots":{"index":"index","follow":"follow","max-snippet":"max-snippet:-1","max-image-preview":"max-image-preview:large","max-video-preview":"max-video-preview:-1"},"canonical":"https:\/\/www.businessandarts.org\/fr\/artsvest\/artsvest-team\/","og_locale":"fr_FR","og_type":"article","og_title":"artsvest Team - Business \/ Arts","og_description":"Rencontrez l\u2019\u00e9quipe artsvest : &nbsp; &nbsp; &nbsp; Reema Fuller (she\/elle) Directrice principale, artsvest &nbsp; Reema est une leader et une b\u00e2tisseuse de communaut\u00e9. Elle a plus de 20 ans d\u2019exp\u00e9rience dans la gestion des organisations \u00e0 but non lucratif et&hellip;Lire plus de artsvest Team &#8250;","og_url":"https:\/\/www.businessandarts.org\/fr\/artsvest\/artsvest-team\/","og_site_name":"Business \/ Arts","article_modified_time":"2026-01-09T16:42:47+00:00","og_image":[{"width":477,"height":540,"url":"https:\/\/www.businessandarts.org\/wp-content\/uploads\/2022\/12\/Reema-2-e1675547346914.png","type":"image\/png"}],"twitter_card":"summary_large_image","twitter_misc":{"Dur\u00e9e de lecture estim\u00e9e":"7 minutes"},"schema":{"@context":"https:\/\/schema.org","@graph":[{"@type":"WebPage","@id":"https:\/\/www.businessandarts.org\/fr\/artsvest\/artsvest-team\/","url":"https:\/\/www.businessandarts.org\/fr\/artsvest\/artsvest-team\/","name":"artsvest Team - Business \/ Arts","isPartOf":{"@id":"https:\/\/www.businessandarts.org\/#website"},"primaryImageOfPage":{"@id":"https:\/\/www.businessandarts.org\/fr\/artsvest\/artsvest-team\/#primaryimage"},"image":{"@id":"https:\/\/www.businessandarts.org\/fr\/artsvest\/artsvest-team\/#primaryimage"},"thumbnailUrl":"https:\/\/www.businessandarts.org\/wp-content\/uploads\/2022\/12\/Reema-2-e1675547346914.png","datePublished":"2023-02-04T18:46:37+00:00","dateModified":"2026-01-09T16:42:47+00:00","breadcrumb":{"@id":"https:\/\/www.businessandarts.org\/fr\/artsvest\/artsvest-team\/#breadcrumb"},"inLanguage":"fr-FR","potentialAction":[{"@type":"ReadAction","target":["https:\/\/www.businessandarts.org\/fr\/artsvest\/artsvest-team\/"]}]},{"@type":"ImageObject","inLanguage":"fr-FR","@id":"https:\/\/www.businessandarts.org\/fr\/artsvest\/artsvest-team\/#primaryimage","url":"https:\/\/www.businessandarts.org\/wp-content\/uploads\/2022\/12\/Reema-2-e1675547346914.png","contentUrl":"https:\/\/www.businessandarts.org\/wp-content\/uploads\/2022\/12\/Reema-2-e1675547346914.png"},{"@type":"BreadcrumbList","@id":"https:\/\/www.businessandarts.org\/fr\/artsvest\/artsvest-team\/#breadcrumb","itemListElement":[{"@type":"ListItem","position":1,"name":"Home","item":"https:\/\/www.businessandarts.org\/fr\/"},{"@type":"ListItem","position":2,"name":"artsvest","item":"https:\/\/www.businessandarts.org\/fr\/artsvest\/"},{"@type":"ListItem","position":3,"name":"artsvest Team"}]},{"@type":"WebSite","@id":"https:\/\/www.businessandarts.org\/#website","url":"https:\/\/www.businessandarts.org\/","name":"Business \/ Arts","description":"","potentialAction":[{"@type":"SearchAction","target":{"@type":"EntryPoint","urlTemplate":"https:\/\/www.businessandarts.org\/?s={search_term_string}"},"query-input":{"@type":"PropertyValueSpecification","valueRequired":true,"valueName":"search_term_string"}}],"inLanguage":"fr-FR"}]}},"_links":{"self":[{"href":"https:\/\/www.businessandarts.org\/fr\/wp-json\/wp\/v2\/pages\/17302","targetHints":{"allow":["GET"]}}],"collection":[{"href":"https:\/\/www.businessandarts.org\/fr\/wp-json\/wp\/v2\/pages"}],"about":[{"href":"https:\/\/www.businessandarts.org\/fr\/wp-json\/wp\/v2\/types\/page"}],"author":[{"embeddable":true,"href":"https:\/\/www.businessandarts.org\/fr\/wp-json\/wp\/v2\/users\/1"}],"replies":[{"embeddable":true,"href":"https:\/\/www.businessandarts.org\/fr\/wp-json\/wp\/v2\/comments?post=17302"}],"version-history":[{"count":5,"href":"https:\/\/www.businessandarts.org\/fr\/wp-json\/wp\/v2\/pages\/17302\/revisions"}],"predecessor-version":[{"id":28491,"href":"https:\/\/www.businessandarts.org\/fr\/wp-json\/wp\/v2\/pages\/17302\/revisions\/28491"}],"up":[{"embeddable":true,"href":"https:\/\/www.businessandarts.org\/fr\/wp-json\/wp\/v2\/pages\/17375"}],"wp:attachment":[{"href":"https:\/\/www.businessandarts.org\/fr\/wp-json\/wp\/v2\/media?parent=17302"}],"curies":[{"name":"wp","href":"https:\/\/api.w.org\/{rel}","templated":true}]}}