{"version":"1.0","provider_name":"Business \/ Arts","provider_url":"https:\/\/www.businessandarts.org\/fr\/","author_name":"Ana Ramirez","author_url":"https:\/\/www.businessandarts.org\/fr\/author\/ana\/","title":"Communiqu\u00e9 du Sommet canadien des arts - Business \/ Arts","type":"rich","width":600,"height":338,"html":"<blockquote class=\"wp-embedded-content\" data-secret=\"QD4OoUSfw1\"><a href=\"https:\/\/www.businessandarts.org\/fr\/blog\/communique-cas\/\">Communiqu\u00e9 du Sommet canadien des arts<\/a><\/blockquote><iframe sandbox=\"allow-scripts\" security=\"restricted\" src=\"https:\/\/www.businessandarts.org\/fr\/blog\/communique-cas\/embed\/#?secret=QD4OoUSfw1\" width=\"600\" height=\"338\" title=\"\u00ab\u00a0Communiqu\u00e9 du Sommet canadien des arts\u00a0\u00bb &#8212; Business \/ Arts\" data-secret=\"QD4OoUSfw1\" frameborder=\"0\" marginwidth=\"0\" marginheight=\"0\" scrolling=\"no\" class=\"wp-embedded-content\"><\/iframe><script type=\"text\/javascript\">\n\/* <![CDATA[ *\/\n\/*! This file is auto-generated *\/\n!function(d,l){\"use strict\";l.querySelector&&d.addEventListener&&\"undefined\"!=typeof URL&&(d.wp=d.wp||{},d.wp.receiveEmbedMessage||(d.wp.receiveEmbedMessage=function(e){var t=e.data;if((t||t.secret||t.message||t.value)&&!\/[^a-zA-Z0-9]\/.test(t.secret)){for(var s,r,n,a=l.querySelectorAll('iframe[data-secret=\"'+t.secret+'\"]'),o=l.querySelectorAll('blockquote[data-secret=\"'+t.secret+'\"]'),c=new RegExp(\"^https?:$\",\"i\"),i=0;i<o.length;i++)o[i].style.display=\"none\";for(i=0;i<a.length;i++)s=a[i],e.source===s.contentWindow&&(s.removeAttribute(\"style\"),\"height\"===t.message?(1e3<(r=parseInt(t.value,10))?r=1e3:~~r<200&&(r=200),s.height=r):\"link\"===t.message&&(r=new URL(s.getAttribute(\"src\")),n=new URL(t.value),c.test(n.protocol))&&n.host===r.host&&l.activeElement===s&&(d.top.location.href=t.value))}},d.addEventListener(\"message\",d.wp.receiveEmbedMessage,!1),l.addEventListener(\"DOMContentLoaded\",function(){for(var e,t,s=l.querySelectorAll(\"iframe.wp-embedded-content\"),r=0;r<s.length;r++)(t=(e=s[r]).getAttribute(\"data-secret\"))||(t=Math.random().toString(36).substring(2,12),e.src+=\"#?secret=\"+t,e.setAttribute(\"data-secret\",t)),e.contentWindow.postMessage({message:\"ready\",secret:t},\"*\")},!1)))}(window,document);\n\/\/# sourceURL=https:\/\/www.businessandarts.org\/wp-includes\/js\/wp-embed.min.js\n\/* ]]> *\/\n<\/script>\n","thumbnail_url":"https:\/\/www.businessandarts.org\/wp-content\/uploads\/2025\/04\/blog-comm-fr.png","thumbnail_width":1191,"thumbnail_height":668,"description":"Ottawa (Ontario) \u2013 Le 10 avril 2025 \u2013 La semaine derni\u00e8re \u00e0 Ottawa, 175 leaders du milieu artistique de partout au pays se sont r\u00e9unis pour \u00e0 l&#8217;occasion du Sommet canadien des arts 2025, qui s\u2019est d\u00e9roul\u00e9 au Centre national&hellip;Lire plus de &#8250;"}